{"version":"1.0","provider_name":"AvrupaPress","provider_url":"https:\/\/avrupapress.com\/main","author_name":"Edit\u00f6r","author_url":"https:\/\/avrupapress.com\/main\/author\/editor\/","title":"A.D.D EM\u0130RDAG BA\u015eKANI KAZIM SARITA\u015e HAYATINI KAYBETT\u0130 - AvrupaPress","type":"rich","width":600,"height":338,"html":"<blockquote class=\"wp-embedded-content\" data-secret=\"OPkCVpYzAo\"><a href=\"https:\/\/avrupapress.com\/main\/2026\/08\/31\/a-d-d-baskani-kazim-saritas-hayatini-kaybetti\/\">A.D.D EM\u0130RDAG BA\u015eKANI KAZIM SARITA\u015e HAYATINI KAYBETT\u0130<\/a><\/blockquote><iframe sandbox=\"allow-scripts\" security=\"restricted\" src=\"https:\/\/avrupapress.com\/main\/2026\/08\/31\/a-d-d-baskani-kazim-saritas-hayatini-kaybetti\/embed\/#?secret=OPkCVpYzAo\" width=\"600\" height=\"338\" title=\"\u00ab\u00a0A.D.D EM\u0130RDAG BA\u015eKANI KAZIM SARITA\u015e HAYATINI KAYBETT\u0130\u00a0\u00bb &#8212; AvrupaPress\" data-secret=\"OPkCVpYzAo\" frameborder=\"0\" marginwidth=\"0\" marginheight=\"0\" scrolling=\"no\" class=\"wp-embedded-content\"><\/iframe><script type=\"text\/javascript\">\n\/* <![CDATA[ *\/\n\/*! This file is auto-generated *\/\n!function(d,l){\"use strict\";l.querySelector&&d.addEventListener&&\"undefined\"!=typeof URL&&(d.wp=d.wp||{},d.wp.receiveEmbedMessage||(d.wp.receiveEmbedMessage=function(e){var t=e.data;if((t||t.secret||t.message||t.value)&&!\/[^a-zA-Z0-9]\/.test(t.secret)){for(var s,r,n,a=l.querySelectorAll('iframe[data-secret=\"'+t.secret+'\"]'),o=l.querySelectorAll('blockquote[data-secret=\"'+t.secret+'\"]'),c=new RegExp(\"^https?:$\",\"i\"),i=0;i<o.length;i++)o[i].style.display=\"none\";for(i=0;i<a.length;i++)s=a[i],e.source===s.contentWindow&&(s.removeAttribute(\"style\"),\"height\"===t.message?(1e3<(r=parseInt(t.value,10))?r=1e3:~~r<200&&(r=200),s.height=r):\"link\"===t.message&&(r=new URL(s.getAttribute(\"src\")),n=new URL(t.value),c.test(n.protocol))&&n.host===r.host&&l.activeElement===s&&(d.top.location.href=t.value))}},d.addEventListener(\"message\",d.wp.receiveEmbedMessage,!1),l.addEventListener(\"DOMContentLoaded\",function(){for(var e,t,s=l.querySelectorAll(\"iframe.wp-embedded-content\"),r=0;r<s.length;r++)(t=(e=s[r]).getAttribute(\"data-secret\"))||(t=Math.random().toString(36).substring(2,12),e.src+=\"#?secret=\"+t,e.setAttribute(\"data-secret\",t)),e.contentWindow.postMessage({message:\"ready\",secret:t},\"*\")},!1)))}(window,document);\n\/\/# sourceURL=https:\/\/avrupapress.com\/main\/wp-includes\/js\/wp-embed.min.js\n\/* ]]> *\/\n<\/script>\n","thumbnail_url":"https:\/\/avrupapress.com\/main\/wp-content\/uploads\/2026\/08\/Screenshot_20260831_094819_Chrome.jpg","thumbnail_width":1080,"thumbnail_height":651,"description":"Bilgin \u00d6z\u00e7ifci\u00a0 \/\u00a0 EM\u0130RDAG Kaz\u0131m Sar\u0131ta\u015f hayat\u0131n\u0131 kaybetti: Ard\u0131nda 50 y\u0131ll\u0131k emek ve m\u00fccadele b\u0131rakt\u0131 Emirda\u011f\u2019\u0131n sevilen ve sayg\u0131n isimlerinden, Yeminli Mali M\u00fc\u015favir ve ADD Emirda\u011f \u015eube Ba\u015fkan\u0131 Kaz\u0131m Sar\u0131ta\u015f, hayat\u0131n\u0131 kaybetti. Yakla\u015f\u0131k 50 y\u0131ll\u0131k meslek hayat\u0131nda y\u00fczlerce muhasebecinin yeti\u015fmesine katk\u0131 sa\u011flayan Sar\u0131ta\u015f; i\u015f\u00e7inin, k\u00f6yl\u00fcn\u00fcn ve dar gelirlinin yan\u0131nda duran, kooperatif, dernek ve birliklerin kurulmas\u0131nda [&hellip;]"}