{"version":"1.0","provider_name":"AvrupaPress","provider_url":"https:\/\/avrupapress.com\/main","author_name":"Edit\u00f6r","author_url":"https:\/\/avrupapress.com\/main\/author\/editor\/","title":"Lufthansada yeni d\u00f6nem kabin bagaj\u0131 \u00fccretli oluyor. - AvrupaPress","type":"rich","width":600,"height":338,"html":"<blockquote class=\"wp-embedded-content\" data-secret=\"EUe1ks78tf\"><a href=\"https:\/\/avrupapress.com\/main\/2026\/04\/27\/34505\/\">Lufthansada yeni d\u00f6nem kabin bagaj\u0131 \u00fccretli oluyor.<\/a><\/blockquote><iframe sandbox=\"allow-scripts\" security=\"restricted\" src=\"https:\/\/avrupapress.com\/main\/2026\/04\/27\/34505\/embed\/#?secret=EUe1ks78tf\" width=\"600\" height=\"338\" title=\"\u00ab\u00a0Lufthansada yeni d\u00f6nem kabin bagaj\u0131 \u00fccretli oluyor.\u00a0\u00bb &#8212; AvrupaPress\" data-secret=\"EUe1ks78tf\" frameborder=\"0\" marginwidth=\"0\" marginheight=\"0\" scrolling=\"no\" class=\"wp-embedded-content\"><\/iframe><script type=\"text\/javascript\">\n\/* <![CDATA[ *\/\n\/*! This file is auto-generated *\/\n!function(d,l){\"use strict\";l.querySelector&&d.addEventListener&&\"undefined\"!=typeof URL&&(d.wp=d.wp||{},d.wp.receiveEmbedMessage||(d.wp.receiveEmbedMessage=function(e){var t=e.data;if((t||t.secret||t.message||t.value)&&!\/[^a-zA-Z0-9]\/.test(t.secret)){for(var s,r,n,a=l.querySelectorAll('iframe[data-secret=\"'+t.secret+'\"]'),o=l.querySelectorAll('blockquote[data-secret=\"'+t.secret+'\"]'),c=new RegExp(\"^https?:$\",\"i\"),i=0;i<o.length;i++)o[i].style.display=\"none\";for(i=0;i<a.length;i++)s=a[i],e.source===s.contentWindow&&(s.removeAttribute(\"style\"),\"height\"===t.message?(1e3<(r=parseInt(t.value,10))?r=1e3:~~r<200&&(r=200),s.height=r):\"link\"===t.message&&(r=new URL(s.getAttribute(\"src\")),n=new URL(t.value),c.test(n.protocol))&&n.host===r.host&&l.activeElement===s&&(d.top.location.href=t.value))}},d.addEventListener(\"message\",d.wp.receiveEmbedMessage,!1),l.addEventListener(\"DOMContentLoaded\",function(){for(var e,t,s=l.querySelectorAll(\"iframe.wp-embedded-content\"),r=0;r<s.length;r++)(t=(e=s[r]).getAttribute(\"data-secret\"))||(t=Math.random().toString(36).substring(2,12),e.src+=\"#?secret=\"+t,e.setAttribute(\"data-secret\",t)),e.contentWindow.postMessage({message:\"ready\",secret:t},\"*\")},!1)))}(window,document);\n\/\/# sourceURL=https:\/\/avrupapress.com\/main\/wp-includes\/js\/wp-embed.min.js\n\/* ]]> *\/\n<\/script>\n","thumbnail_url":"https:\/\/avrupapress.com\/main\/wp-content\/uploads\/2026\/04\/WhatsApp-Image-2026-04-27-at-21.56.49-1-e1777316367609.jpeg","thumbnail_width":1080,"thumbnail_height":646,"description":"Lufthansa, k\u0131sa ve orta mesafeli u\u00e7u\u015flarda art\u0131k kabin boy valizin \u00fccretsiz ta\u015f\u0131nmas\u0131n\u0131 kald\u0131r\u0131yor. Lufthansada yeni d\u00f6nem kabin bagaj\u0131 \u00fccretli oluyor. Yeni tarifeye g\u00f6re yolcular sadece k\u00fc\u00e7\u00fck bir ki\u015fisel e\u015fyay\u0131 (\u00f6rne\u011fin \u00e7anta veya laptop \u00e7antas\u0131) \u00fccretsiz alabilecek. Kabin valizi ise art\u0131k ekstra \u00fccretli olacak. Ba\u015flang\u0131\u00e7 fiyat\u0131: en az 15 Euro. Uygulama 19 May\u0131s itibar\u0131yla ge\u00e7erli olacak. [&hellip;]"}