{"version":"1.0","provider_name":"AvrupaPress","provider_url":"https:\/\/avrupapress.com\/main","author_name":"Edit\u00f6r","author_url":"https:\/\/avrupapress.com\/main\/author\/editor\/","title":"\u201cMahalle Destek Merkezleri MADEK\u2019i Kuraca\u011f\u0131z\u201d - AvrupaPress","type":"rich","width":600,"height":338,"html":"<blockquote class=\"wp-embedded-content\" data-secret=\"Yvx1Zn5QnE\"><a href=\"https:\/\/avrupapress.com\/main\/2026\/03\/08\/mahalle-destek-merkezleri-madeki-kuracagiz\/\">\u201cMahalle Destek Merkezleri MADEK\u2019i Kuraca\u011f\u0131z\u201d<\/a><\/blockquote><iframe sandbox=\"allow-scripts\" security=\"restricted\" src=\"https:\/\/avrupapress.com\/main\/2026\/03\/08\/mahalle-destek-merkezleri-madeki-kuracagiz\/embed\/#?secret=Yvx1Zn5QnE\" width=\"600\" height=\"338\" title=\"\u00ab\u00a0\u201cMahalle Destek Merkezleri MADEK\u2019i Kuraca\u011f\u0131z\u201d\u00a0\u00bb &#8212; AvrupaPress\" data-secret=\"Yvx1Zn5QnE\" frameborder=\"0\" marginwidth=\"0\" marginheight=\"0\" scrolling=\"no\" class=\"wp-embedded-content\"><\/iframe><script type=\"text\/javascript\">\n\/* <![CDATA[ *\/\n\/*! This file is auto-generated *\/\n!function(d,l){\"use strict\";l.querySelector&&d.addEventListener&&\"undefined\"!=typeof URL&&(d.wp=d.wp||{},d.wp.receiveEmbedMessage||(d.wp.receiveEmbedMessage=function(e){var t=e.data;if((t||t.secret||t.message||t.value)&&!\/[^a-zA-Z0-9]\/.test(t.secret)){for(var s,r,n,a=l.querySelectorAll('iframe[data-secret=\"'+t.secret+'\"]'),o=l.querySelectorAll('blockquote[data-secret=\"'+t.secret+'\"]'),c=new RegExp(\"^https?:$\",\"i\"),i=0;i<o.length;i++)o[i].style.display=\"none\";for(i=0;i<a.length;i++)s=a[i],e.source===s.contentWindow&&(s.removeAttribute(\"style\"),\"height\"===t.message?(1e3<(r=parseInt(t.value,10))?r=1e3:~~r<200&&(r=200),s.height=r):\"link\"===t.message&&(r=new URL(s.getAttribute(\"src\")),n=new URL(t.value),c.test(n.protocol))&&n.host===r.host&&l.activeElement===s&&(d.top.location.href=t.value))}},d.addEventListener(\"message\",d.wp.receiveEmbedMessage,!1),l.addEventListener(\"DOMContentLoaded\",function(){for(var e,t,s=l.querySelectorAll(\"iframe.wp-embedded-content\"),r=0;r<s.length;r++)(t=(e=s[r]).getAttribute(\"data-secret\"))||(t=Math.random().toString(36).substring(2,12),e.src+=\"#?secret=\"+t,e.setAttribute(\"data-secret\",t)),e.contentWindow.postMessage({message:\"ready\",secret:t},\"*\")},!1)))}(window,document);\n\/\/# sourceURL=https:\/\/avrupapress.com\/main\/wp-includes\/js\/wp-embed.min.js\n\/* ]]> *\/\n<\/script>\n","thumbnail_url":"https:\/\/avrupapress.com\/main\/wp-content\/uploads\/2026\/03\/ANADOLU-CINARLARI-1.jpeg","thumbnail_width":1173,"thumbnail_height":675,"description":"\u201cMahalle Destek Merkezleri MADEK\u2019i Kuraca\u011f\u0131z\u201d Anadolu \u00c7\u0131narlar\u0131 Partisi ( A\u00c7IP ) Genel Ba\u015fkan\u0131\u00a0 H\u00fcseyin Ak\u0131n; \u201cPsikolojik Destek L\u00fcks De\u011fil, Hakt\u0131r: Mahalle Destek Merkezleri MADEK\u2019i Kuraca\u011f\u0131z\u201d dedi. Toplumumuzun temel ta\u015f\u0131n\u0131n \u00a0aile, ailenin dayana\u011f\u0131n\u0131n \u00a0ise mahalle oldu\u011funu dile getiren Anadolu \u00c7\u0131narlar\u0131 Partisi Genel Ba\u015fkan\u0131\u00a0 H\u00fcseyin Ak\u0131n, \u00a0bug\u00fcn mahallelerimizde b\u00fcy\u00fcyen sorunlara \u00e7o\u011fu zaman \u00e7e\u015fitli nedenlerle \u00a0zaman\u0131nda\u00a0 m\u00fcdahale edilemedi\u011fini [&hellip;]"}