{"version":"1.0","provider_name":"AvrupaPress","provider_url":"https:\/\/avrupapress.com\/main","author_name":"Edit\u00f6r","author_url":"https:\/\/avrupapress.com\/main\/author\/editor\/","title":"T\u00fcrkiye'de \u00c7ift\u00e7ilere K\u00fc\u00e7\u00fckba\u015f Hayvan Deste\u011fi! - AvrupaPress","type":"rich","width":600,"height":338,"html":"<blockquote class=\"wp-embedded-content\" data-secret=\"oNWf2nbfof\"><a href=\"https:\/\/avrupapress.com\/main\/2026\/02\/22\/turkiyede-ciftcilere-ucukbas-hayvan-destegi\/\">T\u00fcrkiye&rsquo;de \u00c7ift\u00e7ilere K\u00fc\u00e7\u00fckba\u015f Hayvan Deste\u011fi!<\/a><\/blockquote><iframe sandbox=\"allow-scripts\" security=\"restricted\" src=\"https:\/\/avrupapress.com\/main\/2026\/02\/22\/turkiyede-ciftcilere-ucukbas-hayvan-destegi\/embed\/#?secret=oNWf2nbfof\" width=\"600\" height=\"338\" title=\"\u00ab\u00a0T\u00fcrkiye&rsquo;de \u00c7ift\u00e7ilere K\u00fc\u00e7\u00fckba\u015f Hayvan Deste\u011fi!\u00a0\u00bb &#8212; AvrupaPress\" data-secret=\"oNWf2nbfof\" frameborder=\"0\" marginwidth=\"0\" marginheight=\"0\" scrolling=\"no\" class=\"wp-embedded-content\"><\/iframe><script type=\"text\/javascript\">\n\/* <![CDATA[ *\/\n\/*! This file is auto-generated *\/\n!function(d,l){\"use strict\";l.querySelector&&d.addEventListener&&\"undefined\"!=typeof URL&&(d.wp=d.wp||{},d.wp.receiveEmbedMessage||(d.wp.receiveEmbedMessage=function(e){var t=e.data;if((t||t.secret||t.message||t.value)&&!\/[^a-zA-Z0-9]\/.test(t.secret)){for(var s,r,n,a=l.querySelectorAll('iframe[data-secret=\"'+t.secret+'\"]'),o=l.querySelectorAll('blockquote[data-secret=\"'+t.secret+'\"]'),c=new RegExp(\"^https?:$\",\"i\"),i=0;i<o.length;i++)o[i].style.display=\"none\";for(i=0;i<a.length;i++)s=a[i],e.source===s.contentWindow&&(s.removeAttribute(\"style\"),\"height\"===t.message?(1e3<(r=parseInt(t.value,10))?r=1e3:~~r<200&&(r=200),s.height=r):\"link\"===t.message&&(r=new URL(s.getAttribute(\"src\")),n=new URL(t.value),c.test(n.protocol))&&n.host===r.host&&l.activeElement===s&&(d.top.location.href=t.value))}},d.addEventListener(\"message\",d.wp.receiveEmbedMessage,!1),l.addEventListener(\"DOMContentLoaded\",function(){for(var e,t,s=l.querySelectorAll(\"iframe.wp-embedded-content\"),r=0;r<s.length;r++)(t=(e=s[r]).getAttribute(\"data-secret\"))||(t=Math.random().toString(36).substring(2,12),e.src+=\"#?secret=\"+t,e.setAttribute(\"data-secret\",t)),e.contentWindow.postMessage({message:\"ready\",secret:t},\"*\")},!1)))}(window,document);\n\/\/# sourceURL=https:\/\/avrupapress.com\/main\/wp-includes\/js\/wp-embed.min.js\n\/* ]]> *\/\n<\/script>\n","thumbnail_url":"https:\/\/avrupapress.com\/main\/wp-content\/uploads\/2026\/02\/v2koyun_1670232279_1771705061.jpg","thumbnail_width":800,"thumbnail_height":450,"description":"Cumhurba\u015fkan\u0131 Recep Tayyip Erdo\u011fan, \u00ab\u00a0K\u0131rsalda bereket, k\u00fc\u00e7\u00fckba\u015fa destek ad\u0131n\u0131 verdi\u011fimiz projenin ilk etab\u0131nda tam 150 bin k\u00fc\u00e7\u00fckba\u015f\u0131 \u00fcreticilerimize uygun \u015fartlarda verece\u011fiz. Ayl\u0131k 15 bin TL besleme deste\u011fini biz kar\u015f\u0131layaca\u011f\u0131z. \u0130lk hayvanlar\u0131 bu y\u0131l i\u00e7inde teslim edece\u011fiz\u00a0\u00bb a\u00e7\u0131klamas\u0131n\u0131 yapt\u0131. Cumhurba\u015fkan\u0131 Recep Tayyip Erdo\u011fan, hayvanc\u0131l\u0131\u011f\u0131 te\u015fvik etmek ve k\u0131rsal kalk\u0131nmay\u0131 h\u0131zland\u0131rmak amac\u0131yla haz\u0131rlanan \u00ab\u00a0K\u0131rsalda Bereket, K\u00fc\u00e7\u00fckba\u015fa Destek\u00a0\u00bb [&hellip;]"}