{"version":"1.0","provider_name":"AvrupaPress","provider_url":"https:\/\/avrupapress.com\/main","author_name":"Edit\u00f6r","author_url":"https:\/\/avrupapress.com\/main\/author\/editor\/","title":"RAMAZAN-I \u015eER\u0130F\u0130N BEREKET\u0130N\u0130 \u00c7ALIYORLAR - AvrupaPress","type":"rich","width":600,"height":338,"html":"<blockquote class=\"wp-embedded-content\" data-secret=\"wYeqUvgc2J\"><a href=\"https:\/\/avrupapress.com\/main\/2026\/02\/22\/ramazan-i-serifin-bereketini-caliyorlar\/\">RAMAZAN-I \u015eER\u0130F\u0130N BEREKET\u0130N\u0130 \u00c7ALIYORLAR<\/a><\/blockquote><iframe sandbox=\"allow-scripts\" security=\"restricted\" src=\"https:\/\/avrupapress.com\/main\/2026\/02\/22\/ramazan-i-serifin-bereketini-caliyorlar\/embed\/#?secret=wYeqUvgc2J\" width=\"600\" height=\"338\" title=\"\u00ab\u00a0RAMAZAN-I \u015eER\u0130F\u0130N BEREKET\u0130N\u0130 \u00c7ALIYORLAR\u00a0\u00bb &#8212; AvrupaPress\" data-secret=\"wYeqUvgc2J\" frameborder=\"0\" marginwidth=\"0\" marginheight=\"0\" scrolling=\"no\" class=\"wp-embedded-content\"><\/iframe><script type=\"text\/javascript\">\n\/* <![CDATA[ *\/\n\/*! This file is auto-generated *\/\n!function(d,l){\"use strict\";l.querySelector&&d.addEventListener&&\"undefined\"!=typeof URL&&(d.wp=d.wp||{},d.wp.receiveEmbedMessage||(d.wp.receiveEmbedMessage=function(e){var t=e.data;if((t||t.secret||t.message||t.value)&&!\/[^a-zA-Z0-9]\/.test(t.secret)){for(var s,r,n,a=l.querySelectorAll('iframe[data-secret=\"'+t.secret+'\"]'),o=l.querySelectorAll('blockquote[data-secret=\"'+t.secret+'\"]'),c=new RegExp(\"^https?:$\",\"i\"),i=0;i<o.length;i++)o[i].style.display=\"none\";for(i=0;i<a.length;i++)s=a[i],e.source===s.contentWindow&&(s.removeAttribute(\"style\"),\"height\"===t.message?(1e3<(r=parseInt(t.value,10))?r=1e3:~~r<200&&(r=200),s.height=r):\"link\"===t.message&&(r=new URL(s.getAttribute(\"src\")),n=new URL(t.value),c.test(n.protocol))&&n.host===r.host&&l.activeElement===s&&(d.top.location.href=t.value))}},d.addEventListener(\"message\",d.wp.receiveEmbedMessage,!1),l.addEventListener(\"DOMContentLoaded\",function(){for(var e,t,s=l.querySelectorAll(\"iframe.wp-embedded-content\"),r=0;r<s.length;r++)(t=(e=s[r]).getAttribute(\"data-secret\"))||(t=Math.random().toString(36).substring(2,12),e.src+=\"#?secret=\"+t,e.setAttribute(\"data-secret\",t)),e.contentWindow.postMessage({message:\"ready\",secret:t},\"*\")},!1)))}(window,document);\n\/\/# sourceURL=https:\/\/avrupapress.com\/main\/wp-includes\/js\/wp-embed.min.js\n\/* ]]> *\/\n<\/script>\n","thumbnail_url":"https:\/\/avrupapress.com\/main\/wp-content\/uploads\/2026\/02\/thumbnail_IMG-20210209-WA0004-728x410-2-2-1-1.jpg","thumbnail_width":728,"thumbnail_height":410,"description":"Bir insan\u0131n benli\u011fine, enaniyetine ve ruhuna Allah korkusu sirayet etmemi\u015fse ve o insan h\u0131rs\u0131zl\u0131\u011f\u0131, ars\u0131zl\u0131\u011f\u0131, had bilmezli\u011fi ve her t\u00fcrl\u00fc yobazl\u0131\u011f\u0131 kendine k\u00e2r say\u0131yorsa, ona insan denilmez. Bu fiiliyatlar\u0131 benliklerine i\u015fleyerek esnafl\u0131k yapanlara h\u0131rs\u0131z, kurumsal kimli\u011fi kendine kalkan yaparak yolsuzluk yapanlara da ars\u0131z denir. Bunlar, her defas \u0131nda f\u0131rsat\u0131 kendilerine hak bilip milleti talan etmekten [&hellip;]"}