{"version":"1.0","provider_name":"AvrupaPress","provider_url":"https:\/\/avrupapress.com\/main","author_name":"Edit\u00f6r","author_url":"https:\/\/avrupapress.com\/main\/author\/editor\/","title":"TAH\u0130R EFE B\u0130RL\u0130\u011e\u0130 -2 - AvrupaPress","type":"rich","width":600,"height":338,"html":"<blockquote class=\"wp-embedded-content\" data-secret=\"8gETbCFTfs\"><a href=\"https:\/\/avrupapress.com\/main\/2026\/02\/21\/tahir-efe-birligi-2\/\">TAH\u0130R EFE B\u0130RL\u0130\u011e\u0130 -2<\/a><\/blockquote><iframe sandbox=\"allow-scripts\" security=\"restricted\" src=\"https:\/\/avrupapress.com\/main\/2026\/02\/21\/tahir-efe-birligi-2\/embed\/#?secret=8gETbCFTfs\" width=\"600\" height=\"338\" title=\"\u00ab\u00a0TAH\u0130R EFE B\u0130RL\u0130\u011e\u0130 -2\u00a0\u00bb &#8212; AvrupaPress\" data-secret=\"8gETbCFTfs\" frameborder=\"0\" marginwidth=\"0\" marginheight=\"0\" scrolling=\"no\" class=\"wp-embedded-content\"><\/iframe><script type=\"text\/javascript\">\n\/* <![CDATA[ *\/\n\/*! This file is auto-generated *\/\n!function(d,l){\"use strict\";l.querySelector&&d.addEventListener&&\"undefined\"!=typeof URL&&(d.wp=d.wp||{},d.wp.receiveEmbedMessage||(d.wp.receiveEmbedMessage=function(e){var t=e.data;if((t||t.secret||t.message||t.value)&&!\/[^a-zA-Z0-9]\/.test(t.secret)){for(var s,r,n,a=l.querySelectorAll('iframe[data-secret=\"'+t.secret+'\"]'),o=l.querySelectorAll('blockquote[data-secret=\"'+t.secret+'\"]'),c=new RegExp(\"^https?:$\",\"i\"),i=0;i<o.length;i++)o[i].style.display=\"none\";for(i=0;i<a.length;i++)s=a[i],e.source===s.contentWindow&&(s.removeAttribute(\"style\"),\"height\"===t.message?(1e3<(r=parseInt(t.value,10))?r=1e3:~~r<200&&(r=200),s.height=r):\"link\"===t.message&&(r=new URL(s.getAttribute(\"src\")),n=new URL(t.value),c.test(n.protocol))&&n.host===r.host&&l.activeElement===s&&(d.top.location.href=t.value))}},d.addEventListener(\"message\",d.wp.receiveEmbedMessage,!1),l.addEventListener(\"DOMContentLoaded\",function(){for(var e,t,s=l.querySelectorAll(\"iframe.wp-embedded-content\"),r=0;r<s.length;r++)(t=(e=s[r]).getAttribute(\"data-secret\"))||(t=Math.random().toString(36).substring(2,12),e.src+=\"#?secret=\"+t,e.setAttribute(\"data-secret\",t)),e.contentWindow.postMessage({message:\"ready\",secret:t},\"*\")},!1)))}(window,document);\n\/\/# sourceURL=https:\/\/avrupapress.com\/main\/wp-includes\/js\/wp-embed.min.js\n\/* ]]> *\/\n<\/script>\n","thumbnail_url":"https:\/\/avrupapress.com\/main\/wp-content\/uploads\/2026\/02\/26b61955-87bd-4e81-b838-cbb087f1fdf8-1-e1771708303702.jpg","thumbnail_width":1522,"thumbnail_height":898,"description":"AH\u0130R EFE B\u0130RL\u0130\u011e\u0130 -2 \u0130neg\u00f6l, Keles, \u00d6demi\u015f, Bay\u0131nd\u0131r, Tire, Torbal\u0131 muharebelerine de birli\u011fi ile birlikte katk\u0131da bulunmu\u015ftur. B\u00fcy\u00fck Taarruz sonras\u0131 Yunan kuvvetlerinin \u0130zmir\u2019e do\u011fru \u00e7ekildi\u011fi s\u0131rada Seydi K\u00f6y, Buca ve Kadifekale\u2019de d\u00fc\u015fman ile \u00e7arp\u0131\u015fm\u0131\u015f, Urla, Ala\u00e7at\u0131 ve \u00c7e\u015fme\u2019de d\u00fc\u015fman\u0131n kovulmas\u0131nda \u00f6n saflarda yer alm\u0131\u015ft\u0131r. 3. S\u00fcvari T\u00fcmeni, 27. Alay, 2. B\u00f6l\u00fck Komutan\u0131 olan Orgeneral Fahri [&hellip;]"}