{"version":"1.0","provider_name":"AvrupaPress","provider_url":"https:\/\/avrupapress.com\/main","author_name":"Edit\u00f6r","author_url":"https:\/\/avrupapress.com\/main\/author\/editor\/","title":"Bel\u00e7ika\u2019da Saadet ve Bereket \u0130ftar\u0131 Houthalen\u2019de Ger\u00e7ekle\u015fti - AvrupaPress","type":"rich","width":600,"height":338,"html":"<blockquote class=\"wp-embedded-content\" data-secret=\"03u3yrVXI6\"><a href=\"https:\/\/avrupapress.com\/main\/2026\/02\/21\/belcikada-saadet-ve-bereket-iftari-houthalende-gerceklesti\/\">Bel\u00e7ika\u2019da Saadet ve Bereket \u0130ftar\u0131 Houthalen\u2019de Ger\u00e7ekle\u015fti<\/a><\/blockquote><iframe sandbox=\"allow-scripts\" security=\"restricted\" src=\"https:\/\/avrupapress.com\/main\/2026\/02\/21\/belcikada-saadet-ve-bereket-iftari-houthalende-gerceklesti\/embed\/#?secret=03u3yrVXI6\" width=\"600\" height=\"338\" title=\"\u00ab\u00a0Bel\u00e7ika\u2019da Saadet ve Bereket \u0130ftar\u0131 Houthalen\u2019de Ger\u00e7ekle\u015fti\u00a0\u00bb &#8212; AvrupaPress\" data-secret=\"03u3yrVXI6\" frameborder=\"0\" marginwidth=\"0\" marginheight=\"0\" scrolling=\"no\" class=\"wp-embedded-content\"><\/iframe><script type=\"text\/javascript\">\n\/* <![CDATA[ *\/\n\/*! This file is auto-generated *\/\n!function(d,l){\"use strict\";l.querySelector&&d.addEventListener&&\"undefined\"!=typeof URL&&(d.wp=d.wp||{},d.wp.receiveEmbedMessage||(d.wp.receiveEmbedMessage=function(e){var t=e.data;if((t||t.secret||t.message||t.value)&&!\/[^a-zA-Z0-9]\/.test(t.secret)){for(var s,r,n,a=l.querySelectorAll('iframe[data-secret=\"'+t.secret+'\"]'),o=l.querySelectorAll('blockquote[data-secret=\"'+t.secret+'\"]'),c=new RegExp(\"^https?:$\",\"i\"),i=0;i<o.length;i++)o[i].style.display=\"none\";for(i=0;i<a.length;i++)s=a[i],e.source===s.contentWindow&&(s.removeAttribute(\"style\"),\"height\"===t.message?(1e3<(r=parseInt(t.value,10))?r=1e3:~~r<200&&(r=200),s.height=r):\"link\"===t.message&&(r=new URL(s.getAttribute(\"src\")),n=new URL(t.value),c.test(n.protocol))&&n.host===r.host&&l.activeElement===s&&(d.top.location.href=t.value))}},d.addEventListener(\"message\",d.wp.receiveEmbedMessage,!1),l.addEventListener(\"DOMContentLoaded\",function(){for(var e,t,s=l.querySelectorAll(\"iframe.wp-embedded-content\"),r=0;r<s.length;r++)(t=(e=s[r]).getAttribute(\"data-secret\"))||(t=Math.random().toString(36).substring(2,12),e.src+=\"#?secret=\"+t,e.setAttribute(\"data-secret\",t)),e.contentWindow.postMessage({message:\"ready\",secret:t},\"*\")},!1)))}(window,document);\n\/\/# sourceURL=https:\/\/avrupapress.com\/main\/wp-includes\/js\/wp-embed.min.js\n\/* ]]> *\/\n<\/script>\n","thumbnail_url":"https:\/\/avrupapress.com\/main\/wp-content\/uploads\/2026\/02\/3f3b63f8-ad25-490e-8234-be7d9099f919-1.jpg","thumbnail_width":2000,"thumbnail_height":1126,"description":"Bel\u00e7ika\u2019da Saadet ve Bereket \u0130ftar\u0131 Houthalen\u2019de Ger\u00e7ekle\u015fti Bel\u00e7ika\u2019n\u0131n Houthalen kentinde d\u00fczenlenen \u201cSaadet ve Bereket \u0130ftar\u0131\u201d program\u0131, yo\u011fun kat\u0131l\u0131m ve manevi atmosfer i\u00e7erisinde ger\u00e7ekle\u015ftirildi. Ramazan ay\u0131n\u0131n birlik, beraberlik ve karde\u015flik ruhunu yans\u0131tan program, davetlilerden b\u00fcy\u00fck ilgi g\u00f6rd\u00fc. \u0130ftar program\u0131na; Saadet Avrupa Halkla \u0130li\u015fkiler ve STK Ba\u015fkan\u0131 Ali Y\u00fccel, Saadet Avrupa Br\u00fcksel B\u00f6lge Ba\u015fkan\u0131 Hasan Yavuz Uzun, [&hellip;]"}