{"version":"1.0","provider_name":"AvrupaPress","provider_url":"https:\/\/avrupapress.com\/main","author_name":"Edit\u00f6r","author_url":"https:\/\/avrupapress.com\/main\/author\/editor\/","title":"TAH\u0130R EFE B\u0130RL\u0130\u011e\u0130-1 - AvrupaPress","type":"rich","width":600,"height":338,"html":"<blockquote class=\"wp-embedded-content\" data-secret=\"9zXIssD25x\"><a href=\"https:\/\/avrupapress.com\/main\/2026\/02\/20\/tahir-efe-birligi-1\/\">TAH\u0130R EFE B\u0130RL\u0130\u011e\u0130-1<\/a><\/blockquote><iframe sandbox=\"allow-scripts\" security=\"restricted\" src=\"https:\/\/avrupapress.com\/main\/2026\/02\/20\/tahir-efe-birligi-1\/embed\/#?secret=9zXIssD25x\" width=\"600\" height=\"338\" title=\"\u00ab\u00a0TAH\u0130R EFE B\u0130RL\u0130\u011e\u0130-1\u00a0\u00bb &#8212; AvrupaPress\" data-secret=\"9zXIssD25x\" frameborder=\"0\" marginwidth=\"0\" marginheight=\"0\" scrolling=\"no\" class=\"wp-embedded-content\"><\/iframe><script type=\"text\/javascript\">\n\/* <![CDATA[ *\/\n\/*! This file is auto-generated *\/\n!function(d,l){\"use strict\";l.querySelector&&d.addEventListener&&\"undefined\"!=typeof URL&&(d.wp=d.wp||{},d.wp.receiveEmbedMessage||(d.wp.receiveEmbedMessage=function(e){var t=e.data;if((t||t.secret||t.message||t.value)&&!\/[^a-zA-Z0-9]\/.test(t.secret)){for(var s,r,n,a=l.querySelectorAll('iframe[data-secret=\"'+t.secret+'\"]'),o=l.querySelectorAll('blockquote[data-secret=\"'+t.secret+'\"]'),c=new RegExp(\"^https?:$\",\"i\"),i=0;i<o.length;i++)o[i].style.display=\"none\";for(i=0;i<a.length;i++)s=a[i],e.source===s.contentWindow&&(s.removeAttribute(\"style\"),\"height\"===t.message?(1e3<(r=parseInt(t.value,10))?r=1e3:~~r<200&&(r=200),s.height=r):\"link\"===t.message&&(r=new URL(s.getAttribute(\"src\")),n=new URL(t.value),c.test(n.protocol))&&n.host===r.host&&l.activeElement===s&&(d.top.location.href=t.value))}},d.addEventListener(\"message\",d.wp.receiveEmbedMessage,!1),l.addEventListener(\"DOMContentLoaded\",function(){for(var e,t,s=l.querySelectorAll(\"iframe.wp-embedded-content\"),r=0;r<s.length;r++)(t=(e=s[r]).getAttribute(\"data-secret\"))||(t=Math.random().toString(36).substring(2,12),e.src+=\"#?secret=\"+t,e.setAttribute(\"data-secret\",t)),e.contentWindow.postMessage({message:\"ready\",secret:t},\"*\")},!1)))}(window,document);\n\/\/# sourceURL=https:\/\/avrupapress.com\/main\/wp-includes\/js\/wp-embed.min.js\n\/* ]]> *\/\n<\/script>\n","thumbnail_url":"https:\/\/avrupapress.com\/main\/wp-content\/uploads\/2026\/02\/cdf8a92d-6f12-4099-9227-a4ccd521cba2-1-e1771610134788.jpg","thumbnail_width":331,"thumbnail_height":227,"description":"Tahir Efe Birli\u011fi Emirda\u011f y\u00f6resinden \u00f6rg\u00fctlenmi\u015f, Milli M\u00fccaele\u2019ye Afyonkarahisar ve \u00e7evresinde \u00f6nemli katk\u0131lar yapm\u0131\u015ft\u0131r. Milli M\u00fccadele kahramanlar\u0131ndan biri olarak g\u00f6r\u00fclen Tahir Efe, 19 Aral\u0131k 1929\u2019da 2473 numaral\u0131 \u0130stiklal \u00a0Madalyas\u0131 ile \u00f6d\u00fcllendirilmi\u015f, 26 Nisan 1920\u2019de g\u00f6n\u00fcll\u00fc olarak Milli Ordu\u2019ya kat\u0131lm\u0131\u015ft\u0131r. 22 Eyl\u00fcl 1921\u2019de Tahir Efe\u2019ye m\u00fclazimisani r\u00fctbesi verilmi\u015ftir ve 16 Aral\u0131k 1922\u2019de terhis edilmi\u015ftir. Cesareti ile [&hellip;]"}