{"version":"1.0","provider_name":"AvrupaPress","provider_url":"https:\/\/avrupapress.com\/main","author_name":"Edit\u00f6r","author_url":"https:\/\/avrupapress.com\/main\/author\/editor\/","title":"Emirda\u011f\u2019da Ramazan Pidesi Fiyat\u0131 Belirlendi - AvrupaPress","type":"rich","width":600,"height":338,"html":"<blockquote class=\"wp-embedded-content\" data-secret=\"Yw8s7Gyuwx\"><a href=\"https:\/\/avrupapress.com\/main\/2026\/02\/20\/emirdagda-ramazan-pidesi-fiyati-belirlendi\/\">Emirda\u011f\u2019da Ramazan Pidesi Fiyat\u0131 Belirlendi<\/a><\/blockquote><iframe sandbox=\"allow-scripts\" security=\"restricted\" src=\"https:\/\/avrupapress.com\/main\/2026\/02\/20\/emirdagda-ramazan-pidesi-fiyati-belirlendi\/embed\/#?secret=Yw8s7Gyuwx\" width=\"600\" height=\"338\" title=\"\u00ab\u00a0Emirda\u011f\u2019da Ramazan Pidesi Fiyat\u0131 Belirlendi\u00a0\u00bb &#8212; AvrupaPress\" data-secret=\"Yw8s7Gyuwx\" frameborder=\"0\" marginwidth=\"0\" marginheight=\"0\" scrolling=\"no\" class=\"wp-embedded-content\"><\/iframe><script type=\"text\/javascript\">\n\/* <![CDATA[ *\/\n\/*! This file is auto-generated *\/\n!function(d,l){\"use strict\";l.querySelector&&d.addEventListener&&\"undefined\"!=typeof URL&&(d.wp=d.wp||{},d.wp.receiveEmbedMessage||(d.wp.receiveEmbedMessage=function(e){var t=e.data;if((t||t.secret||t.message||t.value)&&!\/[^a-zA-Z0-9]\/.test(t.secret)){for(var s,r,n,a=l.querySelectorAll('iframe[data-secret=\"'+t.secret+'\"]'),o=l.querySelectorAll('blockquote[data-secret=\"'+t.secret+'\"]'),c=new RegExp(\"^https?:$\",\"i\"),i=0;i<o.length;i++)o[i].style.display=\"none\";for(i=0;i<a.length;i++)s=a[i],e.source===s.contentWindow&&(s.removeAttribute(\"style\"),\"height\"===t.message?(1e3<(r=parseInt(t.value,10))?r=1e3:~~r<200&&(r=200),s.height=r):\"link\"===t.message&&(r=new URL(s.getAttribute(\"src\")),n=new URL(t.value),c.test(n.protocol))&&n.host===r.host&&l.activeElement===s&&(d.top.location.href=t.value))}},d.addEventListener(\"message\",d.wp.receiveEmbedMessage,!1),l.addEventListener(\"DOMContentLoaded\",function(){for(var e,t,s=l.querySelectorAll(\"iframe.wp-embedded-content\"),r=0;r<s.length;r++)(t=(e=s[r]).getAttribute(\"data-secret\"))||(t=Math.random().toString(36).substring(2,12),e.src+=\"#?secret=\"+t,e.setAttribute(\"data-secret\",t)),e.contentWindow.postMessage({message:\"ready\",secret:t},\"*\")},!1)))}(window,document);\n\/\/# sourceURL=https:\/\/avrupapress.com\/main\/wp-includes\/js\/wp-embed.min.js\n\/* ]]> *\/\n<\/script>\n","thumbnail_url":"https:\/\/avrupapress.com\/main\/wp-content\/uploads\/2026\/02\/aaf98614-9ddd-4843-813d-99a24a233e5c-1.jpg","thumbnail_width":1118,"thumbnail_height":597,"description":"Emirda\u011f\u2019da Ramazan Pidesi Fiyat\u0131 Belirlendi Emirda\u011f Esnaf ve Sanatk\u00e2rlar Odas\u0131 Ba\u015fkan\u0131 Hac\u0131 Veli Y\u00fcksel ve oda y\u00f6netiminin f\u0131r\u0131nc\u0131 esnaf\u0131yla yapt\u0131\u011f\u0131 isti\u015fareler sonucunda, Ramazan ay\u0131nda uygulanacak pide fiyatlar\u0131 g\u00fcncellendi. Al\u0131nan karara g\u00f6re, 350 gram yumurtal\u0131 susaml\u0131 Ramazan pidesi 30 TL olarak belirlendi. \u00d6zel Ramazan pidelerinin fiyat\u0131 ise serbest b\u0131rak\u0131ld\u0131. Oda y\u00f6netimi taraf\u0131ndan yap\u0131lan a\u00e7\u0131klamada, belirlenen fiyat\u0131n [&hellip;]"}