{"version":"1.0","provider_name":"AvrupaPress","provider_url":"https:\/\/avrupapress.com\/main","author_name":"Edit\u00f6r","author_url":"https:\/\/avrupapress.com\/main\/author\/editor\/","title":"AvrupaPress Gazetesi\u2019nin Yazar Kadrosuna Yeni \u0130sim - AvrupaPress","type":"rich","width":600,"height":338,"html":"<blockquote class=\"wp-embedded-content\" data-secret=\"Kcgi3Xj4Cy\"><a href=\"https:\/\/avrupapress.com\/main\/2026\/02\/20\/avrupapress-gazetesinin-yazar-kadrosuna-yeni-isim\/\">AvrupaPress Gazetesi\u2019nin Yazar Kadrosuna Yeni \u0130sim<\/a><\/blockquote><iframe sandbox=\"allow-scripts\" security=\"restricted\" src=\"https:\/\/avrupapress.com\/main\/2026\/02\/20\/avrupapress-gazetesinin-yazar-kadrosuna-yeni-isim\/embed\/#?secret=Kcgi3Xj4Cy\" width=\"600\" height=\"338\" title=\"\u00ab\u00a0AvrupaPress Gazetesi\u2019nin Yazar Kadrosuna Yeni \u0130sim\u00a0\u00bb &#8212; AvrupaPress\" data-secret=\"Kcgi3Xj4Cy\" frameborder=\"0\" marginwidth=\"0\" marginheight=\"0\" scrolling=\"no\" class=\"wp-embedded-content\"><\/iframe><script type=\"text\/javascript\">\n\/* <![CDATA[ *\/\n\/*! This file is auto-generated *\/\n!function(d,l){\"use strict\";l.querySelector&&d.addEventListener&&\"undefined\"!=typeof URL&&(d.wp=d.wp||{},d.wp.receiveEmbedMessage||(d.wp.receiveEmbedMessage=function(e){var t=e.data;if((t||t.secret||t.message||t.value)&&!\/[^a-zA-Z0-9]\/.test(t.secret)){for(var s,r,n,a=l.querySelectorAll('iframe[data-secret=\"'+t.secret+'\"]'),o=l.querySelectorAll('blockquote[data-secret=\"'+t.secret+'\"]'),c=new RegExp(\"^https?:$\",\"i\"),i=0;i<o.length;i++)o[i].style.display=\"none\";for(i=0;i<a.length;i++)s=a[i],e.source===s.contentWindow&&(s.removeAttribute(\"style\"),\"height\"===t.message?(1e3<(r=parseInt(t.value,10))?r=1e3:~~r<200&&(r=200),s.height=r):\"link\"===t.message&&(r=new URL(s.getAttribute(\"src\")),n=new URL(t.value),c.test(n.protocol))&&n.host===r.host&&l.activeElement===s&&(d.top.location.href=t.value))}},d.addEventListener(\"message\",d.wp.receiveEmbedMessage,!1),l.addEventListener(\"DOMContentLoaded\",function(){for(var e,t,s=l.querySelectorAll(\"iframe.wp-embedded-content\"),r=0;r<s.length;r++)(t=(e=s[r]).getAttribute(\"data-secret\"))||(t=Math.random().toString(36).substring(2,12),e.src+=\"#?secret=\"+t,e.setAttribute(\"data-secret\",t)),e.contentWindow.postMessage({message:\"ready\",secret:t},\"*\")},!1)))}(window,document);\n\/\/# sourceURL=https:\/\/avrupapress.com\/main\/wp-includes\/js\/wp-embed.min.js\n\/* ]]> *\/\n<\/script>\n","thumbnail_url":"https:\/\/avrupapress.com\/main\/wp-content\/uploads\/2026\/02\/60ba794a-7f1d-4870-bf19-1cd64ccace31-1-e1771614030542.jpg","thumbnail_width":1179,"thumbnail_height":973,"description":"AvrupaPress Gazetesi\u2019nin Yazar Kadrosuna Yeni \u0130sim Avrupa\u2019da yay\u0131n hayat\u0131n\u0131 s\u00fcrd\u00fcren AvrupaPress Gazetesi, yazar kadrosunu g\u00fc\u00e7lendirmeye devam ediyor. Gazetenin k\u00f6\u015fe yazarlar\u0131 aras\u0131na e\u011fitim camias\u0131nda uzun y\u0131llara dayanan tecr\u00fcbeye sahip yeni bir isim kat\u0131ld\u0131. 1964 y\u0131l\u0131nda Afyonkarahisar\u2019\u0131n Emirda\u011f il\u00e7esinde d\u00fcnyaya gelen yazar, ilkokul e\u011fitimini tamamlad\u0131ktan sonra orta\u00f6\u011frenimini \u0130mam-Hatip Lisesi\u2019nde bitirdi. Lisans e\u011fitimini Atat\u00fcrk \u00dcniversitesi \u0130lahiyat Fak\u00fcltesi\u2019nde tamamlayan [&hellip;]"}