{"version":"1.0","provider_name":"AvrupaPress","provider_url":"https:\/\/avrupapress.com\/main","author_name":"Edit\u00f6r","author_url":"https:\/\/avrupapress.com\/main\/author\/editor\/","title":"Afyonkarahisar'in\u00a0 Emirdag \u0130lcesinde\u00a0 Esnaf Derne\u011fi Kuruldu - AvrupaPress","type":"rich","width":600,"height":338,"html":"<blockquote class=\"wp-embedded-content\" data-secret=\"oNWgkUyktS\"><a href=\"https:\/\/avrupapress.com\/main\/2026\/02\/20\/afyonkarahisarin-emirdag-ilcesinde-esnaf-dernegi-kuruldu\/\">Afyonkarahisar&rsquo;in\u00a0 Emirdag \u0130lcesinde\u00a0 Esnaf Derne\u011fi Kuruldu<\/a><\/blockquote><iframe sandbox=\"allow-scripts\" security=\"restricted\" src=\"https:\/\/avrupapress.com\/main\/2026\/02\/20\/afyonkarahisarin-emirdag-ilcesinde-esnaf-dernegi-kuruldu\/embed\/#?secret=oNWgkUyktS\" width=\"600\" height=\"338\" title=\"\u00ab\u00a0Afyonkarahisar&rsquo;in\u00a0 Emirdag \u0130lcesinde\u00a0 Esnaf Derne\u011fi Kuruldu\u00a0\u00bb &#8212; AvrupaPress\" data-secret=\"oNWgkUyktS\" frameborder=\"0\" marginwidth=\"0\" marginheight=\"0\" scrolling=\"no\" class=\"wp-embedded-content\"><\/iframe><script type=\"text\/javascript\">\n\/* <![CDATA[ *\/\n\/*! This file is auto-generated *\/\n!function(d,l){\"use strict\";l.querySelector&&d.addEventListener&&\"undefined\"!=typeof URL&&(d.wp=d.wp||{},d.wp.receiveEmbedMessage||(d.wp.receiveEmbedMessage=function(e){var t=e.data;if((t||t.secret||t.message||t.value)&&!\/[^a-zA-Z0-9]\/.test(t.secret)){for(var s,r,n,a=l.querySelectorAll('iframe[data-secret=\"'+t.secret+'\"]'),o=l.querySelectorAll('blockquote[data-secret=\"'+t.secret+'\"]'),c=new RegExp(\"^https?:$\",\"i\"),i=0;i<o.length;i++)o[i].style.display=\"none\";for(i=0;i<a.length;i++)s=a[i],e.source===s.contentWindow&&(s.removeAttribute(\"style\"),\"height\"===t.message?(1e3<(r=parseInt(t.value,10))?r=1e3:~~r<200&&(r=200),s.height=r):\"link\"===t.message&&(r=new URL(s.getAttribute(\"src\")),n=new URL(t.value),c.test(n.protocol))&&n.host===r.host&&l.activeElement===s&&(d.top.location.href=t.value))}},d.addEventListener(\"message\",d.wp.receiveEmbedMessage,!1),l.addEventListener(\"DOMContentLoaded\",function(){for(var e,t,s=l.querySelectorAll(\"iframe.wp-embedded-content\"),r=0;r<s.length;r++)(t=(e=s[r]).getAttribute(\"data-secret\"))||(t=Math.random().toString(36).substring(2,12),e.src+=\"#?secret=\"+t,e.setAttribute(\"data-secret\",t)),e.contentWindow.postMessage({message:\"ready\",secret:t},\"*\")},!1)))}(window,document);\n\/\/# sourceURL=https:\/\/avrupapress.com\/main\/wp-includes\/js\/wp-embed.min.js\n\/* ]]> *\/\n<\/script>\n","thumbnail_url":"https:\/\/avrupapress.com\/main\/wp-content\/uploads\/2026\/02\/8ba7b3c9-ff65-42dd-8b1d-ea9a178efcb3-1.jpg","thumbnail_width":1536,"thumbnail_height":1024,"description":"Afyonkarahisar&rsquo;in\u00a0 Emirdag Ilcesinde\u00a0 Esnaf Derne\u011fi Kuruldu. Esnaflar aras\u0131nda yard\u0131mla\u015fma k\u00fclt\u00fcr\u00fcn\u00fc Hayata ge\u00e7irecek bu Dernek yak\u0131n zamanda Sahada olacak. \u00c7ocuklara burs verecek. Ramazan erza\u011f\u0131 da\u011f\u0131tacak. Her t\u00fcrl\u00fc yap\u0131lan yard\u0131mlarda \u00d6ncelik Esnaf olacak. Darda kalan Esnafa dayanak olan Bu Dernek il\u00e7eye hay\u0131rlar getirsin. Ramazan Ay\u0131 i\u00e7inde sevgili Ceylan \u00d6zkara \u0130le Ramazan Sohbetinde Faaliyetler Konu\u015faca\u011f\u0131z. Hay\u0131rl\u0131 Olsun. Emirda\u011f [&hellip;]"}