{"version":"1.0","provider_name":"AvrupaPress","provider_url":"https:\/\/avrupapress.com\/main","author_name":"Edit\u00f6r","author_url":"https:\/\/avrupapress.com\/main\/author\/editor\/","title":"AHMET URFALI\u2019DAN \u2018BAYRAK SEVG\u0130S\u0130\u2019 KONFERANSLARI - AvrupaPress","type":"rich","width":600,"height":338,"html":"<blockquote class=\"wp-embedded-content\" data-secret=\"VfGcbp15uC\"><a href=\"https:\/\/avrupapress.com\/main\/2026\/02\/19\/ahmet-urfalidan-bayrak-sevgisi-konferanslari\/\">AHMET URFALI\u2019DAN \u2018BAYRAK SEVG\u0130S\u0130\u2019 KONFERANSLARI<\/a><\/blockquote><iframe sandbox=\"allow-scripts\" security=\"restricted\" src=\"https:\/\/avrupapress.com\/main\/2026\/02\/19\/ahmet-urfalidan-bayrak-sevgisi-konferanslari\/embed\/#?secret=VfGcbp15uC\" width=\"600\" height=\"338\" title=\"\u00ab\u00a0AHMET URFALI\u2019DAN \u2018BAYRAK SEVG\u0130S\u0130\u2019 KONFERANSLARI\u00a0\u00bb &#8212; AvrupaPress\" data-secret=\"VfGcbp15uC\" frameborder=\"0\" marginwidth=\"0\" marginheight=\"0\" scrolling=\"no\" class=\"wp-embedded-content\"><\/iframe><script type=\"text\/javascript\">\n\/* <![CDATA[ *\/\n\/*! This file is auto-generated *\/\n!function(d,l){\"use strict\";l.querySelector&&d.addEventListener&&\"undefined\"!=typeof URL&&(d.wp=d.wp||{},d.wp.receiveEmbedMessage||(d.wp.receiveEmbedMessage=function(e){var t=e.data;if((t||t.secret||t.message||t.value)&&!\/[^a-zA-Z0-9]\/.test(t.secret)){for(var s,r,n,a=l.querySelectorAll('iframe[data-secret=\"'+t.secret+'\"]'),o=l.querySelectorAll('blockquote[data-secret=\"'+t.secret+'\"]'),c=new RegExp(\"^https?:$\",\"i\"),i=0;i<o.length;i++)o[i].style.display=\"none\";for(i=0;i<a.length;i++)s=a[i],e.source===s.contentWindow&&(s.removeAttribute(\"style\"),\"height\"===t.message?(1e3<(r=parseInt(t.value,10))?r=1e3:~~r<200&&(r=200),s.height=r):\"link\"===t.message&&(r=new URL(s.getAttribute(\"src\")),n=new URL(t.value),c.test(n.protocol))&&n.host===r.host&&l.activeElement===s&&(d.top.location.href=t.value))}},d.addEventListener(\"message\",d.wp.receiveEmbedMessage,!1),l.addEventListener(\"DOMContentLoaded\",function(){for(var e,t,s=l.querySelectorAll(\"iframe.wp-embedded-content\"),r=0;r<s.length;r++)(t=(e=s[r]).getAttribute(\"data-secret\"))||(t=Math.random().toString(36).substring(2,12),e.src+=\"#?secret=\"+t,e.setAttribute(\"data-secret\",t)),e.contentWindow.postMessage({message:\"ready\",secret:t},\"*\")},!1)))}(window,document);\n\/\/# sourceURL=https:\/\/avrupapress.com\/main\/wp-includes\/js\/wp-embed.min.js\n\/* ]]> *\/\n<\/script>\n","thumbnail_url":"https:\/\/avrupapress.com\/main\/wp-content\/uploads\/2026\/02\/5d6e6fce-d822-4c8b-a8f2-b49b817855b6-e1771526684132.jpg","thumbnail_width":960,"thumbnail_height":518,"description":"\u015eair\/YazarAhmet Urfal\u0131, davetli olarak verdi\u011fi \u2018Bayrak Sevgisi\u2019 konferanslar\u0131n\u0131 bu defa Borsa \u0130stanbul Fen Lisesi ile \u015eehir Nadir \u015eim\u015fek Anadolu Lisesinde ger\u00e7ekle\u015ftirdi. Konferanslara liselerin y\u00f6netici, \u00f6\u011fretmen ve \u00f6\u011frencileri kat\u0131ld\u0131. Yo\u011fun ilgi g\u00f6ren etkinlikte, Ahmet Urfal\u0131, T\u00fcrk milletinin k\u00f6kl\u00fc tarihinden beslenen milli ve manevi de\u011ferlerinin \u00f6nemine dikkat \u00e7ekti. T\u00fcrk bayra\u011f\u0131n\u0131n milletin ba\u011f\u0131ms\u0131zl\u0131k, birlik ve beraberli\u011finin en g\u00fc\u00e7l\u00fc [&hellip;]"}