{"version":"1.0","provider_name":"AvrupaPress","provider_url":"https:\/\/avrupapress.com\/main","author_name":"Edit\u00f6r","author_url":"https:\/\/avrupapress.com\/main\/author\/editor\/","title":"Bel\u00e7ika'da Zorunlu Askerlik gerimi geliyor.... - AvrupaPress","type":"rich","width":600,"height":338,"html":"<blockquote class=\"wp-embedded-content\" data-secret=\"YRpIIWbNvZ\"><a href=\"https:\/\/avrupapress.com\/main\/2026\/02\/10\/belcikada-zorunlu-askerlik-gerimi-geliyor\/\">Bel\u00e7ika&rsquo;da Zorunlu Askerlik gerimi geliyor&#8230;.<\/a><\/blockquote><iframe sandbox=\"allow-scripts\" security=\"restricted\" src=\"https:\/\/avrupapress.com\/main\/2026\/02\/10\/belcikada-zorunlu-askerlik-gerimi-geliyor\/embed\/#?secret=YRpIIWbNvZ\" width=\"600\" height=\"338\" title=\"\u00ab\u00a0Bel\u00e7ika&rsquo;da Zorunlu Askerlik gerimi geliyor&#8230;.\u00a0\u00bb &#8212; AvrupaPress\" data-secret=\"YRpIIWbNvZ\" frameborder=\"0\" marginwidth=\"0\" marginheight=\"0\" scrolling=\"no\" class=\"wp-embedded-content\"><\/iframe><script type=\"text\/javascript\">\n\/* <![CDATA[ *\/\n\/*! This file is auto-generated *\/\n!function(d,l){\"use strict\";l.querySelector&&d.addEventListener&&\"undefined\"!=typeof URL&&(d.wp=d.wp||{},d.wp.receiveEmbedMessage||(d.wp.receiveEmbedMessage=function(e){var t=e.data;if((t||t.secret||t.message||t.value)&&!\/[^a-zA-Z0-9]\/.test(t.secret)){for(var s,r,n,a=l.querySelectorAll('iframe[data-secret=\"'+t.secret+'\"]'),o=l.querySelectorAll('blockquote[data-secret=\"'+t.secret+'\"]'),c=new RegExp(\"^https?:$\",\"i\"),i=0;i<o.length;i++)o[i].style.display=\"none\";for(i=0;i<a.length;i++)s=a[i],e.source===s.contentWindow&&(s.removeAttribute(\"style\"),\"height\"===t.message?(1e3<(r=parseInt(t.value,10))?r=1e3:~~r<200&&(r=200),s.height=r):\"link\"===t.message&&(r=new URL(s.getAttribute(\"src\")),n=new URL(t.value),c.test(n.protocol))&&n.host===r.host&&l.activeElement===s&&(d.top.location.href=t.value))}},d.addEventListener(\"message\",d.wp.receiveEmbedMessage,!1),l.addEventListener(\"DOMContentLoaded\",function(){for(var e,t,s=l.querySelectorAll(\"iframe.wp-embedded-content\"),r=0;r<s.length;r++)(t=(e=s[r]).getAttribute(\"data-secret\"))||(t=Math.random().toString(36).substring(2,12),e.src+=\"#?secret=\"+t,e.setAttribute(\"data-secret\",t)),e.contentWindow.postMessage({message:\"ready\",secret:t},\"*\")},!1)))}(window,document);\n\/\/# sourceURL=https:\/\/avrupapress.com\/main\/wp-includes\/js\/wp-embed.min.js\n\/* ]]> *\/\n<\/script>\n","thumbnail_url":"https:\/\/avrupapress.com\/main\/wp-content\/uploads\/2026\/02\/830a078b-d746-4bed-b84f-94e0f79aaba5-1-e1770698475413.jpg","thumbnail_width":924,"thumbnail_height":690,"description":"Bel\u00e7ika ordusu, personel a\u00e7\u0131\u011f\u0131n\u0131 kapatmak i\u00e7in t\u00fcm se\u00e7enekleri masaya yat\u0131r\u0131yor.Ge\u00e7ti\u011fimiz hafta yedek askerler i\u00e7in mevcut ya\u015f s\u0131n\u0131r\u0131n\u0131n kald\u0131r\u0131lmas\u0131n\u0131 g\u00fcndemine alan \u00fclke, \u015fimdi de zorunlu askerlik sisteminin geri getirilmesini tart\u0131\u015f\u0131yor. 1994\u2019te zorunlu askerli\u011fi kald\u0131ran Bel\u00e7ika, bug\u00fcn yakla\u015f\u0131k 30 bin ki\u015filik bir orduya sahip. Ancak hedef, 2040 y\u0131l\u0131na kadar bu say\u0131y\u0131 72 bine \u00e7\u0131karmak. Mevcut g\u00fcvenlik ortam\u0131 [&hellip;]"}