{"version":"1.0","provider_name":"AvrupaPress","provider_url":"https:\/\/avrupapress.com\/main","author_name":"Edit\u00f6r","author_url":"https:\/\/avrupapress.com\/main\/author\/editor\/","title":"Fahi\u015f Aidat Bedeline Nas\u0131l \u0130tiraz Edilir? - AvrupaPress","type":"rich","width":600,"height":338,"html":"<blockquote class=\"wp-embedded-content\" data-secret=\"X9xsBYL2ry\"><a href=\"https:\/\/avrupapress.com\/main\/2025\/11\/16\/fahis-aidat-bedeline-nasil-itiraz-edilir\/\">Fahi\u015f Aidat Bedeline Nas\u0131l \u0130tiraz Edilir?<\/a><\/blockquote><iframe sandbox=\"allow-scripts\" security=\"restricted\" src=\"https:\/\/avrupapress.com\/main\/2025\/11\/16\/fahis-aidat-bedeline-nasil-itiraz-edilir\/embed\/#?secret=X9xsBYL2ry\" width=\"600\" height=\"338\" title=\"\u00ab\u00a0Fahi\u015f Aidat Bedeline Nas\u0131l \u0130tiraz Edilir?\u00a0\u00bb &#8212; AvrupaPress\" data-secret=\"X9xsBYL2ry\" frameborder=\"0\" marginwidth=\"0\" marginheight=\"0\" scrolling=\"no\" class=\"wp-embedded-content\"><\/iframe><script type=\"text\/javascript\">\n\/* <![CDATA[ *\/\n\/*! This file is auto-generated *\/\n!function(d,l){\"use strict\";l.querySelector&&d.addEventListener&&\"undefined\"!=typeof URL&&(d.wp=d.wp||{},d.wp.receiveEmbedMessage||(d.wp.receiveEmbedMessage=function(e){var t=e.data;if((t||t.secret||t.message||t.value)&&!\/[^a-zA-Z0-9]\/.test(t.secret)){for(var s,r,n,a=l.querySelectorAll('iframe[data-secret=\"'+t.secret+'\"]'),o=l.querySelectorAll('blockquote[data-secret=\"'+t.secret+'\"]'),c=new RegExp(\"^https?:$\",\"i\"),i=0;i<o.length;i++)o[i].style.display=\"none\";for(i=0;i<a.length;i++)s=a[i],e.source===s.contentWindow&&(s.removeAttribute(\"style\"),\"height\"===t.message?(1e3<(r=parseInt(t.value,10))?r=1e3:~~r<200&&(r=200),s.height=r):\"link\"===t.message&&(r=new URL(s.getAttribute(\"src\")),n=new URL(t.value),c.test(n.protocol))&&n.host===r.host&&l.activeElement===s&&(d.top.location.href=t.value))}},d.addEventListener(\"message\",d.wp.receiveEmbedMessage,!1),l.addEventListener(\"DOMContentLoaded\",function(){for(var e,t,s=l.querySelectorAll(\"iframe.wp-embedded-content\"),r=0;r<s.length;r++)(t=(e=s[r]).getAttribute(\"data-secret\"))||(t=Math.random().toString(36).substring(2,12),e.src+=\"#?secret=\"+t,e.setAttribute(\"data-secret\",t)),e.contentWindow.postMessage({message:\"ready\",secret:t},\"*\")},!1)))}(window,document);\n\/\/# sourceURL=https:\/\/avrupapress.com\/main\/wp-includes\/js\/wp-embed.min.js\n\/* ]]> *\/\n<\/script>\n","thumbnail_url":"https:\/\/avrupapress.com\/main\/wp-content\/uploads\/2025\/11\/thumbnail_IMG-20241207-WA0012-e1733689019920-740x420-1-1-2-1-1-1-1-1-1-1-1-2.jpg","thumbnail_width":740,"thumbnail_height":420,"description":"Fahi\u015f Aidat Bedeline Nas\u0131l \u0130tiraz Edilir? Apartman ve sitelerde ya\u015fam pek \u00e7ok sorunu da beraberinde getiriyor. Bunlardan en \u00f6nemlisi ise kira bedelleriyle yar\u0131\u015fan fahi\u015f aidatlard\u0131r. Son g\u00fcnlerde bir\u00e7ok apartman ve sitelerden aidat bedellerinde fahi\u015f art\u0131\u015f yap\u0131ld\u0131\u011f\u0131na dair \u015fikayetler gelmektedir. Aidat konusu Kat M\u00fclkiyeti Kanununda d\u00fczenlenmi\u015f olup, buna g\u00f6re; \u00ab\u00a0Kat maliklerinden her biri aralar\u0131nda ba\u015fka t\u00fcrl\u00fc [&hellip;]"}