{"version":"1.0","provider_name":"AvrupaPress","provider_url":"https:\/\/avrupapress.com\/main","author_name":"Edit\u00f6r","author_url":"https:\/\/avrupapress.com\/main\/author\/editor\/","title":"AHMET URFALI\u2019DAN \u2018\u2019EM\u0130RDA\u011e KARABA\u011e T\u00dcRKMENLER\u0130\u2019\u2019 KONFERANSI - AvrupaPress","type":"rich","width":600,"height":338,"html":"<blockquote class=\"wp-embedded-content\" data-secret=\"mVPYNkg1wI\"><a href=\"https:\/\/avrupapress.com\/main\/2025\/11\/14\/ahmet-urfalidan-emirdag-karabag-turkmenleri-konferansi\/\">AHMET URFALI\u2019DAN \u2018\u2019EM\u0130RDA\u011e KARABA\u011e T\u00dcRKMENLER\u0130\u2019\u2019 KONFERANSI<\/a><\/blockquote><iframe sandbox=\"allow-scripts\" security=\"restricted\" src=\"https:\/\/avrupapress.com\/main\/2025\/11\/14\/ahmet-urfalidan-emirdag-karabag-turkmenleri-konferansi\/embed\/#?secret=mVPYNkg1wI\" width=\"600\" height=\"338\" title=\"\u00ab\u00a0AHMET URFALI\u2019DAN \u2018\u2019EM\u0130RDA\u011e KARABA\u011e T\u00dcRKMENLER\u0130\u2019\u2019 KONFERANSI\u00a0\u00bb &#8212; AvrupaPress\" data-secret=\"mVPYNkg1wI\" frameborder=\"0\" marginwidth=\"0\" marginheight=\"0\" scrolling=\"no\" class=\"wp-embedded-content\"><\/iframe><script type=\"text\/javascript\">\n\/* <![CDATA[ *\/\n\/*! This file is auto-generated *\/\n!function(d,l){\"use strict\";l.querySelector&&d.addEventListener&&\"undefined\"!=typeof URL&&(d.wp=d.wp||{},d.wp.receiveEmbedMessage||(d.wp.receiveEmbedMessage=function(e){var t=e.data;if((t||t.secret||t.message||t.value)&&!\/[^a-zA-Z0-9]\/.test(t.secret)){for(var s,r,n,a=l.querySelectorAll('iframe[data-secret=\"'+t.secret+'\"]'),o=l.querySelectorAll('blockquote[data-secret=\"'+t.secret+'\"]'),c=new RegExp(\"^https?:$\",\"i\"),i=0;i<o.length;i++)o[i].style.display=\"none\";for(i=0;i<a.length;i++)s=a[i],e.source===s.contentWindow&&(s.removeAttribute(\"style\"),\"height\"===t.message?(1e3<(r=parseInt(t.value,10))?r=1e3:~~r<200&&(r=200),s.height=r):\"link\"===t.message&&(r=new URL(s.getAttribute(\"src\")),n=new URL(t.value),c.test(n.protocol))&&n.host===r.host&&l.activeElement===s&&(d.top.location.href=t.value))}},d.addEventListener(\"message\",d.wp.receiveEmbedMessage,!1),l.addEventListener(\"DOMContentLoaded\",function(){for(var e,t,s=l.querySelectorAll(\"iframe.wp-embedded-content\"),r=0;r<s.length;r++)(t=(e=s[r]).getAttribute(\"data-secret\"))||(t=Math.random().toString(36).substring(2,12),e.src+=\"#?secret=\"+t,e.setAttribute(\"data-secret\",t)),e.contentWindow.postMessage({message:\"ready\",secret:t},\"*\")},!1)))}(window,document);\n\/\/# sourceURL=https:\/\/avrupapress.com\/main\/wp-includes\/js\/wp-embed.min.js\n\/* ]]> *\/\n<\/script>\n","thumbnail_url":"https:\/\/avrupapress.com\/main\/wp-content\/uploads\/2025\/11\/thumbnail_IMG-20251114-WA0015-e1763155793681.jpg","thumbnail_width":1600,"thumbnail_height":872,"description":"\u015eair\/Yazar Ahmet Urfal\u0131, Eski\u015fehir Azerbaycanl\u0131lar Derne\u011finde \u2018\u2019Emirda\u011f Karaba\u011f T\u00fcrkmenleri\u2019\u2019 konulu konferans verdi. Karaba\u011f Zaferinin 5.Y\u0131l\u0131 m\u00fcnasebetiyle d\u00fczenlenen etkinlik \u00e7er\u00e7evesinde d\u00fczenlenen konferans, yo\u011fun izleyici kat\u0131l\u0131m\u0131yla ger\u00e7ekle\u015ftirildi. Dernek salonunda yap\u0131lan konferansa Eski\u015fehir\u2019de tahsil g\u00f6ren Azerbaycanl\u0131 \u00f6\u011frenciler ve soyda\u015flar ile Emirda\u011f Karaba\u011f oyma\u011f\u0131 k\u00f6kenli vatanda\u015flar kat\u0131ld\u0131. Eski\u015fehir Azerbaycanl\u0131lar Derne\u011fi Ba\u015fkan\u0131 Cavid Ayd\u0131n\u2019n\u0131n a\u00e7\u0131\u015f konu\u015fmas\u0131yla ba\u015flayan etkinlikte Urfal\u0131, Karaba\u011f [&hellip;]"}