{"version":"1.0","provider_name":"AvrupaPress","provider_url":"https:\/\/avrupapress.com\/main","author_name":"Edit\u00f6r","author_url":"https:\/\/avrupapress.com\/main\/author\/editor\/","title":"EM\u0130RDA\u011eLI GEN\u00c7 DOKTOR, Hayat\u0131n\u0131 kaybetti - AvrupaPress","type":"rich","width":600,"height":338,"html":"<blockquote class=\"wp-embedded-content\" data-secret=\"DEk1v8y00Z\"><a href=\"https:\/\/avrupapress.com\/main\/2025\/08\/28\/emirdagli-genc-doktor-hayatini-kaybetti\/\">EM\u0130RDA\u011eLI GEN\u00c7 DOKTOR, Hayat\u0131n\u0131 kaybetti<\/a><\/blockquote><iframe sandbox=\"allow-scripts\" security=\"restricted\" src=\"https:\/\/avrupapress.com\/main\/2025\/08\/28\/emirdagli-genc-doktor-hayatini-kaybetti\/embed\/#?secret=DEk1v8y00Z\" width=\"600\" height=\"338\" title=\"\u00ab\u00a0EM\u0130RDA\u011eLI GEN\u00c7 DOKTOR, Hayat\u0131n\u0131 kaybetti\u00a0\u00bb &#8212; AvrupaPress\" data-secret=\"DEk1v8y00Z\" frameborder=\"0\" marginwidth=\"0\" marginheight=\"0\" scrolling=\"no\" class=\"wp-embedded-content\"><\/iframe><script type=\"text\/javascript\">\n\/* <![CDATA[ *\/\n\/*! This file is auto-generated *\/\n!function(d,l){\"use strict\";l.querySelector&&d.addEventListener&&\"undefined\"!=typeof URL&&(d.wp=d.wp||{},d.wp.receiveEmbedMessage||(d.wp.receiveEmbedMessage=function(e){var t=e.data;if((t||t.secret||t.message||t.value)&&!\/[^a-zA-Z0-9]\/.test(t.secret)){for(var s,r,n,a=l.querySelectorAll('iframe[data-secret=\"'+t.secret+'\"]'),o=l.querySelectorAll('blockquote[data-secret=\"'+t.secret+'\"]'),c=new RegExp(\"^https?:$\",\"i\"),i=0;i<o.length;i++)o[i].style.display=\"none\";for(i=0;i<a.length;i++)s=a[i],e.source===s.contentWindow&&(s.removeAttribute(\"style\"),\"height\"===t.message?(1e3<(r=parseInt(t.value,10))?r=1e3:~~r<200&&(r=200),s.height=r):\"link\"===t.message&&(r=new URL(s.getAttribute(\"src\")),n=new URL(t.value),c.test(n.protocol))&&n.host===r.host&&l.activeElement===s&&(d.top.location.href=t.value))}},d.addEventListener(\"message\",d.wp.receiveEmbedMessage,!1),l.addEventListener(\"DOMContentLoaded\",function(){for(var e,t,s=l.querySelectorAll(\"iframe.wp-embedded-content\"),r=0;r<s.length;r++)(t=(e=s[r]).getAttribute(\"data-secret\"))||(t=Math.random().toString(36).substring(2,12),e.src+=\"#?secret=\"+t,e.setAttribute(\"data-secret\",t)),e.contentWindow.postMessage({message:\"ready\",secret:t},\"*\")},!1)))}(window,document);\n\/\/# sourceURL=https:\/\/avrupapress.com\/main\/wp-includes\/js\/wp-embed.min.js\n\/* ]]> *\/\n<\/script>\n","thumbnail_url":"https:\/\/avrupapress.com\/main\/wp-content\/uploads\/2025\/08\/thumbnail_IMG-20250828-WA0039.jpg","thumbnail_width":910,"thumbnail_height":630,"description":"VEFAT \u0130LANI EM\u0130RDA\u011eLI GEN\u00c7 DOKTOR, Hayat\u0131n\u0131 kaybetti. Eski\u015fehir&rsquo;de ikamet eden, Aslen Emirda\u011f A\u011f\u0131lc\u0131k k\u00f6y\u00fcnden (\u00f6\u011fretmen ).(Mustafa Demir)&rsquo;in k\u0131z\u0131 DOKTOR- Yeter Demir, hakk\u0131n rahmetine kavu\u015fmu\u015ftur. Cenazesi \u00a029.a\u011fustos.2025 tarihinde, Cuma namaz\u0131na m\u00fcteakip Eski\u015fehir Hac\u0131 Seyit mahallesinde bulunan Hac\u0131 Seyit caminde k\u0131l\u0131nacak cenaze namaz\u0131ndan sonra Eski\u015fehir \u015fehir kabristan\u0131nda defnedilecektir. ileti\u015fim tel. Mustafa Demir . 0.536.3403429"}