{"version":"1.0","provider_name":"AvrupaPress","provider_url":"https:\/\/avrupapress.com\/main","author_name":"Edit\u00f6r","author_url":"https:\/\/avrupapress.com\/main\/author\/editor\/","title":"BEL\u00c7\u0130KA'DA A\u011eUSTOS'DA NELER DEG\u0130S\u0130YOR.... - AvrupaPress","type":"rich","width":600,"height":338,"html":"<blockquote class=\"wp-embedded-content\" data-secret=\"tu6F0pLWoO\"><a href=\"https:\/\/avrupapress.com\/main\/2025\/07\/29\/belcikada-agustosda-neler-degisiyor\/\">BEL\u00c7\u0130KA&rsquo;DA A\u011eUSTOS&rsquo;DA NELER DEG\u0130S\u0130YOR&#8230;.<\/a><\/blockquote><iframe sandbox=\"allow-scripts\" security=\"restricted\" src=\"https:\/\/avrupapress.com\/main\/2025\/07\/29\/belcikada-agustosda-neler-degisiyor\/embed\/#?secret=tu6F0pLWoO\" width=\"600\" height=\"338\" title=\"\u00ab\u00a0BEL\u00c7\u0130KA&rsquo;DA A\u011eUSTOS&rsquo;DA NELER DEG\u0130S\u0130YOR&#8230;.\u00a0\u00bb &#8212; AvrupaPress\" data-secret=\"tu6F0pLWoO\" frameborder=\"0\" marginwidth=\"0\" marginheight=\"0\" scrolling=\"no\" class=\"wp-embedded-content\"><\/iframe><script type=\"text\/javascript\">\n\/* <![CDATA[ *\/\n\/*! This file is auto-generated *\/\n!function(d,l){\"use strict\";l.querySelector&&d.addEventListener&&\"undefined\"!=typeof URL&&(d.wp=d.wp||{},d.wp.receiveEmbedMessage||(d.wp.receiveEmbedMessage=function(e){var t=e.data;if((t||t.secret||t.message||t.value)&&!\/[^a-zA-Z0-9]\/.test(t.secret)){for(var s,r,n,a=l.querySelectorAll('iframe[data-secret=\"'+t.secret+'\"]'),o=l.querySelectorAll('blockquote[data-secret=\"'+t.secret+'\"]'),c=new RegExp(\"^https?:$\",\"i\"),i=0;i<o.length;i++)o[i].style.display=\"none\";for(i=0;i<a.length;i++)s=a[i],e.source===s.contentWindow&&(s.removeAttribute(\"style\"),\"height\"===t.message?(1e3<(r=parseInt(t.value,10))?r=1e3:~~r<200&&(r=200),s.height=r):\"link\"===t.message&&(r=new URL(s.getAttribute(\"src\")),n=new URL(t.value),c.test(n.protocol))&&n.host===r.host&&l.activeElement===s&&(d.top.location.href=t.value))}},d.addEventListener(\"message\",d.wp.receiveEmbedMessage,!1),l.addEventListener(\"DOMContentLoaded\",function(){for(var e,t,s=l.querySelectorAll(\"iframe.wp-embedded-content\"),r=0;r<s.length;r++)(t=(e=s[r]).getAttribute(\"data-secret\"))||(t=Math.random().toString(36).substring(2,12),e.src+=\"#?secret=\"+t,e.setAttribute(\"data-secret\",t)),e.contentWindow.postMessage({message:\"ready\",secret:t},\"*\")},!1)))}(window,document);\n\/\/# sourceURL=https:\/\/avrupapress.com\/main\/wp-includes\/js\/wp-embed.min.js\n\/* ]]> *\/\n<\/script>\n","thumbnail_url":"https:\/\/avrupapress.com\/main\/wp-content\/uploads\/2025\/07\/facebook_1753820157238_7356054900785024718-1.jpg","thumbnail_width":1536,"thumbnail_height":1024,"description":"\ud83d\udcb6 A\u011fustos 2025\u2019te Paran\u0131z\u0131 Etkileyecek De\u011fi\u015fiklikler: Mevduat Faizleri, Plaka \u0130\u015flemleri, T\u0131p S\u0131nav\u0131 B A\u011fustos ay\u0131 yakla\u015f\u0131rken Bel\u00e7ika\u2019da bir\u00e7ok d\u00fczenleme y\u00fcr\u00fcrl\u00fc\u011fe giriyor. Banka faiz oranlar\u0131ndan ara\u00e7 plakas\u0131 prosed\u00fcrlerine, \u00fcniversiteye giri\u015f s\u0131navlar\u0131na kadar pek \u00e7ok alanda vatanda\u015flar\u0131n b\u00fct\u00e7esini do\u011frudan ilgilendiren de\u011fi\u015fiklikler s\u00f6z konusu. \u0130\u015fte cebinizi etkileyecek en \u00f6nemli yenilikler\u2026 \ud83c\udfe6 Triodos Bankas\u0131 Mevduat Faizlerini D\u00fc\u015f\u00fcr\u00fcyor S\u00fcrd\u00fcr\u00fclebilir bankac\u0131l\u0131\u011f\u0131n [&hellip;]"}