{"version":"1.0","provider_name":"AvrupaPress","provider_url":"https:\/\/avrupapress.com\/main","author_name":"Edit\u00f6r","author_url":"https:\/\/avrupapress.com\/main\/author\/editor\/","title":"Sadece Bir Evlat De\u011fil, Vicdan\u0131m\u0131z\u0131 da Kaybettik - AvrupaPress","type":"rich","width":600,"height":338,"html":"<blockquote class=\"wp-embedded-content\" data-secret=\"shVAI1cD8J\"><a href=\"https:\/\/avrupapress.com\/main\/2025\/07\/26\/sadece-bir-evlat-degil-vicdanimizi-da-kaybettik\/\">Sadece Bir Evlat De\u011fil, Vicdan\u0131m\u0131z\u0131 da Kaybettik<\/a><\/blockquote><iframe sandbox=\"allow-scripts\" security=\"restricted\" src=\"https:\/\/avrupapress.com\/main\/2025\/07\/26\/sadece-bir-evlat-degil-vicdanimizi-da-kaybettik\/embed\/#?secret=shVAI1cD8J\" width=\"600\" height=\"338\" title=\"\u00ab\u00a0Sadece Bir Evlat De\u011fil, Vicdan\u0131m\u0131z\u0131 da Kaybettik\u00a0\u00bb &#8212; AvrupaPress\" data-secret=\"shVAI1cD8J\" frameborder=\"0\" marginwidth=\"0\" marginheight=\"0\" scrolling=\"no\" class=\"wp-embedded-content\"><\/iframe><script type=\"text\/javascript\">\n\/* <![CDATA[ *\/\n\/*! This file is auto-generated *\/\n!function(d,l){\"use strict\";l.querySelector&&d.addEventListener&&\"undefined\"!=typeof URL&&(d.wp=d.wp||{},d.wp.receiveEmbedMessage||(d.wp.receiveEmbedMessage=function(e){var t=e.data;if((t||t.secret||t.message||t.value)&&!\/[^a-zA-Z0-9]\/.test(t.secret)){for(var s,r,n,a=l.querySelectorAll('iframe[data-secret=\"'+t.secret+'\"]'),o=l.querySelectorAll('blockquote[data-secret=\"'+t.secret+'\"]'),c=new RegExp(\"^https?:$\",\"i\"),i=0;i<o.length;i++)o[i].style.display=\"none\";for(i=0;i<a.length;i++)s=a[i],e.source===s.contentWindow&&(s.removeAttribute(\"style\"),\"height\"===t.message?(1e3<(r=parseInt(t.value,10))?r=1e3:~~r<200&&(r=200),s.height=r):\"link\"===t.message&&(r=new URL(s.getAttribute(\"src\")),n=new URL(t.value),c.test(n.protocol))&&n.host===r.host&&l.activeElement===s&&(d.top.location.href=t.value))}},d.addEventListener(\"message\",d.wp.receiveEmbedMessage,!1),l.addEventListener(\"DOMContentLoaded\",function(){for(var e,t,s=l.querySelectorAll(\"iframe.wp-embedded-content\"),r=0;r<s.length;r++)(t=(e=s[r]).getAttribute(\"data-secret\"))||(t=Math.random().toString(36).substring(2,12),e.src+=\"#?secret=\"+t,e.setAttribute(\"data-secret\",t)),e.contentWindow.postMessage({message:\"ready\",secret:t},\"*\")},!1)))}(window,document);\n\/\/# sourceURL=https:\/\/avrupapress.com\/main\/wp-includes\/js\/wp-embed.min.js\n\/* ]]> *\/\n<\/script>\n","thumbnail_url":"https:\/\/avrupapress.com\/main\/wp-content\/uploads\/2025\/07\/IMG-20250726-WA0034-1.jpg","thumbnail_width":999,"thumbnail_height":999,"description":"Mattia Ahmet Minguzzi\u2019yi kaybettik. Ama sonras\u0131nda ya\u015fananlar herhalde bu \u00fclkede daha \u00f6nce hi\u00e7 ya\u015fanmad\u0131. Ahmet\u2019in \u00f6l\u00fcm\u00fc sadece bir cinayet de\u011fil, ayn\u0131 zamanda toplumun nas\u0131l bir \u00e7\u00fcr\u00fcmeyle kar\u015f\u0131 kar\u015f\u0131ya oldu\u011funu g\u00f6zler \u00f6n\u00fcne serdi. \u00c7\u00fcnk\u00fc bu kez sadece bir gen\u00e7 can\u0131 de\u011fil, toplumun vicdan\u0131, adalet duygusu, hatta yas tutma hakk\u0131 da ayaklar alt\u0131na al\u0131nd\u0131. Ahmet\u2019in \u00f6l\u00fcm\u00fcn\u00fcn ard\u0131ndan [&hellip;]"}