{"version":"1.0","provider_name":"AvrupaPress","provider_url":"https:\/\/avrupapress.com\/main","author_name":"Edit\u00f6r","author_url":"https:\/\/avrupapress.com\/main\/author\/editor\/","title":"K\u00fcrtler ve T\u00fcrkiye \u0130ttifak\u0131 - AvrupaPress","type":"rich","width":600,"height":338,"html":"<blockquote class=\"wp-embedded-content\" data-secret=\"XwJOPLLJtI\"><a href=\"https:\/\/avrupapress.com\/main\/2025\/06\/11\/kurtler-ve-turkiye-ittifaki\/\">K\u00fcrtler ve T\u00fcrkiye \u0130ttifak\u0131<\/a><\/blockquote><iframe sandbox=\"allow-scripts\" security=\"restricted\" src=\"https:\/\/avrupapress.com\/main\/2025\/06\/11\/kurtler-ve-turkiye-ittifaki\/embed\/#?secret=XwJOPLLJtI\" width=\"600\" height=\"338\" title=\"\u00ab\u00a0K\u00fcrtler ve T\u00fcrkiye \u0130ttifak\u0131\u00a0\u00bb &#8212; AvrupaPress\" data-secret=\"XwJOPLLJtI\" frameborder=\"0\" marginwidth=\"0\" marginheight=\"0\" scrolling=\"no\" class=\"wp-embedded-content\"><\/iframe><script type=\"text\/javascript\">\n\/* <![CDATA[ *\/\n\/*! This file is auto-generated *\/\n!function(d,l){\"use strict\";l.querySelector&&d.addEventListener&&\"undefined\"!=typeof URL&&(d.wp=d.wp||{},d.wp.receiveEmbedMessage||(d.wp.receiveEmbedMessage=function(e){var t=e.data;if((t||t.secret||t.message||t.value)&&!\/[^a-zA-Z0-9]\/.test(t.secret)){for(var s,r,n,a=l.querySelectorAll('iframe[data-secret=\"'+t.secret+'\"]'),o=l.querySelectorAll('blockquote[data-secret=\"'+t.secret+'\"]'),c=new RegExp(\"^https?:$\",\"i\"),i=0;i<o.length;i++)o[i].style.display=\"none\";for(i=0;i<a.length;i++)s=a[i],e.source===s.contentWindow&&(s.removeAttribute(\"style\"),\"height\"===t.message?(1e3<(r=parseInt(t.value,10))?r=1e3:~~r<200&&(r=200),s.height=r):\"link\"===t.message&&(r=new URL(s.getAttribute(\"src\")),n=new URL(t.value),c.test(n.protocol))&&n.host===r.host&&l.activeElement===s&&(d.top.location.href=t.value))}},d.addEventListener(\"message\",d.wp.receiveEmbedMessage,!1),l.addEventListener(\"DOMContentLoaded\",function(){for(var e,t,s=l.querySelectorAll(\"iframe.wp-embedded-content\"),r=0;r<s.length;r++)(t=(e=s[r]).getAttribute(\"data-secret\"))||(t=Math.random().toString(36).substring(2,12),e.src+=\"#?secret=\"+t,e.setAttribute(\"data-secret\",t)),e.contentWindow.postMessage({message:\"ready\",secret:t},\"*\")},!1)))}(window,document);\n\/\/# sourceURL=https:\/\/avrupapress.com\/main\/wp-includes\/js\/wp-embed.min.js\n\/* ]]> *\/\n<\/script>\n","thumbnail_url":"https:\/\/avrupapress.com\/main\/wp-content\/uploads\/2025\/06\/thumbnail_Screenshot_20250611_215048_Samsung-Internet-1.jpg","thumbnail_width":1920,"thumbnail_height":1952,"description":"ba\u011f\u0131ms\u0131zl\u0131k referandumu d\u00fczenledi. Referandum \u00f6ncesi Bat\u0131l\u0131 \u00fclkelerden gelen olumlu mesajlar, K\u00fcrtler aras\u0131nda b\u00fcy\u00fck bir beklenti yaratt\u0131. Ancak oylaman\u0131n ard\u0131ndan ABD ve Avrupa \u00fclkeleri, Irak merkezi y\u00f6netimi ile T\u00fcrkiye ve \u0130ran\u2019\u0131n tepkisini dengelemek ad\u0131na K\u00fcrtleri yaln\u0131z b\u0131rakt\u0131. Bu yaln\u0131zl\u0131k, ekonomik yapt\u0131r\u0131mlar ve Kerk\u00fck\u2019\u00fcn kayb\u0131 gibi a\u011f\u0131r sonu\u00e7lara yol a\u00e7t\u0131. Benzer bir durum 2019\u2019da Suriye\u2019de ya\u015fand\u0131. ABD, [&hellip;]"}