{"version":"1.0","provider_name":"AvrupaPress","provider_url":"https:\/\/avrupapress.com\/main","author_name":"Edit\u00f6r","author_url":"https:\/\/avrupapress.com\/main\/author\/editor\/","title":"Bug\u00fcn : \u201cSaint-Josse\u2019de Secim var Oylarinizi dikkatli kullanin..... - AvrupaPress","type":"rich","width":600,"height":338,"html":"<blockquote class=\"wp-embedded-content\" data-secret=\"J25ag3Gxkz\"><a href=\"https:\/\/avrupapress.com\/main\/2025\/02\/09\/bugun-saint-jossede-secim-var-oylarinizi-dikkatli-kullanin\/\">Bug\u00fcn : \u201cSaint-Josse\u2019de Secim var Oylarinizi dikkatli kullanin&#8230;..<\/a><\/blockquote><iframe sandbox=\"allow-scripts\" security=\"restricted\" src=\"https:\/\/avrupapress.com\/main\/2025\/02\/09\/bugun-saint-jossede-secim-var-oylarinizi-dikkatli-kullanin\/embed\/#?secret=J25ag3Gxkz\" width=\"600\" height=\"338\" title=\"\u00ab\u00a0Bug\u00fcn : \u201cSaint-Josse\u2019de Secim var Oylarinizi dikkatli kullanin&#8230;..\u00a0\u00bb &#8212; AvrupaPress\" data-secret=\"J25ag3Gxkz\" frameborder=\"0\" marginwidth=\"0\" marginheight=\"0\" scrolling=\"no\" class=\"wp-embedded-content\"><\/iframe><script type=\"text\/javascript\">\n\/* <![CDATA[ *\/\n\/*! This file is auto-generated *\/\n!function(d,l){\"use strict\";l.querySelector&&d.addEventListener&&\"undefined\"!=typeof URL&&(d.wp=d.wp||{},d.wp.receiveEmbedMessage||(d.wp.receiveEmbedMessage=function(e){var t=e.data;if((t||t.secret||t.message||t.value)&&!\/[^a-zA-Z0-9]\/.test(t.secret)){for(var s,r,n,a=l.querySelectorAll('iframe[data-secret=\"'+t.secret+'\"]'),o=l.querySelectorAll('blockquote[data-secret=\"'+t.secret+'\"]'),c=new RegExp(\"^https?:$\",\"i\"),i=0;i<o.length;i++)o[i].style.display=\"none\";for(i=0;i<a.length;i++)s=a[i],e.source===s.contentWindow&&(s.removeAttribute(\"style\"),\"height\"===t.message?(1e3<(r=parseInt(t.value,10))?r=1e3:~~r<200&&(r=200),s.height=r):\"link\"===t.message&&(r=new URL(s.getAttribute(\"src\")),n=new URL(t.value),c.test(n.protocol))&&n.host===r.host&&l.activeElement===s&&(d.top.location.href=t.value))}},d.addEventListener(\"message\",d.wp.receiveEmbedMessage,!1),l.addEventListener(\"DOMContentLoaded\",function(){for(var e,t,s=l.querySelectorAll(\"iframe.wp-embedded-content\"),r=0;r<s.length;r++)(t=(e=s[r]).getAttribute(\"data-secret\"))||(t=Math.random().toString(36).substring(2,12),e.src+=\"#?secret=\"+t,e.setAttribute(\"data-secret\",t)),e.contentWindow.postMessage({message:\"ready\",secret:t},\"*\")},!1)))}(window,document);\n\/\/# sourceURL=https:\/\/avrupapress.com\/main\/wp-includes\/js\/wp-embed.min.js\n\/* ]]> *\/\n<\/script>\n","thumbnail_url":"https:\/\/avrupapress.com\/main\/wp-content\/uploads\/2025\/02\/IMG-20250208-WA0015.jpg","thumbnail_width":1600,"thumbnail_height":1200,"description":"\u0130brahim Danku\u015f: \u201cSaint-Josse\u2019de Aile Her \u015eeyden \u00d6nce Gelir\u201d Saint-Josse B\u00f6lgesi Belediye Ba\u015fkan Aday\u0131 \u0130brahim Danku\u015f, yakla\u015fan se\u00e7imler \u00f6ncesi \u00f6nemli mesajlar i\u00e7eren bir bas\u0131n a\u00e7\u0131klamas\u0131 yapt\u0131. T\u00fcrk k\u00f6kenli aday Danku\u015f, a\u00e7\u0131klamas\u0131nda ailenin toplumun temel ta\u015f\u0131 oldu\u011funu vurgulayarak, b\u00f6lge sakinlerine y\u00f6nelik projelerini payla\u015ft\u0131. Danku\u015f, Saint-Josse\u2019nin her ailenin kendini g\u00fcvende ve desteklenmi\u015f hissetti\u011fi bir yer olmas\u0131 gerekti\u011finin alt\u0131n\u0131 [&hellip;]"}