{"version":"1.0","provider_name":"AvrupaPress","provider_url":"https:\/\/avrupapress.com\/main","author_name":"Edit\u00f6r","author_url":"https:\/\/avrupapress.com\/main\/author\/editor\/","title":"Yar\u0131n St Josse belediyesinde se\u00e7im var. - AvrupaPress","type":"rich","width":600,"height":338,"html":"<blockquote class=\"wp-embedded-content\" data-secret=\"2mwX9HGH02\"><a href=\"https:\/\/avrupapress.com\/main\/2025\/02\/08\/yarin-st-josse-belediyesinde-secim-var\/\">Yar\u0131n St Josse belediyesinde se\u00e7im var.<\/a><\/blockquote><iframe sandbox=\"allow-scripts\" security=\"restricted\" src=\"https:\/\/avrupapress.com\/main\/2025\/02\/08\/yarin-st-josse-belediyesinde-secim-var\/embed\/#?secret=2mwX9HGH02\" width=\"600\" height=\"338\" title=\"\u00ab\u00a0Yar\u0131n St Josse belediyesinde se\u00e7im var.\u00a0\u00bb &#8212; AvrupaPress\" data-secret=\"2mwX9HGH02\" frameborder=\"0\" marginwidth=\"0\" marginheight=\"0\" scrolling=\"no\" class=\"wp-embedded-content\"><\/iframe><script type=\"text\/javascript\">\n\/* <![CDATA[ *\/\n\/*! This file is auto-generated *\/\n!function(d,l){\"use strict\";l.querySelector&&d.addEventListener&&\"undefined\"!=typeof URL&&(d.wp=d.wp||{},d.wp.receiveEmbedMessage||(d.wp.receiveEmbedMessage=function(e){var t=e.data;if((t||t.secret||t.message||t.value)&&!\/[^a-zA-Z0-9]\/.test(t.secret)){for(var s,r,n,a=l.querySelectorAll('iframe[data-secret=\"'+t.secret+'\"]'),o=l.querySelectorAll('blockquote[data-secret=\"'+t.secret+'\"]'),c=new RegExp(\"^https?:$\",\"i\"),i=0;i<o.length;i++)o[i].style.display=\"none\";for(i=0;i<a.length;i++)s=a[i],e.source===s.contentWindow&&(s.removeAttribute(\"style\"),\"height\"===t.message?(1e3<(r=parseInt(t.value,10))?r=1e3:~~r<200&&(r=200),s.height=r):\"link\"===t.message&&(r=new URL(s.getAttribute(\"src\")),n=new URL(t.value),c.test(n.protocol))&&n.host===r.host&&l.activeElement===s&&(d.top.location.href=t.value))}},d.addEventListener(\"message\",d.wp.receiveEmbedMessage,!1),l.addEventListener(\"DOMContentLoaded\",function(){for(var e,t,s=l.querySelectorAll(\"iframe.wp-embedded-content\"),r=0;r<s.length;r++)(t=(e=s[r]).getAttribute(\"data-secret\"))||(t=Math.random().toString(36).substring(2,12),e.src+=\"#?secret=\"+t,e.setAttribute(\"data-secret\",t)),e.contentWindow.postMessage({message:\"ready\",secret:t},\"*\")},!1)))}(window,document);\n\/\/# sourceURL=https:\/\/avrupapress.com\/main\/wp-includes\/js\/wp-embed.min.js\n\/* ]]> *\/\n<\/script>\n","thumbnail_url":"https:\/\/avrupapress.com\/main\/wp-content\/uploads\/2025\/02\/thumbnail_facebook_1739044455508_7294081115918807299-e1739048022358.jpg","thumbnail_width":200,"thumbnail_height":135,"description":"Yar\u0131n St Josse belediyesinde se\u00e7im var. Bel\u00e7ikada 580&rsquo;ne yak\u0131n belediye var ve ne hikmetse sadece ST JOSSE&rsquo;da se\u00e7ime tekrar gidiliyor. Bence bu bizim demokrasi ay\u0131b\u0131m\u0131z olarak g\u00f6r\u00fcyorum. Se\u00e7ime tekrar gitme sebebi a\u015fikard\u0131r ve oylar\u0131n \u00e7al\u0131nmas\u0131 y\u00fcz\u00fcndendir. Sadece birisini egosunu tatmin etmek i\u00e7in \u00e7ok g\u00fcl\u00fcn\u00e7 duruma d\u00fc\u015ft\u00fc\u011f\u00fcm\u00fcz\u00fcn fark\u0131nm\u0131y\u0131z acaba? Bu konuda hi\u00e7 gururlanacak de\u011filiz ve \u00a0Bel\u00e7ikal\u0131lar [&hellip;]"}