{"version":"1.0","provider_name":"AvrupaPress","provider_url":"https:\/\/avrupapress.com\/main","author_name":"Edit\u00f6r","author_url":"https:\/\/avrupapress.com\/main\/author\/editor\/","title":"Elaz\u0131\u011f Arslanl\u0131\u2019dan Irak\u2019a G\u00fc\u00e7l\u00fc \u0130hracat Hamlesi - AvrupaPress","type":"rich","width":600,"height":338,"html":"<blockquote class=\"wp-embedded-content\" data-secret=\"3jGzNixzxu\"><a href=\"https:\/\/avrupapress.com\/main\/2025\/02\/06\/elazig-arslanlidan-iraka-guclu-ihracat-hamlesi\/\">Elaz\u0131\u011f Arslanl\u0131\u2019dan Irak\u2019a G\u00fc\u00e7l\u00fc \u0130hracat Hamlesi<\/a><\/blockquote><iframe sandbox=\"allow-scripts\" security=\"restricted\" src=\"https:\/\/avrupapress.com\/main\/2025\/02\/06\/elazig-arslanlidan-iraka-guclu-ihracat-hamlesi\/embed\/#?secret=3jGzNixzxu\" width=\"600\" height=\"338\" title=\"\u00ab\u00a0Elaz\u0131\u011f Arslanl\u0131\u2019dan Irak\u2019a G\u00fc\u00e7l\u00fc \u0130hracat Hamlesi\u00a0\u00bb &#8212; AvrupaPress\" data-secret=\"3jGzNixzxu\" frameborder=\"0\" marginwidth=\"0\" marginheight=\"0\" scrolling=\"no\" class=\"wp-embedded-content\"><\/iframe><script type=\"text\/javascript\">\n\/* <![CDATA[ *\/\n\/*! This file is auto-generated *\/\n!function(d,l){\"use strict\";l.querySelector&&d.addEventListener&&\"undefined\"!=typeof URL&&(d.wp=d.wp||{},d.wp.receiveEmbedMessage||(d.wp.receiveEmbedMessage=function(e){var t=e.data;if((t||t.secret||t.message||t.value)&&!\/[^a-zA-Z0-9]\/.test(t.secret)){for(var s,r,n,a=l.querySelectorAll('iframe[data-secret=\"'+t.secret+'\"]'),o=l.querySelectorAll('blockquote[data-secret=\"'+t.secret+'\"]'),c=new RegExp(\"^https?:$\",\"i\"),i=0;i<o.length;i++)o[i].style.display=\"none\";for(i=0;i<a.length;i++)s=a[i],e.source===s.contentWindow&&(s.removeAttribute(\"style\"),\"height\"===t.message?(1e3<(r=parseInt(t.value,10))?r=1e3:~~r<200&&(r=200),s.height=r):\"link\"===t.message&&(r=new URL(s.getAttribute(\"src\")),n=new URL(t.value),c.test(n.protocol))&&n.host===r.host&&l.activeElement===s&&(d.top.location.href=t.value))}},d.addEventListener(\"message\",d.wp.receiveEmbedMessage,!1),l.addEventListener(\"DOMContentLoaded\",function(){for(var e,t,s=l.querySelectorAll(\"iframe.wp-embedded-content\"),r=0;r<s.length;r++)(t=(e=s[r]).getAttribute(\"data-secret\"))||(t=Math.random().toString(36).substring(2,12),e.src+=\"#?secret=\"+t,e.setAttribute(\"data-secret\",t)),e.contentWindow.postMessage({message:\"ready\",secret:t},\"*\")},!1)))}(window,document);\n\/\/# sourceURL=https:\/\/avrupapress.com\/main\/wp-includes\/js\/wp-embed.min.js\n\/* ]]> *\/\n<\/script>\n","thumbnail_url":"https:\/\/avrupapress.com\/main\/wp-content\/uploads\/2025\/02\/IMG-20250206-WA0021.jpg","thumbnail_width":1600,"thumbnail_height":1066,"description":"Elaz\u0131\u011f\u2019\u0131n uluslararas\u0131 alandaki g\u00fc\u00e7l\u00fc temsilcilerinden biri olan Arslanl\u0131 A.\u015e., Irak\u2019a y\u00f6nelik ihracat \u00e7al\u0131\u015fmalar\u0131n\u0131 h\u0131z kesmeden s\u00fcrd\u00fcr\u00fcyor. Kolo\u011flu Holding i\u015ftiraki olan ve yap\u0131 kimyasallar\u0131, al\u00e7\u0131 ve al\u00e7\u0131 plaka \u00fcretiminde \u00f6nc\u00fc konumda bulunan Arslanl\u0131 A.\u015e., Irak pazar\u0131ndaki etkinli\u011fini art\u0131rmak amac\u0131yla \u00f6nemli temaslarda bulundu. Arslanl\u0131 A.\u015e. \u0130hracat Genel Sorumlusu Mustafa Sinan Duymu\u015f ve \u015firketin Irak distrib\u00fct\u00f6r\u00fc Aslan Global [&hellip;]"}