{"version":"1.0","provider_name":"AvrupaPress","provider_url":"https:\/\/avrupapress.com\/main","author_name":"Edit\u00f6r","author_url":"https:\/\/avrupapress.com\/main\/author\/editor\/","title":"Afyonkarahisar Belediyesi EMITT 2025\u2019te Yerini Ald\u0131 - AvrupaPress","type":"rich","width":600,"height":338,"html":"<blockquote class=\"wp-embedded-content\" data-secret=\"0WYQmUKwcc\"><a href=\"https:\/\/avrupapress.com\/main\/2025\/02\/05\/afyonkarahisar-belediyesi-emitt-2025te-yerini-aldi\/\">Afyonkarahisar Belediyesi EMITT 2025\u2019te Yerini Ald\u0131<\/a><\/blockquote><iframe sandbox=\"allow-scripts\" security=\"restricted\" src=\"https:\/\/avrupapress.com\/main\/2025\/02\/05\/afyonkarahisar-belediyesi-emitt-2025te-yerini-aldi\/embed\/#?secret=0WYQmUKwcc\" width=\"600\" height=\"338\" title=\"\u00ab\u00a0Afyonkarahisar Belediyesi EMITT 2025\u2019te Yerini Ald\u0131\u00a0\u00bb &#8212; AvrupaPress\" data-secret=\"0WYQmUKwcc\" frameborder=\"0\" marginwidth=\"0\" marginheight=\"0\" scrolling=\"no\" class=\"wp-embedded-content\"><\/iframe><script type=\"text\/javascript\">\n\/* <![CDATA[ *\/\n\/*! This file is auto-generated *\/\n!function(d,l){\"use strict\";l.querySelector&&d.addEventListener&&\"undefined\"!=typeof URL&&(d.wp=d.wp||{},d.wp.receiveEmbedMessage||(d.wp.receiveEmbedMessage=function(e){var t=e.data;if((t||t.secret||t.message||t.value)&&!\/[^a-zA-Z0-9]\/.test(t.secret)){for(var s,r,n,a=l.querySelectorAll('iframe[data-secret=\"'+t.secret+'\"]'),o=l.querySelectorAll('blockquote[data-secret=\"'+t.secret+'\"]'),c=new RegExp(\"^https?:$\",\"i\"),i=0;i<o.length;i++)o[i].style.display=\"none\";for(i=0;i<a.length;i++)s=a[i],e.source===s.contentWindow&&(s.removeAttribute(\"style\"),\"height\"===t.message?(1e3<(r=parseInt(t.value,10))?r=1e3:~~r<200&&(r=200),s.height=r):\"link\"===t.message&&(r=new URL(s.getAttribute(\"src\")),n=new URL(t.value),c.test(n.protocol))&&n.host===r.host&&l.activeElement===s&&(d.top.location.href=t.value))}},d.addEventListener(\"message\",d.wp.receiveEmbedMessage,!1),l.addEventListener(\"DOMContentLoaded\",function(){for(var e,t,s=l.querySelectorAll(\"iframe.wp-embedded-content\"),r=0;r<s.length;r++)(t=(e=s[r]).getAttribute(\"data-secret\"))||(t=Math.random().toString(36).substring(2,12),e.src+=\"#?secret=\"+t,e.setAttribute(\"data-secret\",t)),e.contentWindow.postMessage({message:\"ready\",secret:t},\"*\")},!1)))}(window,document);\n\/\/# sourceURL=https:\/\/avrupapress.com\/main\/wp-includes\/js\/wp-embed.min.js\n\/* ]]> *\/\n<\/script>\n","thumbnail_url":"https:\/\/avrupapress.com\/main\/wp-content\/uploads\/2025\/02\/67a36bbab3199_Screenshot_9.png","thumbnail_width":761,"thumbnail_height":540,"description":"Ba\u015fkan Yard\u0131mc\u0131s\u0131 \u00d6mer Y\u0131ld\u0131z A\u00e7\u0131l\u0131\u015fa Kat\u0131ld\u0131 D\u00fcnyan\u0131n en b\u00fcy\u00fck turizm fuarlar\u0131ndan biri olan EMITT 2025\u2019te Afyonkarahisar Belediyesi, \u015fehrin tan\u0131t\u0131m\u0131 i\u00e7in stant a\u00e7t\u0131. Belediye yetkilileri, fuar boyunca ziyaret\u00e7ilere Afyonkarahisar\u2019\u0131n k\u00fclt\u00fcrel ve turistik de\u011ferlerini anlat\u0131yor. Afyonkarahisar Belediyesi sosyal medya hesaplar\u0131ndan yap\u0131lan payla\u015f\u0131mda, \u201c\u015eehrimizi en g\u00fczel \u015fekilde temsil ediyoruz. Ba\u015fkan Yard\u0131mc\u0131s\u0131 \u00d6mer Y\u0131ld\u0131z&rsquo;K\u00fclt\u00fcr sosyal i\u015fler M\u00fcd\u00fcr\u00fc S\u00fcleyman Kodal\u0131n [&hellip;]"}