{"version":"1.0","provider_name":"AvrupaPress","provider_url":"https:\/\/avrupapress.com\/main","author_name":"Edit\u00f6r","author_url":"https:\/\/avrupapress.com\/main\/author\/editor\/","title":"Karaman'da \u00c7ileli Anne, K\u0131z\u0131na Kavu\u015fmak \u0130\u00e7in M\u00fccadele Ediyor - AvrupaPress","type":"rich","width":600,"height":338,"html":"<blockquote class=\"wp-embedded-content\" data-secret=\"kMFVHPxPif\"><a href=\"https:\/\/avrupapress.com\/main\/2024\/10\/03\/karamanda-cileli-anne-kizina-kavusmak-icin-mucadele-ediyor\/\">Karaman&rsquo;da \u00c7ileli Anne, K\u0131z\u0131na Kavu\u015fmak \u0130\u00e7in M\u00fccadele Ediyor<\/a><\/blockquote><iframe sandbox=\"allow-scripts\" security=\"restricted\" src=\"https:\/\/avrupapress.com\/main\/2024\/10\/03\/karamanda-cileli-anne-kizina-kavusmak-icin-mucadele-ediyor\/embed\/#?secret=kMFVHPxPif\" width=\"600\" height=\"338\" title=\"\u00ab\u00a0Karaman&rsquo;da \u00c7ileli Anne, K\u0131z\u0131na Kavu\u015fmak \u0130\u00e7in M\u00fccadele Ediyor\u00a0\u00bb &#8212; AvrupaPress\" data-secret=\"kMFVHPxPif\" frameborder=\"0\" marginwidth=\"0\" marginheight=\"0\" scrolling=\"no\" class=\"wp-embedded-content\"><\/iframe><script type=\"text\/javascript\">\n\/* <![CDATA[ *\/\n\/*! This file is auto-generated *\/\n!function(d,l){\"use strict\";l.querySelector&&d.addEventListener&&\"undefined\"!=typeof URL&&(d.wp=d.wp||{},d.wp.receiveEmbedMessage||(d.wp.receiveEmbedMessage=function(e){var t=e.data;if((t||t.secret||t.message||t.value)&&!\/[^a-zA-Z0-9]\/.test(t.secret)){for(var s,r,n,a=l.querySelectorAll('iframe[data-secret=\"'+t.secret+'\"]'),o=l.querySelectorAll('blockquote[data-secret=\"'+t.secret+'\"]'),c=new RegExp(\"^https?:$\",\"i\"),i=0;i<o.length;i++)o[i].style.display=\"none\";for(i=0;i<a.length;i++)s=a[i],e.source===s.contentWindow&&(s.removeAttribute(\"style\"),\"height\"===t.message?(1e3<(r=parseInt(t.value,10))?r=1e3:~~r<200&&(r=200),s.height=r):\"link\"===t.message&&(r=new URL(s.getAttribute(\"src\")),n=new URL(t.value),c.test(n.protocol))&&n.host===r.host&&l.activeElement===s&&(d.top.location.href=t.value))}},d.addEventListener(\"message\",d.wp.receiveEmbedMessage,!1),l.addEventListener(\"DOMContentLoaded\",function(){for(var e,t,s=l.querySelectorAll(\"iframe.wp-embedded-content\"),r=0;r<s.length;r++)(t=(e=s[r]).getAttribute(\"data-secret\"))||(t=Math.random().toString(36).substring(2,12),e.src+=\"#?secret=\"+t,e.setAttribute(\"data-secret\",t)),e.contentWindow.postMessage({message:\"ready\",secret:t},\"*\")},!1)))}(window,document);\n\/\/# sourceURL=https:\/\/avrupapress.com\/main\/wp-includes\/js\/wp-embed.min.js\n\/* ]]> *\/\n<\/script>\n","thumbnail_url":"https:\/\/avrupapress.com\/main\/wp-content\/uploads\/2024\/10\/thumbnail_Screenshot_20241003_135351_Microsoft-365-Office.jpg","thumbnail_width":1080,"thumbnail_height":475,"description":"Zehra Ceylan k\u0131z\u0131n\u0131 yeniden kazanmak i\u00e7in umut dolu \u00e7abas\u0131n\u0131 Karamandan.com\u2019a anlatt\u0131. Beykent Escort Karaman&rsquo;da ya\u015fayan Zehra Ceylan (49), maddi zorluklar nedeniyle 4 ya\u015f\u0131ndaki k\u0131z\u0131n\u0131 Sevgi Evi\u2019ne vermek zorunda kalm\u0131\u015ft\u0131. Ancak Ceylan, k\u0131z\u0131n\u0131 geri almak i\u00e7in y\u0131llard\u0131r s\u00fcren m\u00fccadelesini s\u00fcrd\u00fcr\u00fcyor. Ya\u015fam\u0131 boyunca bir\u00e7ok zorlukla kar\u015f\u0131la\u015fan Ceylan, k\u0131z\u0131na kavu\u015fabilmek i\u00e7in t\u00fcm yasal yollar\u0131 deniyor. Hen\u00fcz 8 ya\u015f\u0131ndayken [&hellip;]"}