{"version":"1.0","provider_name":"AvrupaPress","provider_url":"https:\/\/avrupapress.com\/main","author_name":"Edit\u00f6r","author_url":"https:\/\/avrupapress.com\/main\/author\/editor\/","title":"KGK, \u00fc\u00e7\u00fcnc\u00fc iftar bulu\u015fmas\u0131 Osmaniye\u2019deydi - AvrupaPress","type":"rich","width":600,"height":338,"html":"<blockquote class=\"wp-embedded-content\" data-secret=\"oFvN4sOtQj\"><a href=\"https:\/\/avrupapress.com\/main\/2024\/03\/25\/kgk-ucuncu-iftar-bulusmasi-osmaniyedeydi\/\">KGK, \u00fc\u00e7\u00fcnc\u00fc iftar bulu\u015fmas\u0131 Osmaniye\u2019deydi<\/a><\/blockquote><iframe sandbox=\"allow-scripts\" security=\"restricted\" src=\"https:\/\/avrupapress.com\/main\/2024\/03\/25\/kgk-ucuncu-iftar-bulusmasi-osmaniyedeydi\/embed\/#?secret=oFvN4sOtQj\" width=\"600\" height=\"338\" title=\"\u00ab\u00a0KGK, \u00fc\u00e7\u00fcnc\u00fc iftar bulu\u015fmas\u0131 Osmaniye\u2019deydi\u00a0\u00bb &#8212; AvrupaPress\" data-secret=\"oFvN4sOtQj\" frameborder=\"0\" marginwidth=\"0\" marginheight=\"0\" scrolling=\"no\" class=\"wp-embedded-content\"><\/iframe><script type=\"text\/javascript\">\n\/* <![CDATA[ *\/\n\/*! This file is auto-generated *\/\n!function(d,l){\"use strict\";l.querySelector&&d.addEventListener&&\"undefined\"!=typeof URL&&(d.wp=d.wp||{},d.wp.receiveEmbedMessage||(d.wp.receiveEmbedMessage=function(e){var t=e.data;if((t||t.secret||t.message||t.value)&&!\/[^a-zA-Z0-9]\/.test(t.secret)){for(var s,r,n,a=l.querySelectorAll('iframe[data-secret=\"'+t.secret+'\"]'),o=l.querySelectorAll('blockquote[data-secret=\"'+t.secret+'\"]'),c=new RegExp(\"^https?:$\",\"i\"),i=0;i<o.length;i++)o[i].style.display=\"none\";for(i=0;i<a.length;i++)s=a[i],e.source===s.contentWindow&&(s.removeAttribute(\"style\"),\"height\"===t.message?(1e3<(r=parseInt(t.value,10))?r=1e3:~~r<200&&(r=200),s.height=r):\"link\"===t.message&&(r=new URL(s.getAttribute(\"src\")),n=new URL(t.value),c.test(n.protocol))&&n.host===r.host&&l.activeElement===s&&(d.top.location.href=t.value))}},d.addEventListener(\"message\",d.wp.receiveEmbedMessage,!1),l.addEventListener(\"DOMContentLoaded\",function(){for(var e,t,s=l.querySelectorAll(\"iframe.wp-embedded-content\"),r=0;r<s.length;r++)(t=(e=s[r]).getAttribute(\"data-secret\"))||(t=Math.random().toString(36).substring(2,12),e.src+=\"#?secret=\"+t,e.setAttribute(\"data-secret\",t)),e.contentWindow.postMessage({message:\"ready\",secret:t},\"*\")},!1)))}(window,document);\n\/\/# sourceURL=https:\/\/avrupapress.com\/main\/wp-includes\/js\/wp-embed.min.js\n\/* ]]> *\/\n<\/script>\n","thumbnail_url":"https:\/\/avrupapress.com\/main\/wp-content\/uploads\/2024\/03\/IMG-20240325-WA0010.jpg","thumbnail_width":1024,"thumbnail_height":768,"description":"K\u00fcresel Gazeteciler Konseyi (KGK) Do\u011fu Akdeniz b\u00f6lgesinden 7 il temsilcisi ve bas\u0131n mensuplar\u0131n\u0131 Osmaniye\u2019deki iftar program\u0131nda bulu\u015fturdu. K\u00dcRESEL Gazeteciler Konseyi (KGK)\u2018nin geleneksel olarak d\u00fczenledi\u011fi b\u00f6lgesel iftar yeme\u011fine bu y\u0131l Osmaniye Gazeteciler Cemiyeti ev sahipli\u011finde yapt\u0131. \u0130ftara, K\u00fcresel Gazeteciler Konseyi Genel Ba\u015fkan\u0131 Mehmet Ali Dim, Osmaniye Gazeteciler Cemiyeti Ba\u015fkan\u0131 ve KGK \u0130l Temsilcisi \u0130srafil Avc\u0131, T\u00fcrk [&hellip;]"}