{"version":"1.0","provider_name":"AvrupaPress","provider_url":"https:\/\/avrupapress.com\/main","author_name":"Edit\u00f6r","author_url":"https:\/\/avrupapress.com\/main\/author\/editor\/","title":"ALMANYA S\u0130YASET\u0130NE A\u011eIRLI\u011eIMIZI KOYALIM! - AvrupaPress","type":"rich","width":600,"height":338,"html":"<blockquote class=\"wp-embedded-content\" data-secret=\"bWueMnXfwx\"><a href=\"https:\/\/avrupapress.com\/main\/2024\/02\/12\/almanya-siyasetine-agirligimizi-koyalim\/\">ALMANYA S\u0130YASET\u0130NE A\u011eIRLI\u011eIMIZI KOYALIM!<\/a><\/blockquote><iframe sandbox=\"allow-scripts\" security=\"restricted\" src=\"https:\/\/avrupapress.com\/main\/2024\/02\/12\/almanya-siyasetine-agirligimizi-koyalim\/embed\/#?secret=bWueMnXfwx\" width=\"600\" height=\"338\" title=\"\u00ab\u00a0ALMANYA S\u0130YASET\u0130NE A\u011eIRLI\u011eIMIZI KOYALIM!\u00a0\u00bb &#8212; AvrupaPress\" data-secret=\"bWueMnXfwx\" frameborder=\"0\" marginwidth=\"0\" marginheight=\"0\" scrolling=\"no\" class=\"wp-embedded-content\"><\/iframe><script type=\"text\/javascript\">\n\/* <![CDATA[ *\/\n\/*! This file is auto-generated *\/\n!function(d,l){\"use strict\";l.querySelector&&d.addEventListener&&\"undefined\"!=typeof URL&&(d.wp=d.wp||{},d.wp.receiveEmbedMessage||(d.wp.receiveEmbedMessage=function(e){var t=e.data;if((t||t.secret||t.message||t.value)&&!\/[^a-zA-Z0-9]\/.test(t.secret)){for(var s,r,n,a=l.querySelectorAll('iframe[data-secret=\"'+t.secret+'\"]'),o=l.querySelectorAll('blockquote[data-secret=\"'+t.secret+'\"]'),c=new RegExp(\"^https?:$\",\"i\"),i=0;i<o.length;i++)o[i].style.display=\"none\";for(i=0;i<a.length;i++)s=a[i],e.source===s.contentWindow&&(s.removeAttribute(\"style\"),\"height\"===t.message?(1e3<(r=parseInt(t.value,10))?r=1e3:~~r<200&&(r=200),s.height=r):\"link\"===t.message&&(r=new URL(s.getAttribute(\"src\")),n=new URL(t.value),c.test(n.protocol))&&n.host===r.host&&l.activeElement===s&&(d.top.location.href=t.value))}},d.addEventListener(\"message\",d.wp.receiveEmbedMessage,!1),l.addEventListener(\"DOMContentLoaded\",function(){for(var e,t,s=l.querySelectorAll(\"iframe.wp-embedded-content\"),r=0;r<s.length;r++)(t=(e=s[r]).getAttribute(\"data-secret\"))||(t=Math.random().toString(36).substring(2,12),e.src+=\"#?secret=\"+t,e.setAttribute(\"data-secret\",t)),e.contentWindow.postMessage({message:\"ready\",secret:t},\"*\")},!1)))}(window,document);\n\/\/# sourceURL=https:\/\/avrupapress.com\/main\/wp-includes\/js\/wp-embed.min.js\n\/* ]]> *\/\n<\/script>\n","thumbnail_url":"https:\/\/avrupapress.com\/main\/wp-content\/uploads\/2024\/02\/thumbnail_Screenshot_20240210_165230_WhatsApp-e1707774768635.jpg","thumbnail_width":703,"thumbnail_height":617,"description":"Modern Vatanda\u015fl\u0131k Yasas\u0131\u2019n\u0131n Federal Meclis\u2019ten sonra Eyaletler Meclisi\u2019nde de kabul edilmesinden mutluluk duyduklar\u0131n\u0131 belirten Se\u00e7im Hakk\u0131 Giri\u015fimi Ba\u015fkan\u0131 Bahattin Gemici \u015eans\u00f6lye Olaf Scholz\u2019a ve koalisyon partilerine te\u015fekk\u00fcr etti. Yurtta\u015flar\u0131m\u0131za seslenen Gemici, \u201cAlman partilerine \u00fcye olal\u0131m, siyasete a\u011f\u0131rl\u0131\u011f\u0131m\u0131z\u0131 koyal\u0131m.\u201d dedi. \u00a0\u00a0\u00a0HERTEN \u00a0\u00a0 \u00c7ifte vatanda\u015fl\u0131k yolunu a\u00e7an Almanya \u015eans\u00f6lyesi Olaf Scholz ile koalisyonu olu\u015fturan Sosyal Demokrat Parti [&hellip;]"}