{"version":"1.0","provider_name":"AvrupaPress","provider_url":"https:\/\/avrupapress.com\/main","author_name":"Edit\u00f6r","author_url":"https:\/\/avrupapress.com\/main\/author\/editor\/","title":"Emirda\u011fl\u0131 Elmas Ba\u015fo\u011flu Avrupa \u015eampiyonu Oldu\u2026 - AvrupaPress","type":"rich","width":600,"height":338,"html":"<blockquote class=\"wp-embedded-content\" data-secret=\"buRl4R66Td\"><a href=\"https:\/\/avrupapress.com\/main\/2023\/03\/28\/emirdagli-elmas-basoglu-avrupa-sampiyonu-oldu\/\">Emirda\u011fl\u0131  Elmas Ba\u015fo\u011flu Avrupa \u015eampiyonu Oldu\u2026<\/a><\/blockquote><iframe sandbox=\"allow-scripts\" security=\"restricted\" src=\"https:\/\/avrupapress.com\/main\/2023\/03\/28\/emirdagli-elmas-basoglu-avrupa-sampiyonu-oldu\/embed\/#?secret=buRl4R66Td\" width=\"600\" height=\"338\" title=\"\u00ab\u00a0Emirda\u011fl\u0131  Elmas Ba\u015fo\u011flu Avrupa \u015eampiyonu Oldu\u2026\u00a0\u00bb &#8212; AvrupaPress\" data-secret=\"buRl4R66Td\" frameborder=\"0\" marginwidth=\"0\" marginheight=\"0\" scrolling=\"no\" class=\"wp-embedded-content\"><\/iframe><script type=\"text\/javascript\">\n\/* <![CDATA[ *\/\n\/*! This file is auto-generated *\/\n!function(d,l){\"use strict\";l.querySelector&&d.addEventListener&&\"undefined\"!=typeof URL&&(d.wp=d.wp||{},d.wp.receiveEmbedMessage||(d.wp.receiveEmbedMessage=function(e){var t=e.data;if((t||t.secret||t.message||t.value)&&!\/[^a-zA-Z0-9]\/.test(t.secret)){for(var s,r,n,a=l.querySelectorAll('iframe[data-secret=\"'+t.secret+'\"]'),o=l.querySelectorAll('blockquote[data-secret=\"'+t.secret+'\"]'),c=new RegExp(\"^https?:$\",\"i\"),i=0;i<o.length;i++)o[i].style.display=\"none\";for(i=0;i<a.length;i++)s=a[i],e.source===s.contentWindow&&(s.removeAttribute(\"style\"),\"height\"===t.message?(1e3<(r=parseInt(t.value,10))?r=1e3:~~r<200&&(r=200),s.height=r):\"link\"===t.message&&(r=new URL(s.getAttribute(\"src\")),n=new URL(t.value),c.test(n.protocol))&&n.host===r.host&&l.activeElement===s&&(d.top.location.href=t.value))}},d.addEventListener(\"message\",d.wp.receiveEmbedMessage,!1),l.addEventListener(\"DOMContentLoaded\",function(){for(var e,t,s=l.querySelectorAll(\"iframe.wp-embedded-content\"),r=0;r<s.length;r++)(t=(e=s[r]).getAttribute(\"data-secret\"))||(t=Math.random().toString(36).substring(2,12),e.src+=\"#?secret=\"+t,e.setAttribute(\"data-secret\",t)),e.contentWindow.postMessage({message:\"ready\",secret:t},\"*\")},!1)))}(window,document);\n\/\/# sourceURL=https:\/\/avrupapress.com\/main\/wp-includes\/js\/wp-embed.min.js\n\/* ]]> *\/\n<\/script>\n","thumbnail_url":"https:\/\/avrupapress.com\/main\/wp-content\/uploads\/2023\/03\/13-yasindaki-sporcu-avrupa-sampiyonu-oldu-9454.jpg","thumbnail_width":641,"thumbnail_height":380,"description":"Emirda\u011fl\u0131 Elmas Basoglu Avrupa \u015eampiyonu Oldu\u2026 Emirda\u011f il\u00e7esindeki T\u00fcrkiye Muaythai \u015eampiyonu 13 ya\u015f\u0131ndaki sporcu Elmas Ba\u015fo\u011flu H\u0131rvat rakibini yenerek Avrupa \u015eampiyonu oldu. Afyonkarahisar\u2019\u0131 temsilen 6 \u015eubat ta Antalya\u2019da d\u00fczenlenen T\u00fcrkiye Muaythai \u015eampiyonas\u0131na kat\u0131lan 13 ya\u015f\u0131ndaki sporcu Elmas Ba\u015fo\u011flu rakiplerini ge\u00e7erek T\u00fcrkiye \u015eampiyonu oldu. yat\u0131r\u0131ms\u0131z bonus Bu \u015fampiyonan\u0131n ard\u0131ndan 21-28 Mart 2023 tarihleri aras\u0131nda Ankara\u2019da d\u00fczenlenen [&hellip;]"}