{"version":"1.0","provider_name":"AvrupaPress","provider_url":"https:\/\/avrupapress.com\/main","author_name":"Edit\u00f6r","author_url":"https:\/\/avrupapress.com\/main\/author\/editor\/","title":"Eski\u015fehir Fatih Fen Liseliler \u2018Pilav G\u00fcn\u00fc\u2019nde bulu\u015ftu - AvrupaPress","type":"rich","width":600,"height":338,"html":"<blockquote class=\"wp-embedded-content\" data-secret=\"1Lht1ZIXZA\"><a href=\"https:\/\/avrupapress.com\/main\/2022\/09\/01\/eskisehir-fatih-fen-liseliler-pilav-gununde-bulustu\/\">Eski\u015fehir Fatih Fen Liseliler \u2018Pilav G\u00fcn\u00fc\u2019nde bulu\u015ftu<\/a><\/blockquote><iframe sandbox=\"allow-scripts\" security=\"restricted\" src=\"https:\/\/avrupapress.com\/main\/2022\/09\/01\/eskisehir-fatih-fen-liseliler-pilav-gununde-bulustu\/embed\/#?secret=1Lht1ZIXZA\" width=\"600\" height=\"338\" title=\"\u00ab\u00a0Eski\u015fehir Fatih Fen Liseliler \u2018Pilav G\u00fcn\u00fc\u2019nde bulu\u015ftu\u00a0\u00bb &#8212; AvrupaPress\" data-secret=\"1Lht1ZIXZA\" frameborder=\"0\" marginwidth=\"0\" marginheight=\"0\" scrolling=\"no\" class=\"wp-embedded-content\"><\/iframe><script type=\"text\/javascript\">\n\/* <![CDATA[ *\/\n\/*! This file is auto-generated *\/\n!function(d,l){\"use strict\";l.querySelector&&d.addEventListener&&\"undefined\"!=typeof URL&&(d.wp=d.wp||{},d.wp.receiveEmbedMessage||(d.wp.receiveEmbedMessage=function(e){var t=e.data;if((t||t.secret||t.message||t.value)&&!\/[^a-zA-Z0-9]\/.test(t.secret)){for(var s,r,n,a=l.querySelectorAll('iframe[data-secret=\"'+t.secret+'\"]'),o=l.querySelectorAll('blockquote[data-secret=\"'+t.secret+'\"]'),c=new RegExp(\"^https?:$\",\"i\"),i=0;i<o.length;i++)o[i].style.display=\"none\";for(i=0;i<a.length;i++)s=a[i],e.source===s.contentWindow&&(s.removeAttribute(\"style\"),\"height\"===t.message?(1e3<(r=parseInt(t.value,10))?r=1e3:~~r<200&&(r=200),s.height=r):\"link\"===t.message&&(r=new URL(s.getAttribute(\"src\")),n=new URL(t.value),c.test(n.protocol))&&n.host===r.host&&l.activeElement===s&&(d.top.location.href=t.value))}},d.addEventListener(\"message\",d.wp.receiveEmbedMessage,!1),l.addEventListener(\"DOMContentLoaded\",function(){for(var e,t,s=l.querySelectorAll(\"iframe.wp-embedded-content\"),r=0;r<s.length;r++)(t=(e=s[r]).getAttribute(\"data-secret\"))||(t=Math.random().toString(36).substring(2,12),e.src+=\"#?secret=\"+t,e.setAttribute(\"data-secret\",t)),e.contentWindow.postMessage({message:\"ready\",secret:t},\"*\")},!1)))}(window,document);\n\/\/# sourceURL=https:\/\/avrupapress.com\/main\/wp-includes\/js\/wp-embed.min.js\n\/* ]]> *\/\n<\/script>\n","thumbnail_url":"https:\/\/avrupapress.com\/main\/wp-content\/uploads\/2022\/09\/2.jpg","thumbnail_width":1560,"thumbnail_height":1040,"description":"HABER \/ FOTO\u011eRAF: ERTU\u011eRUL ALTINEL \u2013 B\u0130LG\u0130N \u00d6Z\u00c7\u0130FT\u00c7\u0130 \u2013 AVRUPA PRESS \u2013 BEL\u00c7\u0130KA Eski\u015fehir Fatih Fen Lisesi\u2019nde geni\u015f kat\u0131l\u0131ml\u0131 \u2018Pilav G\u00fcn\u00fc\u2019 d\u00fczenlendi. Eski\u015fehir Fatih Fen Lisesi\u2019nin bah\u00e7esinde geleneksel olarak d\u00fczenlenen \u2018Pilav G\u00fcn\u00fc\u2019nde 1992 y\u0131l\u0131ndan bu yana mezun \u00f6\u011frencilerden olu\u015fan yo\u011fun kalabal\u0131k bir topluluk ile okulun emekli olmu\u015f ve halen \u00e7al\u0131\u015fan \u00f6\u011fretmenleri kat\u0131ld\u0131. Pilav ikram\u0131 s\u0131ras\u0131nda; [&hellip;]"}