{"version":"1.0","provider_name":"AvrupaPress","provider_url":"https:\/\/avrupapress.com\/main","author_name":"Edit\u00f6r","author_url":"https:\/\/avrupapress.com\/main\/author\/editor\/","title":"EYB\u0130LDER\u2019den \u2018a\u015fure ikram\u0131\u2019 - AvrupaPress","type":"rich","width":600,"height":338,"html":"<blockquote class=\"wp-embedded-content\" data-secret=\"gEWLxzjdan\"><a href=\"https:\/\/avrupapress.com\/main\/2022\/08\/27\/eybilderden-asure-ikrami\/\">EYB\u0130LDER\u2019den \u2018a\u015fure ikram\u0131\u2019<\/a><\/blockquote><iframe sandbox=\"allow-scripts\" security=\"restricted\" src=\"https:\/\/avrupapress.com\/main\/2022\/08\/27\/eybilderden-asure-ikrami\/embed\/#?secret=gEWLxzjdan\" width=\"600\" height=\"338\" title=\"\u00ab\u00a0EYB\u0130LDER\u2019den \u2018a\u015fure ikram\u0131\u2019\u00a0\u00bb &#8212; AvrupaPress\" data-secret=\"gEWLxzjdan\" frameborder=\"0\" marginwidth=\"0\" marginheight=\"0\" scrolling=\"no\" class=\"wp-embedded-content\"><\/iframe><script type=\"text\/javascript\">\n\/* <![CDATA[ *\/\n\/*! This file is auto-generated *\/\n!function(d,l){\"use strict\";l.querySelector&&d.addEventListener&&\"undefined\"!=typeof URL&&(d.wp=d.wp||{},d.wp.receiveEmbedMessage||(d.wp.receiveEmbedMessage=function(e){var t=e.data;if((t||t.secret||t.message||t.value)&&!\/[^a-zA-Z0-9]\/.test(t.secret)){for(var s,r,n,a=l.querySelectorAll('iframe[data-secret=\"'+t.secret+'\"]'),o=l.querySelectorAll('blockquote[data-secret=\"'+t.secret+'\"]'),c=new RegExp(\"^https?:$\",\"i\"),i=0;i<o.length;i++)o[i].style.display=\"none\";for(i=0;i<a.length;i++)s=a[i],e.source===s.contentWindow&&(s.removeAttribute(\"style\"),\"height\"===t.message?(1e3<(r=parseInt(t.value,10))?r=1e3:~~r<200&&(r=200),s.height=r):\"link\"===t.message&&(r=new URL(s.getAttribute(\"src\")),n=new URL(t.value),c.test(n.protocol))&&n.host===r.host&&l.activeElement===s&&(d.top.location.href=t.value))}},d.addEventListener(\"message\",d.wp.receiveEmbedMessage,!1),l.addEventListener(\"DOMContentLoaded\",function(){for(var e,t,s=l.querySelectorAll(\"iframe.wp-embedded-content\"),r=0;r<s.length;r++)(t=(e=s[r]).getAttribute(\"data-secret\"))||(t=Math.random().toString(36).substring(2,12),e.src+=\"#?secret=\"+t,e.setAttribute(\"data-secret\",t)),e.contentWindow.postMessage({message:\"ready\",secret:t},\"*\")},!1)))}(window,document);\n\/\/# sourceURL=https:\/\/avrupapress.com\/main\/wp-includes\/js\/wp-embed.min.js\n\/* ]]> *\/\n<\/script>\n","thumbnail_url":"https:\/\/avrupapress.com\/main\/wp-content\/uploads\/2022\/08\/thumbnail_EYBILDERden-\u2018asure-ikrami-3-1.jpg","thumbnail_width":1280,"thumbnail_height":771,"description":"HABER \/ FOTO\u011eRAF: ERTU\u011eRUL ALTINEL \u2013 B\u0130LG\u0130N \u00d6Z\u00c7\u0130FT\u00c7\u0130 \u2013 AVRUPA PRESS \u2013 BEL\u00c7\u0130KA Eski\u015fehir\u2019de Ya\u015fayan Bilecikler Derne\u011fi (EYB\u0130LDER)\u2019nin her y\u0131l geleneksel hale getirdi\u011fi \u2018a\u015fure ikram\u0131\u2019 bu y\u0131l da ger\u00e7ekle\u015ftirildi. A\u015fure ikram\u0131na, Eski\u015fehir\u2019de Ya\u015fayan Bilecikliler yo\u011fun ilgi g\u00f6sterdi. Eski\u015fehir\u2019de Ya\u015fayan Bilecikliler, birlik ve beraberlik i\u00e7in A\u015fure payla\u015f\u0131m\u0131 yapt\u0131lar. A\u015fure ikram\u0131 dernek binas\u0131nda ger\u00e7ekle\u015ftirildi. Dernek \u00fcyesi a\u015f\u00e7\u0131lar\u0131n [&hellip;]"}