{"version":"1.0","provider_name":"AvrupaPress","provider_url":"https:\/\/avrupapress.com\/main","author_name":"Edit\u00f6r","author_url":"https:\/\/avrupapress.com\/main\/author\/editor\/","title":"ESK\u0130\u015eEH\u0130R\u2019 DE MUTLULU\u011eUN FOTO\u011eRAFINI \u00c7EKEN AL\u0130 AMCA - AvrupaPress","type":"rich","width":600,"height":338,"html":"<blockquote class=\"wp-embedded-content\" data-secret=\"RxiZQdENWM\"><a href=\"https:\/\/avrupapress.com\/main\/2022\/06\/09\/eskisehir-de-mutlulugun-fotografini-ceken-ali-amca\/\">ESK\u0130\u015eEH\u0130R\u2019 DE MUTLULU\u011eUN FOTO\u011eRAFINI \u00c7EKEN AL\u0130 AMCA<\/a><\/blockquote><iframe sandbox=\"allow-scripts\" security=\"restricted\" src=\"https:\/\/avrupapress.com\/main\/2022\/06\/09\/eskisehir-de-mutlulugun-fotografini-ceken-ali-amca\/embed\/#?secret=RxiZQdENWM\" width=\"600\" height=\"338\" title=\"\u00ab\u00a0ESK\u0130\u015eEH\u0130R\u2019 DE MUTLULU\u011eUN FOTO\u011eRAFINI \u00c7EKEN AL\u0130 AMCA\u00a0\u00bb &#8212; AvrupaPress\" data-secret=\"RxiZQdENWM\" frameborder=\"0\" marginwidth=\"0\" marginheight=\"0\" scrolling=\"no\" class=\"wp-embedded-content\"><\/iframe><script type=\"text\/javascript\">\n\/* <![CDATA[ *\/\n\/*! This file is auto-generated *\/\n!function(d,l){\"use strict\";l.querySelector&&d.addEventListener&&\"undefined\"!=typeof URL&&(d.wp=d.wp||{},d.wp.receiveEmbedMessage||(d.wp.receiveEmbedMessage=function(e){var t=e.data;if((t||t.secret||t.message||t.value)&&!\/[^a-zA-Z0-9]\/.test(t.secret)){for(var s,r,n,a=l.querySelectorAll('iframe[data-secret=\"'+t.secret+'\"]'),o=l.querySelectorAll('blockquote[data-secret=\"'+t.secret+'\"]'),c=new RegExp(\"^https?:$\",\"i\"),i=0;i<o.length;i++)o[i].style.display=\"none\";for(i=0;i<a.length;i++)s=a[i],e.source===s.contentWindow&&(s.removeAttribute(\"style\"),\"height\"===t.message?(1e3<(r=parseInt(t.value,10))?r=1e3:~~r<200&&(r=200),s.height=r):\"link\"===t.message&&(r=new URL(s.getAttribute(\"src\")),n=new URL(t.value),c.test(n.protocol))&&n.host===r.host&&l.activeElement===s&&(d.top.location.href=t.value))}},d.addEventListener(\"message\",d.wp.receiveEmbedMessage,!1),l.addEventListener(\"DOMContentLoaded\",function(){for(var e,t,s=l.querySelectorAll(\"iframe.wp-embedded-content\"),r=0;r<s.length;r++)(t=(e=s[r]).getAttribute(\"data-secret\"))||(t=Math.random().toString(36).substring(2,12),e.src+=\"#?secret=\"+t,e.setAttribute(\"data-secret\",t)),e.contentWindow.postMessage({message:\"ready\",secret:t},\"*\")},!1)))}(window,document);\n\/\/# sourceURL=https:\/\/avrupapress.com\/main\/wp-includes\/js\/wp-embed.min.js\n\/* ]]> *\/\n<\/script>\n","thumbnail_url":"https:\/\/avrupapress.com\/main\/wp-content\/uploads\/2022\/06\/1654605307607.jpg","thumbnail_width":1009,"thumbnail_height":1009,"description":"Ali Amca Eski\u015fehir sokaklar\u0131nda mutlulu\u011fun foto\u011fraf\u0131n\u0131 \u00e7ekerek kendisinin y\u00f6netti\u011fi bir sayfa arac\u0131l\u0131\u011f\u0131 ile sosyal medya \u00fczerinden payla\u015f\u0131yor. Eski\u015fehir\u2019 de ya\u015fayan Ali Bey k\u00f6pe\u011fi Bal ile beraber y\u0131llarca Eski\u015fehir sokaklar\u0131nda dola\u015farak insanlarla k\u00f6pe\u011finin ayn\u0131 karede foto\u011fraflar\u0131n\u0131 \u00e7ekerek bu foto\u011fraflar\u0131 sosyal medya \u00fczerinden a\u00e7t\u0131\u011f\u0131 sayfas\u0131nda payla\u015ft\u0131. Ne yaz\u0131k ki 2019 y\u0131l\u0131nda k\u00f6pe\u011fi Bal\u2019 \u0131 kaybetti. Bu durumun [&hellip;]"}