{"version":"1.0","provider_name":"AvrupaPress","provider_url":"https:\/\/avrupapress.com\/main","author_name":"Edit\u00f6r","author_url":"https:\/\/avrupapress.com\/main\/author\/editor\/","title":"Akarba\u015f\u0131 T\u00fcrk Sanat M\u00fczi\u011fi Korosu \u2018Bahar Konseri\u2019 D\u00fczenledi - AvrupaPress","type":"rich","width":600,"height":338,"html":"<blockquote class=\"wp-embedded-content\" data-secret=\"MRA6jrVbSJ\"><a href=\"https:\/\/avrupapress.com\/main\/2022\/06\/09\/akarbasi-turk-sanat-muzigi-korosu-bahar-konseri-duzenledi\/\">Akarba\u015f\u0131 T\u00fcrk Sanat M\u00fczi\u011fi Korosu \u2018Bahar Konseri\u2019 D\u00fczenledi<\/a><\/blockquote><iframe sandbox=\"allow-scripts\" security=\"restricted\" src=\"https:\/\/avrupapress.com\/main\/2022\/06\/09\/akarbasi-turk-sanat-muzigi-korosu-bahar-konseri-duzenledi\/embed\/#?secret=MRA6jrVbSJ\" width=\"600\" height=\"338\" title=\"\u00ab\u00a0Akarba\u015f\u0131 T\u00fcrk Sanat M\u00fczi\u011fi Korosu \u2018Bahar Konseri\u2019 D\u00fczenledi\u00a0\u00bb &#8212; AvrupaPress\" data-secret=\"MRA6jrVbSJ\" frameborder=\"0\" marginwidth=\"0\" marginheight=\"0\" scrolling=\"no\" class=\"wp-embedded-content\"><\/iframe><script type=\"text\/javascript\">\n\/* <![CDATA[ *\/\n\/*! This file is auto-generated *\/\n!function(d,l){\"use strict\";l.querySelector&&d.addEventListener&&\"undefined\"!=typeof URL&&(d.wp=d.wp||{},d.wp.receiveEmbedMessage||(d.wp.receiveEmbedMessage=function(e){var t=e.data;if((t||t.secret||t.message||t.value)&&!\/[^a-zA-Z0-9]\/.test(t.secret)){for(var s,r,n,a=l.querySelectorAll('iframe[data-secret=\"'+t.secret+'\"]'),o=l.querySelectorAll('blockquote[data-secret=\"'+t.secret+'\"]'),c=new RegExp(\"^https?:$\",\"i\"),i=0;i<o.length;i++)o[i].style.display=\"none\";for(i=0;i<a.length;i++)s=a[i],e.source===s.contentWindow&&(s.removeAttribute(\"style\"),\"height\"===t.message?(1e3<(r=parseInt(t.value,10))?r=1e3:~~r<200&&(r=200),s.height=r):\"link\"===t.message&&(r=new URL(s.getAttribute(\"src\")),n=new URL(t.value),c.test(n.protocol))&&n.host===r.host&&l.activeElement===s&&(d.top.location.href=t.value))}},d.addEventListener(\"message\",d.wp.receiveEmbedMessage,!1),l.addEventListener(\"DOMContentLoaded\",function(){for(var e,t,s=l.querySelectorAll(\"iframe.wp-embedded-content\"),r=0;r<s.length;r++)(t=(e=s[r]).getAttribute(\"data-secret\"))||(t=Math.random().toString(36).substring(2,12),e.src+=\"#?secret=\"+t,e.setAttribute(\"data-secret\",t)),e.contentWindow.postMessage({message:\"ready\",secret:t},\"*\")},!1)))}(window,document);\n\/\/# sourceURL=https:\/\/avrupapress.com\/main\/wp-includes\/js\/wp-embed.min.js\n\/* ]]> *\/\n<\/script>\n","thumbnail_url":"https:\/\/avrupapress.com\/main\/wp-content\/uploads\/2022\/06\/thumbnail_1.jpg","thumbnail_width":517,"thumbnail_height":517,"description":"HABER \/ FOTO\u011eRAF: ERTU\u011eRUL ALTINEL \u2013 B\u0130LG\u0130N \u00d6Z\u00c7\u0130FT\u00c7\u0130 \u2013 AVRUPA PRESS &#8211; BEL\u00c7\u0130KA Akarba\u015f\u0131 T\u00fcrk Sanat M\u00fczi\u011fi Korosu; Eski\u015fehir Yunus Emre K\u00fclt\u00fcr Merkezi\u2019nde\u00a0 \u2018Bahar Konseri\u2019 d\u00fczenledi. Akarba\u015f\u0131 Mahallesi Muhtar\u0131 Ali Sel\u00e7uk Y\u00fcceland, Koro \u015eefi Meltem B\u00fcy\u00fckcan ve Koro Ba\u015fkan\u0131 Erol Aycan\u2019\u0131n birlikte olu\u015fturduklar\u0131 ve Eski\u015fehir\u2019de bir ilk olan Akarba\u015f\u0131 T\u00fcrk Sanat M\u00fczi\u011fi Korosu; \u2018Bahar Konseri\u2019 [&hellip;]"}