{"version":"1.0","provider_name":"AvrupaPress","provider_url":"https:\/\/avrupapress.com\/main","author_name":"Edit\u00f6r","author_url":"https:\/\/avrupapress.com\/main\/author\/editor\/","title":"Tahir Aydo\u011fdu \u0130nternet Korosu ilk konseri ilgi g\u00f6rd\u00fc - AvrupaPress","type":"rich","width":600,"height":338,"html":"<blockquote class=\"wp-embedded-content\" data-secret=\"39GrN1PXBe\"><a href=\"https:\/\/avrupapress.com\/main\/2022\/05\/27\/tahir-aydogdu-internet-korosu-ilk-konseri-ilgi-gordu\/\">Tahir Aydo\u011fdu \u0130nternet Korosu ilk konseri ilgi g\u00f6rd\u00fc<\/a><\/blockquote><iframe sandbox=\"allow-scripts\" security=\"restricted\" src=\"https:\/\/avrupapress.com\/main\/2022\/05\/27\/tahir-aydogdu-internet-korosu-ilk-konseri-ilgi-gordu\/embed\/#?secret=39GrN1PXBe\" width=\"600\" height=\"338\" title=\"\u00ab\u00a0Tahir Aydo\u011fdu \u0130nternet Korosu ilk konseri ilgi g\u00f6rd\u00fc\u00a0\u00bb &#8212; AvrupaPress\" data-secret=\"39GrN1PXBe\" frameborder=\"0\" marginwidth=\"0\" marginheight=\"0\" scrolling=\"no\" class=\"wp-embedded-content\"><\/iframe><script type=\"text\/javascript\">\n\/* <![CDATA[ *\/\n\/*! This file is auto-generated *\/\n!function(d,l){\"use strict\";l.querySelector&&d.addEventListener&&\"undefined\"!=typeof URL&&(d.wp=d.wp||{},d.wp.receiveEmbedMessage||(d.wp.receiveEmbedMessage=function(e){var t=e.data;if((t||t.secret||t.message||t.value)&&!\/[^a-zA-Z0-9]\/.test(t.secret)){for(var s,r,n,a=l.querySelectorAll('iframe[data-secret=\"'+t.secret+'\"]'),o=l.querySelectorAll('blockquote[data-secret=\"'+t.secret+'\"]'),c=new RegExp(\"^https?:$\",\"i\"),i=0;i<o.length;i++)o[i].style.display=\"none\";for(i=0;i<a.length;i++)s=a[i],e.source===s.contentWindow&&(s.removeAttribute(\"style\"),\"height\"===t.message?(1e3<(r=parseInt(t.value,10))?r=1e3:~~r<200&&(r=200),s.height=r):\"link\"===t.message&&(r=new URL(s.getAttribute(\"src\")),n=new URL(t.value),c.test(n.protocol))&&n.host===r.host&&l.activeElement===s&&(d.top.location.href=t.value))}},d.addEventListener(\"message\",d.wp.receiveEmbedMessage,!1),l.addEventListener(\"DOMContentLoaded\",function(){for(var e,t,s=l.querySelectorAll(\"iframe.wp-embedded-content\"),r=0;r<s.length;r++)(t=(e=s[r]).getAttribute(\"data-secret\"))||(t=Math.random().toString(36).substring(2,12),e.src+=\"#?secret=\"+t,e.setAttribute(\"data-secret\",t)),e.contentWindow.postMessage({message:\"ready\",secret:t},\"*\")},!1)))}(window,document);\n\/\/# sourceURL=https:\/\/avrupapress.com\/main\/wp-includes\/js\/wp-embed.min.js\n\/* ]]> *\/\n<\/script>\n","thumbnail_url":"https:\/\/avrupapress.com\/main\/wp-content\/uploads\/2022\/05\/thumbnail_IMG-20220429-WA0028.jpg","thumbnail_width":724,"thumbnail_height":1024,"description":"HABER \/FOTO\u011eRAF: ERTU\u011eRUL ALTINEL \u2013 B\u0130LG\u0130N \u00d6Z\u00c7\u0130FT\u00c7\u0130 \u2013 AVRUPAPRESS &#8211; BEL\u00c7\u0130KA Tahir Aydo\u011fdu \u0130nternet Korosu ilk konserini, Eski\u015fehir Anadolu \u00dcniversitesi Sinema Anadolu Yunus Emre Kamp\u00fcs\u00fc\u2019nde verdi ve konser m\u00fczikseverler taraf\u0131ndan ilgi g\u00f6rd\u00fc. Konserin sunumunu Leyla Sal\u0131k yapt\u0131. Kanun sanat\u00e7\u0131s\u0131 ve koro \u015fefi Tahir Aydo\u011fdu konu ile ilgili yapt\u0131\u011f\u0131 a\u00e7\u0131klamada, \u2018\u2019Farkl\u0131 meslek gruplar\u0131ndan, T\u00fcrkiye&rsquo;nin 7 farkl\u0131 [&hellip;]"}