{"version":"1.0","provider_name":"AvrupaPress","provider_url":"https:\/\/avrupapress.com\/main","author_name":"Edit\u00f6r","author_url":"https:\/\/avrupapress.com\/main\/author\/editor\/","title":"ERBALDER'den \u2018Balkanlara Selam Olsun\u2019 Konseri - AvrupaPress","type":"rich","width":600,"height":338,"html":"<blockquote class=\"wp-embedded-content\" data-secret=\"xa1hBdfEah\"><a href=\"https:\/\/avrupapress.com\/main\/2022\/05\/27\/erbalderden-balkanlara-selam-olsun-konseri\/\">ERBALDER&rsquo;den \u2018Balkanlara Selam Olsun\u2019 Konseri<\/a><\/blockquote><iframe sandbox=\"allow-scripts\" security=\"restricted\" src=\"https:\/\/avrupapress.com\/main\/2022\/05\/27\/erbalderden-balkanlara-selam-olsun-konseri\/embed\/#?secret=xa1hBdfEah\" width=\"600\" height=\"338\" title=\"\u00ab\u00a0ERBALDER&rsquo;den \u2018Balkanlara Selam Olsun\u2019 Konseri\u00a0\u00bb &#8212; AvrupaPress\" data-secret=\"xa1hBdfEah\" frameborder=\"0\" marginwidth=\"0\" marginheight=\"0\" scrolling=\"no\" class=\"wp-embedded-content\"><\/iframe><script type=\"text\/javascript\">\n\/* <![CDATA[ *\/\n\/*! This file is auto-generated *\/\n!function(d,l){\"use strict\";l.querySelector&&d.addEventListener&&\"undefined\"!=typeof URL&&(d.wp=d.wp||{},d.wp.receiveEmbedMessage||(d.wp.receiveEmbedMessage=function(e){var t=e.data;if((t||t.secret||t.message||t.value)&&!\/[^a-zA-Z0-9]\/.test(t.secret)){for(var s,r,n,a=l.querySelectorAll('iframe[data-secret=\"'+t.secret+'\"]'),o=l.querySelectorAll('blockquote[data-secret=\"'+t.secret+'\"]'),c=new RegExp(\"^https?:$\",\"i\"),i=0;i<o.length;i++)o[i].style.display=\"none\";for(i=0;i<a.length;i++)s=a[i],e.source===s.contentWindow&&(s.removeAttribute(\"style\"),\"height\"===t.message?(1e3<(r=parseInt(t.value,10))?r=1e3:~~r<200&&(r=200),s.height=r):\"link\"===t.message&&(r=new URL(s.getAttribute(\"src\")),n=new URL(t.value),c.test(n.protocol))&&n.host===r.host&&l.activeElement===s&&(d.top.location.href=t.value))}},d.addEventListener(\"message\",d.wp.receiveEmbedMessage,!1),l.addEventListener(\"DOMContentLoaded\",function(){for(var e,t,s=l.querySelectorAll(\"iframe.wp-embedded-content\"),r=0;r<s.length;r++)(t=(e=s[r]).getAttribute(\"data-secret\"))||(t=Math.random().toString(36).substring(2,12),e.src+=\"#?secret=\"+t,e.setAttribute(\"data-secret\",t)),e.contentWindow.postMessage({message:\"ready\",secret:t},\"*\")},!1)))}(window,document);\n\/\/# sourceURL=https:\/\/avrupapress.com\/main\/wp-includes\/js\/wp-embed.min.js\n\/* ]]> *\/\n<\/script>\n","thumbnail_url":"https:\/\/avrupapress.com\/main\/wp-content\/uploads\/2022\/05\/ERBALDERden-\u2018Balkanlara-Selam-Olsun-Konserinden-goruntuler.-3-2.jpg","thumbnail_width":1024,"thumbnail_height":768,"description":"HABER \/ FOTO\u011eRAF: ERTU\u011eRUL ALTINEL \u2013 B\u0130LG\u0130N \u00d6Z\u00c7\u0130FT\u00c7\u0130- AVRUPAPRESS \u2013 BEL\u00c7\u0130KA Bilecik Belediyesi; Eski\u015fehir Rumeli Balkan K\u00fclt\u00fcr Dayan\u0131\u015fma Derne\u011fi (ERBALDER) ve Bilecik Rumeli T\u00fcrkleri K\u00fclt\u00fcr ve Dayan\u0131\u015fma Derne\u011fi i\u015f birli\u011fi ile d\u00fczenlenen \u2018Balkanlara Selam Olsun\u2019 etkinli\u011finde, \u2018Rumeli Ezgileri Korosu\u2019 ve \u2018Balkanika Halk Oyunlar\u0131 Toplulu\u011fu\u2019 Bileciklilere co\u015fkulu dakikalar ya\u015fatt\u0131. Bilecik Belediye Ba\u015fkan Vekili Melek M\u0131zrak Suba\u015f\u0131, [&hellip;]"}