{"version":"1.0","provider_name":"AvrupaPress","provider_url":"https:\/\/avrupapress.com\/main","author_name":"Edit\u00f6r","author_url":"https:\/\/avrupapress.com\/main\/author\/editor\/","title":"Emirda\u011fl\u0131lar Vakf\u0131'na Yeni Aday - AvrupaPress","type":"rich","width":600,"height":338,"html":"<blockquote class=\"wp-embedded-content\" data-secret=\"KX3krOP9qW\"><a href=\"https:\/\/avrupapress.com\/main\/2022\/05\/20\/emirdaglilar-vakfina-yeni-aday\/\">Emirda\u011fl\u0131lar Vakf\u0131&rsquo;na Yeni Aday<\/a><\/blockquote><iframe sandbox=\"allow-scripts\" security=\"restricted\" src=\"https:\/\/avrupapress.com\/main\/2022\/05\/20\/emirdaglilar-vakfina-yeni-aday\/embed\/#?secret=KX3krOP9qW\" width=\"600\" height=\"338\" title=\"\u00ab\u00a0Emirda\u011fl\u0131lar Vakf\u0131&rsquo;na Yeni Aday\u00a0\u00bb &#8212; AvrupaPress\" data-secret=\"KX3krOP9qW\" frameborder=\"0\" marginwidth=\"0\" marginheight=\"0\" scrolling=\"no\" class=\"wp-embedded-content\"><\/iframe><script type=\"text\/javascript\">\n\/* <![CDATA[ *\/\n\/*! This file is auto-generated *\/\n!function(d,l){\"use strict\";l.querySelector&&d.addEventListener&&\"undefined\"!=typeof URL&&(d.wp=d.wp||{},d.wp.receiveEmbedMessage||(d.wp.receiveEmbedMessage=function(e){var t=e.data;if((t||t.secret||t.message||t.value)&&!\/[^a-zA-Z0-9]\/.test(t.secret)){for(var s,r,n,a=l.querySelectorAll('iframe[data-secret=\"'+t.secret+'\"]'),o=l.querySelectorAll('blockquote[data-secret=\"'+t.secret+'\"]'),c=new RegExp(\"^https?:$\",\"i\"),i=0;i<o.length;i++)o[i].style.display=\"none\";for(i=0;i<a.length;i++)s=a[i],e.source===s.contentWindow&&(s.removeAttribute(\"style\"),\"height\"===t.message?(1e3<(r=parseInt(t.value,10))?r=1e3:~~r<200&&(r=200),s.height=r):\"link\"===t.message&&(r=new URL(s.getAttribute(\"src\")),n=new URL(t.value),c.test(n.protocol))&&n.host===r.host&&l.activeElement===s&&(d.top.location.href=t.value))}},d.addEventListener(\"message\",d.wp.receiveEmbedMessage,!1),l.addEventListener(\"DOMContentLoaded\",function(){for(var e,t,s=l.querySelectorAll(\"iframe.wp-embedded-content\"),r=0;r<s.length;r++)(t=(e=s[r]).getAttribute(\"data-secret\"))||(t=Math.random().toString(36).substring(2,12),e.src+=\"#?secret=\"+t,e.setAttribute(\"data-secret\",t)),e.contentWindow.postMessage({message:\"ready\",secret:t},\"*\")},!1)))}(window,document);\n\/\/# sourceURL=https:\/\/avrupapress.com\/main\/wp-includes\/js\/wp-embed.min.js\n\/* ]]> *\/\n<\/script>\n","thumbnail_url":"https:\/\/avrupapress.com\/main\/wp-content\/uploads\/2022\/05\/IMG-20220520-WA0040.jpg","thumbnail_width":1600,"thumbnail_height":1065,"description":"Emirda\u011fl\u0131lar Vakf\u0131 Ba\u015fkan\u0131 Murat Kahya, vak\u0131f genel kurulunda Eski\u015fehir \u0130l Ambulans Servisi Ba\u015fhekimi Dr. Veli G\u00f6rkem Pala&rsquo;n\u0131n aday g\u00f6sterildi\u011fini duyurdu. Emirda\u011fl\u0131lar Sosyal Yard\u0131mla\u015fma ve Dayan\u0131\u015fma Vakf\u0131, 22 May\u0131s tarihinde genel kurulunu yapacak. Genel Kurul i\u00e7in haz\u0131rl\u0131klar s\u00fcrerken, adaylar da \u00e7al\u0131\u015fmalar\u0131n\u0131 h\u0131zland\u0131r\u0131yor. Bu kapsamda Orhan \u00d6zk\u0131r ile Sibel Ereno\u011flu aday olduklar\u0131n\u0131 a\u00e7\u0131klam\u0131\u015flard\u0131. Bug\u00fcn gece ge\u00e7 saatlere [&hellip;]"}