{"version":"1.0","provider_name":"AvrupaPress","provider_url":"https:\/\/avrupapress.com\/main","author_name":"Edit\u00f6r","author_url":"https:\/\/avrupapress.com\/main\/author\/editor\/","title":"12-18 ARALIK YERL\u0130 MALI HAFTASI KUTLU OLSUN - AvrupaPress","type":"rich","width":600,"height":338,"html":"<blockquote class=\"wp-embedded-content\" data-secret=\"Zz0XRGAL9E\"><a href=\"https:\/\/avrupapress.com\/main\/2021\/12\/13\/12-18-aralik-yerli-mali-haftasi-kutlu-olsun\/\">12-18 ARALIK YERL\u0130 MALI HAFTASI KUTLU OLSUN<\/a><\/blockquote><iframe sandbox=\"allow-scripts\" security=\"restricted\" src=\"https:\/\/avrupapress.com\/main\/2021\/12\/13\/12-18-aralik-yerli-mali-haftasi-kutlu-olsun\/embed\/#?secret=Zz0XRGAL9E\" width=\"600\" height=\"338\" title=\"\u00ab\u00a012-18 ARALIK YERL\u0130 MALI HAFTASI KUTLU OLSUN\u00a0\u00bb &#8212; AvrupaPress\" data-secret=\"Zz0XRGAL9E\" frameborder=\"0\" marginwidth=\"0\" marginheight=\"0\" scrolling=\"no\" class=\"wp-embedded-content\"><\/iframe><script type=\"text\/javascript\">\n\/* <![CDATA[ *\/\n\/*! This file is auto-generated *\/\n!function(d,l){\"use strict\";l.querySelector&&d.addEventListener&&\"undefined\"!=typeof URL&&(d.wp=d.wp||{},d.wp.receiveEmbedMessage||(d.wp.receiveEmbedMessage=function(e){var t=e.data;if((t||t.secret||t.message||t.value)&&!\/[^a-zA-Z0-9]\/.test(t.secret)){for(var s,r,n,a=l.querySelectorAll('iframe[data-secret=\"'+t.secret+'\"]'),o=l.querySelectorAll('blockquote[data-secret=\"'+t.secret+'\"]'),c=new RegExp(\"^https?:$\",\"i\"),i=0;i<o.length;i++)o[i].style.display=\"none\";for(i=0;i<a.length;i++)s=a[i],e.source===s.contentWindow&&(s.removeAttribute(\"style\"),\"height\"===t.message?(1e3<(r=parseInt(t.value,10))?r=1e3:~~r<200&&(r=200),s.height=r):\"link\"===t.message&&(r=new URL(s.getAttribute(\"src\")),n=new URL(t.value),c.test(n.protocol))&&n.host===r.host&&l.activeElement===s&&(d.top.location.href=t.value))}},d.addEventListener(\"message\",d.wp.receiveEmbedMessage,!1),l.addEventListener(\"DOMContentLoaded\",function(){for(var e,t,s=l.querySelectorAll(\"iframe.wp-embedded-content\"),r=0;r<s.length;r++)(t=(e=s[r]).getAttribute(\"data-secret\"))||(t=Math.random().toString(36).substring(2,12),e.src+=\"#?secret=\"+t,e.setAttribute(\"data-secret\",t)),e.contentWindow.postMessage({message:\"ready\",secret:t},\"*\")},!1)))}(window,document);\n\/\/# sourceURL=https:\/\/avrupapress.com\/main\/wp-includes\/js\/wp-embed.min.js\n\/* ]]> *\/\n<\/script>\n","thumbnail_url":"https:\/\/avrupapress.com\/main\/wp-content\/uploads\/2021\/12\/thumbnail_FB_IMG_1639421042067.jpg","thumbnail_width":1080,"thumbnail_height":592,"description":"YERL\u0130 MALI (TUTUM, YATIRIM ve T\u00dcRK MALLARI)\u00a0HAFTASI NASIL ORTAYA \u00c7IKTI? I. D\u00fcnya Sava\u015f\u0131 sonras\u0131 olu\u015fan ekonomik darbo\u011faz\u0131n ard\u0131ndan yabanc\u0131 \u00fclkelere para ak\u0131\u015f\u0131n\u0131n \u00f6n\u00fcn\u00fcn kesilmesi ve toplumsal tutum bilincinin olu\u015fmas\u0131 ama\u00e7lanm\u0131\u015ft\u0131r. Bu ama\u00e7la Atat\u00fcrk ba\u015fkanl\u0131\u011f\u0131nda, 1923 y\u0131l\u0131nda \u0130zmir \u0130ktisat Kongresi topland\u0131. Bu kongrede yurdun ba\u011f\u0131ms\u0131zl\u0131\u011f\u0131n\u0131n korunmas\u0131, yerli mallar \u00fcretilmesi ve kullan\u0131lmas\u0131 kararla\u015ft\u0131r\u0131ld\u0131. D\u00f6nemin ba\u015fbakan\u0131 \u0130smet \u0130n\u00f6n\u00fc [&hellip;]"}