{"version":"1.0","provider_name":"AvrupaPress","provider_url":"https:\/\/avrupapress.com\/main","author_name":"Edit\u00f6r","author_url":"https:\/\/avrupapress.com\/main\/author\/editor\/","title":"TAT\u0130LE G\u0130DEN GURBET\u00c7\u0130YE KARANT\u0130NA YOK - AvrupaPress","type":"rich","width":600,"height":338,"html":"<blockquote class=\"wp-embedded-content\" data-secret=\"ZsRH3kZISi\"><a href=\"https:\/\/avrupapress.com\/main\/2020\/05\/11\/tatile-giden-gurbetciye-karantina-yok\/\">TAT\u0130LE G\u0130DEN GURBET\u00c7\u0130YE KARANT\u0130NA YOK<\/a><\/blockquote><iframe sandbox=\"allow-scripts\" security=\"restricted\" src=\"https:\/\/avrupapress.com\/main\/2020\/05\/11\/tatile-giden-gurbetciye-karantina-yok\/embed\/#?secret=ZsRH3kZISi\" width=\"600\" height=\"338\" title=\"\u00ab\u00a0TAT\u0130LE G\u0130DEN GURBET\u00c7\u0130YE KARANT\u0130NA YOK\u00a0\u00bb &#8212; AvrupaPress\" data-secret=\"ZsRH3kZISi\" frameborder=\"0\" marginwidth=\"0\" marginheight=\"0\" scrolling=\"no\" class=\"wp-embedded-content\"><\/iframe><script type=\"text\/javascript\">\n\/* <![CDATA[ *\/\n\/*! This file is auto-generated *\/\n!function(d,l){\"use strict\";l.querySelector&&d.addEventListener&&\"undefined\"!=typeof URL&&(d.wp=d.wp||{},d.wp.receiveEmbedMessage||(d.wp.receiveEmbedMessage=function(e){var t=e.data;if((t||t.secret||t.message||t.value)&&!\/[^a-zA-Z0-9]\/.test(t.secret)){for(var s,r,n,a=l.querySelectorAll('iframe[data-secret=\"'+t.secret+'\"]'),o=l.querySelectorAll('blockquote[data-secret=\"'+t.secret+'\"]'),c=new RegExp(\"^https?:$\",\"i\"),i=0;i<o.length;i++)o[i].style.display=\"none\";for(i=0;i<a.length;i++)s=a[i],e.source===s.contentWindow&&(s.removeAttribute(\"style\"),\"height\"===t.message?(1e3<(r=parseInt(t.value,10))?r=1e3:~~r<200&&(r=200),s.height=r):\"link\"===t.message&&(r=new URL(s.getAttribute(\"src\")),n=new URL(t.value),c.test(n.protocol))&&n.host===r.host&&l.activeElement===s&&(d.top.location.href=t.value))}},d.addEventListener(\"message\",d.wp.receiveEmbedMessage,!1),l.addEventListener(\"DOMContentLoaded\",function(){for(var e,t,s=l.querySelectorAll(\"iframe.wp-embedded-content\"),r=0;r<s.length;r++)(t=(e=s[r]).getAttribute(\"data-secret\"))||(t=Math.random().toString(36).substring(2,12),e.src+=\"#?secret=\"+t,e.setAttribute(\"data-secret\",t)),e.contentWindow.postMessage({message:\"ready\",secret:t},\"*\")},!1)))}(window,document);\n\/\/# sourceURL=https:\/\/avrupapress.com\/main\/wp-includes\/js\/wp-embed.min.js\n\/* ]]> *\/\n<\/script>\n","thumbnail_url":"https:\/\/avrupapress.com\/wp-content\/uploads\/2020\/05\/40047410_S-G0sc3PYJmR4yAabViEaYOhBJL7lAoPelTWkm1m2rU.jpg","thumbnail_width":960,"thumbnail_height":720,"description":"D\u00fcnyay\u0131 etkisi alt\u0131na alan koronavir\u00fcs salg\u0131n\u0131 nedeniyle bu y\u0131l T\u00fcrkiye\u2019de izinin m\u00fcmk\u00fcn olup olmayaca\u011f\u0131 merek edilirken, \u00fclkeye gelenler i\u00e7in 14 g\u00fcn karantina uygulamas\u0131n\u0131n olmayaca\u011f\u0131 ortaya \u00e7\u0131kt\u0131. Turizm ve K\u00fclt\u00fcr Bakan\u0131 Mehmet Ersoy bug\u00fcn H\u00fcrriyet\u2019ten Ertu\u011frul \u00d6zk\u00f6k\u2019e yapt\u0131\u011f\u0131 a\u00e7\u0131klamaya g\u00f6re bu y\u0131l T\u00fcrkiye ile yurt d\u0131\u015f\u0131 u\u00e7u\u015flar\u0131n\u0131n ba\u015flayaca\u011f\u0131 Haziran ay\u0131ndan sonra \u00fclkeye gelenlere karantina yerine h\u0131zl\u0131 [&hellip;]"}