{"version":"1.0","provider_name":"AvrupaPress","provider_url":"https:\/\/avrupapress.com\/main","author_name":"Edit\u00f6r","author_url":"https:\/\/avrupapress.com\/main\/author\/editor\/","title":"Bez maskeye standart getirildi - AvrupaPress","type":"rich","width":600,"height":338,"html":"<blockquote class=\"wp-embedded-content\" data-secret=\"PVSni2EXDx\"><a href=\"https:\/\/avrupapress.com\/main\/2020\/05\/11\/bez-maskeye-standart-getirildi\/\">Bez maskeye standart getirildi<\/a><\/blockquote><iframe sandbox=\"allow-scripts\" security=\"restricted\" src=\"https:\/\/avrupapress.com\/main\/2020\/05\/11\/bez-maskeye-standart-getirildi\/embed\/#?secret=PVSni2EXDx\" width=\"600\" height=\"338\" title=\"\u00ab\u00a0Bez maskeye standart getirildi\u00a0\u00bb &#8212; AvrupaPress\" data-secret=\"PVSni2EXDx\" frameborder=\"0\" marginwidth=\"0\" marginheight=\"0\" scrolling=\"no\" class=\"wp-embedded-content\"><\/iframe><script type=\"text\/javascript\">\n\/* <![CDATA[ *\/\n\/*! This file is auto-generated *\/\n!function(d,l){\"use strict\";l.querySelector&&d.addEventListener&&\"undefined\"!=typeof URL&&(d.wp=d.wp||{},d.wp.receiveEmbedMessage||(d.wp.receiveEmbedMessage=function(e){var t=e.data;if((t||t.secret||t.message||t.value)&&!\/[^a-zA-Z0-9]\/.test(t.secret)){for(var s,r,n,a=l.querySelectorAll('iframe[data-secret=\"'+t.secret+'\"]'),o=l.querySelectorAll('blockquote[data-secret=\"'+t.secret+'\"]'),c=new RegExp(\"^https?:$\",\"i\"),i=0;i<o.length;i++)o[i].style.display=\"none\";for(i=0;i<a.length;i++)s=a[i],e.source===s.contentWindow&&(s.removeAttribute(\"style\"),\"height\"===t.message?(1e3<(r=parseInt(t.value,10))?r=1e3:~~r<200&&(r=200),s.height=r):\"link\"===t.message&&(r=new URL(s.getAttribute(\"src\")),n=new URL(t.value),c.test(n.protocol))&&n.host===r.host&&l.activeElement===s&&(d.top.location.href=t.value))}},d.addEventListener(\"message\",d.wp.receiveEmbedMessage,!1),l.addEventListener(\"DOMContentLoaded\",function(){for(var e,t,s=l.querySelectorAll(\"iframe.wp-embedded-content\"),r=0;r<s.length;r++)(t=(e=s[r]).getAttribute(\"data-secret\"))||(t=Math.random().toString(36).substring(2,12),e.src+=\"#?secret=\"+t,e.setAttribute(\"data-secret\",t)),e.contentWindow.postMessage({message:\"ready\",secret:t},\"*\")},!1)))}(window,document);\n\/\/# sourceURL=https:\/\/avrupapress.com\/main\/wp-includes\/js\/wp-embed.min.js\n\/* ]]> *\/\n<\/script>\n","thumbnail_url":"https:\/\/avrupapress.com\/wp-content\/uploads\/2020\/05\/AhShdm0TWkWKbXLn4N71zg.jpg","thumbnail_width":710,"thumbnail_height":533,"description":"T\u00fcrk Standardlar\u0131 Enstit\u00fcs\u00fc (TSE) y\u0131kanabilir bez maskeler i\u00e7in standartlar\u0131 belirleyerek internet sitesinde yay\u0131mlad\u0131. T\u00fcrkiye, normalle\u015fme s\u00fcrecinde vatanda\u015flar\u0131n g\u00fcnl\u00fck maske ihtiyac\u0131n\u0131n kar\u015f\u0131lanmas\u0131 ad\u0131na \u00f6nemli bir ad\u0131m att\u0131. B\u00f6ylece T\u00fcrkiye, d\u00fcnyada bu alanda standartlar\u0131 olu\u015fturan \u00fc\u00e7\u00fcnc\u00fc \u00fclke oldu. Standartta, vir\u00fcse kar\u015f\u0131 korumada, kullan\u0131lan hijyenik bez maskelerin sahip olmas\u0131 gereken \u00f6zellikler belirlendi. Belirlenen standartlarda, maskenin \u00f6zellikleri, \u00fcretimi, tasar\u0131m\u0131, [&hellip;]"}