{"version":"1.0","provider_name":"AvrupaPress","provider_url":"https:\/\/avrupapress.com\/main","author_name":"Edit\u00f6r","author_url":"https:\/\/avrupapress.com\/main\/author\/editor\/","title":"ANNELER G\u00dcN\u00dcN\u00dcZ KUTLU OLSUN ANNEM! - AvrupaPress","type":"rich","width":600,"height":338,"html":"<blockquote class=\"wp-embedded-content\" data-secret=\"qrj1O3t0Iq\"><a href=\"https:\/\/avrupapress.com\/main\/2020\/05\/09\/anneler-gununuz-kutlu-olsun-annem\/\">ANNELER  G\u00dcN\u00dcN\u00dcZ KUTLU OLSUN ANNEM!<\/a><\/blockquote><iframe sandbox=\"allow-scripts\" security=\"restricted\" src=\"https:\/\/avrupapress.com\/main\/2020\/05\/09\/anneler-gununuz-kutlu-olsun-annem\/embed\/#?secret=qrj1O3t0Iq\" width=\"600\" height=\"338\" title=\"\u00ab\u00a0ANNELER  G\u00dcN\u00dcN\u00dcZ KUTLU OLSUN ANNEM!\u00a0\u00bb &#8212; AvrupaPress\" data-secret=\"qrj1O3t0Iq\" frameborder=\"0\" marginwidth=\"0\" marginheight=\"0\" scrolling=\"no\" class=\"wp-embedded-content\"><\/iframe><script type=\"text\/javascript\">\n\/* <![CDATA[ *\/\n\/*! This file is auto-generated *\/\n!function(d,l){\"use strict\";l.querySelector&&d.addEventListener&&\"undefined\"!=typeof URL&&(d.wp=d.wp||{},d.wp.receiveEmbedMessage||(d.wp.receiveEmbedMessage=function(e){var t=e.data;if((t||t.secret||t.message||t.value)&&!\/[^a-zA-Z0-9]\/.test(t.secret)){for(var s,r,n,a=l.querySelectorAll('iframe[data-secret=\"'+t.secret+'\"]'),o=l.querySelectorAll('blockquote[data-secret=\"'+t.secret+'\"]'),c=new RegExp(\"^https?:$\",\"i\"),i=0;i<o.length;i++)o[i].style.display=\"none\";for(i=0;i<a.length;i++)s=a[i],e.source===s.contentWindow&&(s.removeAttribute(\"style\"),\"height\"===t.message?(1e3<(r=parseInt(t.value,10))?r=1e3:~~r<200&&(r=200),s.height=r):\"link\"===t.message&&(r=new URL(s.getAttribute(\"src\")),n=new URL(t.value),c.test(n.protocol))&&n.host===r.host&&l.activeElement===s&&(d.top.location.href=t.value))}},d.addEventListener(\"message\",d.wp.receiveEmbedMessage,!1),l.addEventListener(\"DOMContentLoaded\",function(){for(var e,t,s=l.querySelectorAll(\"iframe.wp-embedded-content\"),r=0;r<s.length;r++)(t=(e=s[r]).getAttribute(\"data-secret\"))||(t=Math.random().toString(36).substring(2,12),e.src+=\"#?secret=\"+t,e.setAttribute(\"data-secret\",t)),e.contentWindow.postMessage({message:\"ready\",secret:t},\"*\")},!1)))}(window,document);\n\/\/# sourceURL=https:\/\/avrupapress.com\/main\/wp-includes\/js\/wp-embed.min.js\n\/* ]]> *\/\n<\/script>\n","thumbnail_url":"https:\/\/avrupapress.com\/wp-content\/uploads\/2020\/05\/th-1.jpg","thumbnail_width":442,"thumbnail_height":194,"description":"Anneler G\u00fcn\u00fc, anneleri anmak ve onurland\u0131rmak amac\u0131yla b\u00fct\u00fcn d\u00fcnyada farkl\u0131 zamanlarda kutlan\u0131yor. \u00dclkemizde may\u0131s ay\u0131nda kutlanan bu de\u011ferli g\u00fcn\u00fcn bu y\u0131l hangi tarihe denk geldi\u011fi, bu \u00f6zel g\u00fcnde annesini unutmak istemeyen pek \u00e7ok evlat taraf\u0131ndan sorgulan\u0131yor. \u0130\u015fte, Anneler G\u00fcn\u00fc&rsquo;ne y\u00f6nelik bilgiler. D\u00fcnyan\u0131n \u00e7e\u015fitli \u00fclkelerinde Anneler G\u00fcn\u00fc\u2019n\u00fcn farkl\u0131 tarihlerde kutlanmas\u0131na kar\u015f\u0131n, Danimarka, Finlandiya, \u0130talya, T\u00fcrkiye, Avustralya [&hellip;]"}