{"version":"1.0","provider_name":"AvrupaPress","provider_url":"https:\/\/avrupapress.com\/main","author_name":"Edit\u00f6r","author_url":"https:\/\/avrupapress.com\/main\/author\/editor\/","title":"Bel\u00e7ika\u2019da kediye sahibinden koronavir\u00fcs bula\u015ft\u0131 - AvrupaPress","type":"rich","width":600,"height":338,"html":"<blockquote class=\"wp-embedded-content\" data-secret=\"EBhQ1Mej31\"><a href=\"https:\/\/avrupapress.com\/main\/2020\/03\/27\/belcikada-kediye-sahibinden-koronavirus-bulasti\/\">Bel\u00e7ika\u2019da kediye sahibinden koronavir\u00fcs bula\u015ft\u0131<\/a><\/blockquote><iframe sandbox=\"allow-scripts\" security=\"restricted\" src=\"https:\/\/avrupapress.com\/main\/2020\/03\/27\/belcikada-kediye-sahibinden-koronavirus-bulasti\/embed\/#?secret=EBhQ1Mej31\" width=\"600\" height=\"338\" title=\"\u00ab\u00a0Bel\u00e7ika\u2019da kediye sahibinden koronavir\u00fcs bula\u015ft\u0131\u00a0\u00bb &#8212; AvrupaPress\" data-secret=\"EBhQ1Mej31\" frameborder=\"0\" marginwidth=\"0\" marginheight=\"0\" scrolling=\"no\" class=\"wp-embedded-content\"><\/iframe><script type=\"text\/javascript\">\n\/* <![CDATA[ *\/\n\/*! This file is auto-generated *\/\n!function(d,l){\"use strict\";l.querySelector&&d.addEventListener&&\"undefined\"!=typeof URL&&(d.wp=d.wp||{},d.wp.receiveEmbedMessage||(d.wp.receiveEmbedMessage=function(e){var t=e.data;if((t||t.secret||t.message||t.value)&&!\/[^a-zA-Z0-9]\/.test(t.secret)){for(var s,r,n,a=l.querySelectorAll('iframe[data-secret=\"'+t.secret+'\"]'),o=l.querySelectorAll('blockquote[data-secret=\"'+t.secret+'\"]'),c=new RegExp(\"^https?:$\",\"i\"),i=0;i<o.length;i++)o[i].style.display=\"none\";for(i=0;i<a.length;i++)s=a[i],e.source===s.contentWindow&&(s.removeAttribute(\"style\"),\"height\"===t.message?(1e3<(r=parseInt(t.value,10))?r=1e3:~~r<200&&(r=200),s.height=r):\"link\"===t.message&&(r=new URL(s.getAttribute(\"src\")),n=new URL(t.value),c.test(n.protocol))&&n.host===r.host&&l.activeElement===s&&(d.top.location.href=t.value))}},d.addEventListener(\"message\",d.wp.receiveEmbedMessage,!1),l.addEventListener(\"DOMContentLoaded\",function(){for(var e,t,s=l.querySelectorAll(\"iframe.wp-embedded-content\"),r=0;r<s.length;r++)(t=(e=s[r]).getAttribute(\"data-secret\"))||(t=Math.random().toString(36).substring(2,12),e.src+=\"#?secret=\"+t,e.setAttribute(\"data-secret\",t)),e.contentWindow.postMessage({message:\"ready\",secret:t},\"*\")},!1)))}(window,document);\n\/\/# sourceURL=https:\/\/avrupapress.com\/main\/wp-includes\/js\/wp-embed.min.js\n\/* ]]> *\/\n<\/script>\n","thumbnail_url":"https:\/\/avrupapress.com\/wp-content\/uploads\/2020\/03\/5e7e0bc318c773265cc09af1.jpg","thumbnail_width":750,"thumbnail_height":422,"description":"Bel\u00e7ika\u2019da bir kediye sahibinden koronavir\u00fcs (Covid-19) bula\u015ft\u0131. Virolog Steven Van Gucht, kedinin, sahibinin ard\u0131ndan koronavir\u00fcs semptomlar\u0131n\u0131 g\u00f6stermeye ba\u015flad\u0131\u011f\u0131 ama iyile\u015fme s\u00fcrecinde oldu\u011funu ifade etti. Bel\u00e7ika\u2019n\u0131n Valon B\u00f6lgesi\u2019nde bir kediye koronavir\u00fcs te\u015fhisi konuldu. Vir\u00fcs\u00fcn kediye sahibinden bula\u015ft\u0131\u011f\u0131 ifade edildi. Virolog Steven Van Gucht, olaya ili\u015fkin yapt\u0131\u011f\u0131 a\u00e7\u0131klamada, \u00ab\u00a0Sahibi semptomlar g\u00f6stermeye ba\u015flad\u0131ktan bir hafta sonra, kedi de [&hellip;]"}