{"version":"1.0","provider_name":"AvrupaPress","provider_url":"https:\/\/avrupapress.com\/main","author_name":"Edit\u00f6r","author_url":"https:\/\/avrupapress.com\/main\/author\/editor\/","title":"Aydemir ve Da\u011f ailelerinin ac\u0131 g\u00fcn\u00fc... - AvrupaPress","type":"rich","width":600,"height":338,"html":"<blockquote class=\"wp-embedded-content\" data-secret=\"dBbweuOQsp\"><a href=\"https:\/\/avrupapress.com\/main\/2020\/03\/27\/aydemir-ve-dag-ailelerinin-aci-gunu\/\">Aydemir ve Da\u011f ailelerinin ac\u0131 g\u00fcn\u00fc&#8230;<\/a><\/blockquote><iframe sandbox=\"allow-scripts\" security=\"restricted\" src=\"https:\/\/avrupapress.com\/main\/2020\/03\/27\/aydemir-ve-dag-ailelerinin-aci-gunu\/embed\/#?secret=dBbweuOQsp\" width=\"600\" height=\"338\" title=\"\u00ab\u00a0Aydemir ve Da\u011f ailelerinin ac\u0131 g\u00fcn\u00fc&#8230;\u00a0\u00bb &#8212; AvrupaPress\" data-secret=\"dBbweuOQsp\" frameborder=\"0\" marginwidth=\"0\" marginheight=\"0\" scrolling=\"no\" class=\"wp-embedded-content\"><\/iframe><script type=\"text\/javascript\">\n\/* <![CDATA[ *\/\n\/*! This file is auto-generated *\/\n!function(d,l){\"use strict\";l.querySelector&&d.addEventListener&&\"undefined\"!=typeof URL&&(d.wp=d.wp||{},d.wp.receiveEmbedMessage||(d.wp.receiveEmbedMessage=function(e){var t=e.data;if((t||t.secret||t.message||t.value)&&!\/[^a-zA-Z0-9]\/.test(t.secret)){for(var s,r,n,a=l.querySelectorAll('iframe[data-secret=\"'+t.secret+'\"]'),o=l.querySelectorAll('blockquote[data-secret=\"'+t.secret+'\"]'),c=new RegExp(\"^https?:$\",\"i\"),i=0;i<o.length;i++)o[i].style.display=\"none\";for(i=0;i<a.length;i++)s=a[i],e.source===s.contentWindow&&(s.removeAttribute(\"style\"),\"height\"===t.message?(1e3<(r=parseInt(t.value,10))?r=1e3:~~r<200&&(r=200),s.height=r):\"link\"===t.message&&(r=new URL(s.getAttribute(\"src\")),n=new URL(t.value),c.test(n.protocol))&&n.host===r.host&&l.activeElement===s&&(d.top.location.href=t.value))}},d.addEventListener(\"message\",d.wp.receiveEmbedMessage,!1),l.addEventListener(\"DOMContentLoaded\",function(){for(var e,t,s=l.querySelectorAll(\"iframe.wp-embedded-content\"),r=0;r<s.length;r++)(t=(e=s[r]).getAttribute(\"data-secret\"))||(t=Math.random().toString(36).substring(2,12),e.src+=\"#?secret=\"+t,e.setAttribute(\"data-secret\",t)),e.contentWindow.postMessage({message:\"ready\",secret:t},\"*\")},!1)))}(window,document);\n\/\/# sourceURL=https:\/\/avrupapress.com\/main\/wp-includes\/js\/wp-embed.min.js\n\/* ]]> *\/\n<\/script>\n","thumbnail_url":"https:\/\/avrupapress.com\/wp-content\/uploads\/2020\/03\/Hulisi-Dag-2.jpg","thumbnail_width":717,"thumbnail_height":445,"description":"Belcika Turkce Medya Birliginin Baskan Yardimcisi olan Gazeteci Fikret Aydemir\u2019in ac\u0131 g\u00fcn\u00fc \u2013 Nuriye Aydemir\u2019in cenazesi g\u00f6z ya\u015flar\u0131 aras\u0131nda T\u00fcrkiye\u2019ye u\u011furland\u0131 Gazeteci Fikret Aydemir\u2019in ac\u0131 g\u00fcn\u00fc \u2013 Nuriye Aydemir\u2019in cenazesi g\u00f6z ya\u015flar\u0131 aras\u0131nda T\u00fcrkiye\u2019ye u\u011furland\u0131 Bel\u00e7ika\u2019da ya\u015fayan, \u00e7evresi taraf\u0131nda sevilen, say\u0131lan, S\u0131tk\u0131 Aydemir\u2019in de\u011ferli e\u015fi Nuriye Aydemir\u2019in korona vir\u00fcs etkisi ile hayat\u0131n\u0131 kaybetti\u011fi belirtildi.Gazeteci Fikret [&hellip;]"}