{"version":"1.0","provider_name":"AvrupaPress","provider_url":"https:\/\/avrupapress.com\/main","author_name":"Edit\u00f6r","author_url":"https:\/\/avrupapress.com\/main\/author\/editor\/","title":"Belcika'da kovid-19 enfeksiyonu benzin fiyatlarini D\u00fcs\u00fcrd\u00fc - AvrupaPress","type":"rich","width":600,"height":338,"html":"<blockquote class=\"wp-embedded-content\" data-secret=\"4lrOrj56to\"><a href=\"https:\/\/avrupapress.com\/main\/2020\/03\/25\/belcikada-kovid-19-enfeksiyonu-benzin-fiyatlarini-dusurdu\/\">Belcika&rsquo;da kovid-19 enfeksiyonu benzin fiyatlarini D\u00fcs\u00fcrd\u00fc<\/a><\/blockquote><iframe sandbox=\"allow-scripts\" security=\"restricted\" src=\"https:\/\/avrupapress.com\/main\/2020\/03\/25\/belcikada-kovid-19-enfeksiyonu-benzin-fiyatlarini-dusurdu\/embed\/#?secret=4lrOrj56to\" width=\"600\" height=\"338\" title=\"\u00ab\u00a0Belcika&rsquo;da kovid-19 enfeksiyonu benzin fiyatlarini D\u00fcs\u00fcrd\u00fc\u00a0\u00bb &#8212; AvrupaPress\" data-secret=\"4lrOrj56to\" frameborder=\"0\" marginwidth=\"0\" marginheight=\"0\" scrolling=\"no\" class=\"wp-embedded-content\"><\/iframe><script type=\"text\/javascript\">\n\/* <![CDATA[ *\/\n\/*! This file is auto-generated *\/\n!function(d,l){\"use strict\";l.querySelector&&d.addEventListener&&\"undefined\"!=typeof URL&&(d.wp=d.wp||{},d.wp.receiveEmbedMessage||(d.wp.receiveEmbedMessage=function(e){var t=e.data;if((t||t.secret||t.message||t.value)&&!\/[^a-zA-Z0-9]\/.test(t.secret)){for(var s,r,n,a=l.querySelectorAll('iframe[data-secret=\"'+t.secret+'\"]'),o=l.querySelectorAll('blockquote[data-secret=\"'+t.secret+'\"]'),c=new RegExp(\"^https?:$\",\"i\"),i=0;i<o.length;i++)o[i].style.display=\"none\";for(i=0;i<a.length;i++)s=a[i],e.source===s.contentWindow&&(s.removeAttribute(\"style\"),\"height\"===t.message?(1e3<(r=parseInt(t.value,10))?r=1e3:~~r<200&&(r=200),s.height=r):\"link\"===t.message&&(r=new URL(s.getAttribute(\"src\")),n=new URL(t.value),c.test(n.protocol))&&n.host===r.host&&l.activeElement===s&&(d.top.location.href=t.value))}},d.addEventListener(\"message\",d.wp.receiveEmbedMessage,!1),l.addEventListener(\"DOMContentLoaded\",function(){for(var e,t,s=l.querySelectorAll(\"iframe.wp-embedded-content\"),r=0;r<s.length;r++)(t=(e=s[r]).getAttribute(\"data-secret\"))||(t=Math.random().toString(36).substring(2,12),e.src+=\"#?secret=\"+t,e.setAttribute(\"data-secret\",t)),e.contentWindow.postMessage({message:\"ready\",secret:t},\"*\")},!1)))}(window,document);\n\/\/# sourceURL=https:\/\/avrupapress.com\/main\/wp-includes\/js\/wp-embed.min.js\n\/* ]]> *\/\n<\/script>\n","thumbnail_url":"https:\/\/avrupapress.com\/wp-content\/uploads\/2020\/03\/S0-le-diesel-va-augmenter-les-associations-de-consommateurs-inquietes-162704.jpg","thumbnail_width":640,"thumbnail_height":468,"description":"Belcika&rsquo;da kovid-19 enfeksiyonu nedeniyle benzin t\u00fcketiminde sert d\u00fc\u015f\u00fc\u015flerle birlikte benzin fiyatlarinda ani bir d\u00fc\u015f\u00fc\u015f ya\u015fandi. Gecen hafta, 2009&rsquo;un ba\u015findan bu yana en d\u00fc\u015f\u00fck seviyelerine ula\u015fmi\u015f olan benzin fiyatlari d\u00fc\u015f\u00fc\u015f\u00fcn\u00fc s\u00fcrd\u00fcrd\u00fc. Belcika koronavir\u00fcs\u00fcn yayilmasiyla gectigimiz hafta yayinlanan benzin fiyatlarinda sert bir d\u00fc\u015f\u00fc\u015fe yol acti. Bu persembe g\u00fcn\u00fc benzin fiyatlarinin daha da d\u00fc\u015fece\u011fini enerji y\u00f6netimi (Spf ekonimi) [&hellip;]"}