{"version":"1.0","provider_name":"AvrupaPress","provider_url":"https:\/\/avrupapress.com\/main","author_name":"Edit\u00f6r","author_url":"https:\/\/avrupapress.com\/main\/author\/editor\/","title":"Bel\u00e7ika'da Ev kredi'lerini koronavir\u00fcs nedeniyle erteleme... - AvrupaPress","type":"rich","width":600,"height":338,"html":"<blockquote class=\"wp-embedded-content\" data-secret=\"XRWKKGVqnf\"><a href=\"https:\/\/avrupapress.com\/main\/2020\/03\/23\/belcikada-ev-kredilerini-koronavirus-nedeniyle-erteleme\/\">Bel\u00e7ika&rsquo;da Ev kredi&rsquo;lerini koronavir\u00fcs nedeniyle erteleme&#8230;<\/a><\/blockquote><iframe sandbox=\"allow-scripts\" security=\"restricted\" src=\"https:\/\/avrupapress.com\/main\/2020\/03\/23\/belcikada-ev-kredilerini-koronavirus-nedeniyle-erteleme\/embed\/#?secret=XRWKKGVqnf\" width=\"600\" height=\"338\" title=\"\u00ab\u00a0Bel\u00e7ika&rsquo;da Ev kredi&rsquo;lerini koronavir\u00fcs nedeniyle erteleme&#8230;\u00a0\u00bb &#8212; AvrupaPress\" data-secret=\"XRWKKGVqnf\" frameborder=\"0\" marginwidth=\"0\" marginheight=\"0\" scrolling=\"no\" class=\"wp-embedded-content\"><\/iframe><script type=\"text\/javascript\">\n\/* <![CDATA[ *\/\n\/*! This file is auto-generated *\/\n!function(d,l){\"use strict\";l.querySelector&&d.addEventListener&&\"undefined\"!=typeof URL&&(d.wp=d.wp||{},d.wp.receiveEmbedMessage||(d.wp.receiveEmbedMessage=function(e){var t=e.data;if((t||t.secret||t.message||t.value)&&!\/[^a-zA-Z0-9]\/.test(t.secret)){for(var s,r,n,a=l.querySelectorAll('iframe[data-secret=\"'+t.secret+'\"]'),o=l.querySelectorAll('blockquote[data-secret=\"'+t.secret+'\"]'),c=new RegExp(\"^https?:$\",\"i\"),i=0;i<o.length;i++)o[i].style.display=\"none\";for(i=0;i<a.length;i++)s=a[i],e.source===s.contentWindow&&(s.removeAttribute(\"style\"),\"height\"===t.message?(1e3<(r=parseInt(t.value,10))?r=1e3:~~r<200&&(r=200),s.height=r):\"link\"===t.message&&(r=new URL(s.getAttribute(\"src\")),n=new URL(t.value),c.test(n.protocol))&&n.host===r.host&&l.activeElement===s&&(d.top.location.href=t.value))}},d.addEventListener(\"message\",d.wp.receiveEmbedMessage,!1),l.addEventListener(\"DOMContentLoaded\",function(){for(var e,t,s=l.querySelectorAll(\"iframe.wp-embedded-content\"),r=0;r<s.length;r++)(t=(e=s[r]).getAttribute(\"data-secret\"))||(t=Math.random().toString(36).substring(2,12),e.src+=\"#?secret=\"+t,e.setAttribute(\"data-secret\",t)),e.contentWindow.postMessage({message:\"ready\",secret:t},\"*\")},!1)))}(window,document);\n\/\/# sourceURL=https:\/\/avrupapress.com\/main\/wp-includes\/js\/wp-embed.min.js\n\/* ]]> *\/\n<\/script>\n","thumbnail_url":"https:\/\/avrupapress.com\/wp-content\/uploads\/2020\/03\/89939811_2523173334563477_7889380620923568128_n.jpg","thumbnail_width":720,"thumbnail_height":892,"description":"Bel\u00e7ika&rsquo;da yeni tip koronavir\u00fcs (Kovid-19) salg\u0131n\u0131ndan ekonomik olarak etkilenenlerin konut kredisi \u00f6demeleri eyl\u00fcl ay\u0131na kadar ertelendi. Bel\u00e7ika Maliye Bakan\u0131 Alexander De Croo, koronavir\u00fcs krizi nedeniyle al\u0131nan yeni ekonomik tedbirleri a\u00e7\u0131klad\u0131. Koronavir\u00fcs krizinin ekonomik sonu\u00e7lar\u0131 ile m\u00fccadele konusunda finans sekt\u00f6r\u00fc ile federal h\u00fck\u00fcmet aras\u0131nda anla\u015fma sa\u011fland\u0131\u011f\u0131na i\u015faret eden Croo, koronavir\u00fcse kar\u015f\u0131 al\u0131nan tedbirler kapsam\u0131nda mali zorluklar [&hellip;]"}