{"version":"1.0","provider_name":"AvrupaPress","provider_url":"https:\/\/avrupapress.com\/main","author_name":"Edit\u00f6r","author_url":"https:\/\/avrupapress.com\/main\/author\/editor\/","title":"AB, \u00fc\u00e7\u00fcnc\u00fc \u00fclke vatanda\u015flar\u0131n\u0131n Avrupa'ya giri\u015fini yasaklad\u0131 - AvrupaPress","type":"rich","width":600,"height":338,"html":"<blockquote class=\"wp-embedded-content\" data-secret=\"MxlZWhf3Ai\"><a href=\"https:\/\/avrupapress.com\/main\/2020\/03\/18\/ab-ucuncu-ulke-vatandaslarinin-avrupaya-girisini-yasakladi\/\">AB, \u00fc\u00e7\u00fcnc\u00fc \u00fclke vatanda\u015flar\u0131n\u0131n Avrupa&rsquo;ya giri\u015fini yasaklad\u0131<\/a><\/blockquote><iframe sandbox=\"allow-scripts\" security=\"restricted\" src=\"https:\/\/avrupapress.com\/main\/2020\/03\/18\/ab-ucuncu-ulke-vatandaslarinin-avrupaya-girisini-yasakladi\/embed\/#?secret=MxlZWhf3Ai\" width=\"600\" height=\"338\" title=\"\u00ab\u00a0AB, \u00fc\u00e7\u00fcnc\u00fc \u00fclke vatanda\u015flar\u0131n\u0131n Avrupa&rsquo;ya giri\u015fini yasaklad\u0131\u00a0\u00bb &#8212; AvrupaPress\" data-secret=\"MxlZWhf3Ai\" frameborder=\"0\" marginwidth=\"0\" marginheight=\"0\" scrolling=\"no\" class=\"wp-embedded-content\"><\/iframe><script type=\"text\/javascript\">\n\/* <![CDATA[ *\/\n\/*! This file is auto-generated *\/\n!function(d,l){\"use strict\";l.querySelector&&d.addEventListener&&\"undefined\"!=typeof URL&&(d.wp=d.wp||{},d.wp.receiveEmbedMessage||(d.wp.receiveEmbedMessage=function(e){var t=e.data;if((t||t.secret||t.message||t.value)&&!\/[^a-zA-Z0-9]\/.test(t.secret)){for(var s,r,n,a=l.querySelectorAll('iframe[data-secret=\"'+t.secret+'\"]'),o=l.querySelectorAll('blockquote[data-secret=\"'+t.secret+'\"]'),c=new RegExp(\"^https?:$\",\"i\"),i=0;i<o.length;i++)o[i].style.display=\"none\";for(i=0;i<a.length;i++)s=a[i],e.source===s.contentWindow&&(s.removeAttribute(\"style\"),\"height\"===t.message?(1e3<(r=parseInt(t.value,10))?r=1e3:~~r<200&&(r=200),s.height=r):\"link\"===t.message&&(r=new URL(s.getAttribute(\"src\")),n=new URL(t.value),c.test(n.protocol))&&n.host===r.host&&l.activeElement===s&&(d.top.location.href=t.value))}},d.addEventListener(\"message\",d.wp.receiveEmbedMessage,!1),l.addEventListener(\"DOMContentLoaded\",function(){for(var e,t,s=l.querySelectorAll(\"iframe.wp-embedded-content\"),r=0;r<s.length;r++)(t=(e=s[r]).getAttribute(\"data-secret\"))||(t=Math.random().toString(36).substring(2,12),e.src+=\"#?secret=\"+t,e.setAttribute(\"data-secret\",t)),e.contentWindow.postMessage({message:\"ready\",secret:t},\"*\")},!1)))}(window,document);\n\/\/# sourceURL=https:\/\/avrupapress.com\/main\/wp-includes\/js\/wp-embed.min.js\n\/* ]]> *\/\n<\/script>\n","thumbnail_url":"https:\/\/avrupapress.com\/wp-content\/uploads\/2020\/03\/avrupa-birligi-ucuncu-ulke-vatandaslarinin-ab-ye-13024672_2814_o.jpg","thumbnail_width":640,"thumbnail_height":361,"description":"AB liderleri, \u00fc\u00e7\u00fcnc\u00fc \u00fclke vatanda\u015flar\u0131n\u0131n AB \u00fcyesi \u00fclkelere ve Schengen b\u00f6lgesine yapacaklar\u0131 \u00ab\u00a0gerekli olmayan\u00a0\u00bb seyahatlerine 30 g\u00fcnl\u00fck ge\u00e7ici k\u0131s\u0131tlama getiren d\u00fczenlemeyi onaylad\u0131. Avrupa Birli\u011fi (AB) liderleri, \u00fc\u00e7\u00fcnc\u00fc \u00fclke vatanda\u015flar\u0131n\u0131n AB \u00fcyesi \u00fclkelere ve Schengen b\u00f6lgesine yapacaklar\u0131 \u00ab\u00a0gerekli olmayan\u00a0\u00bb seyahatlere 30 g\u00fcnl\u00fck ge\u00e7ici k\u0131s\u0131tlama getiren d\u00fczenlemeyi onaylad\u0131. AB Konseyi Ba\u015fkan\u0131 Charles Michel ve AB Komisyonu Ba\u015fkan\u0131 [&hellip;]"}