{"version":"1.0","provider_name":"AvrupaPress","provider_url":"https:\/\/avrupapress.com\/main","author_name":"Edit\u00f6r","author_url":"https:\/\/avrupapress.com\/main\/author\/editor\/","title":"U\u0130D Almanya, \u00c7a\u011fr\u0131 Merkezi olu\u015fturdu... - AvrupaPress","type":"rich","width":600,"height":338,"html":"<blockquote class=\"wp-embedded-content\" data-secret=\"6rV21kJvN6\"><a href=\"https:\/\/avrupapress.com\/main\/2020\/03\/17\/uid-almanya-cagri-merkezi-olusturdu\/\">U\u0130D Almanya, \u00c7a\u011fr\u0131 Merkezi olu\u015fturdu&#8230;<\/a><\/blockquote><iframe sandbox=\"allow-scripts\" security=\"restricted\" src=\"https:\/\/avrupapress.com\/main\/2020\/03\/17\/uid-almanya-cagri-merkezi-olusturdu\/embed\/#?secret=6rV21kJvN6\" width=\"600\" height=\"338\" title=\"\u00ab\u00a0U\u0130D Almanya, \u00c7a\u011fr\u0131 Merkezi olu\u015fturdu&#8230;\u00a0\u00bb &#8212; AvrupaPress\" data-secret=\"6rV21kJvN6\" frameborder=\"0\" marginwidth=\"0\" marginheight=\"0\" scrolling=\"no\" class=\"wp-embedded-content\"><\/iframe><script type=\"text\/javascript\">\n\/* <![CDATA[ *\/\n\/*! This file is auto-generated *\/\n!function(d,l){\"use strict\";l.querySelector&&d.addEventListener&&\"undefined\"!=typeof URL&&(d.wp=d.wp||{},d.wp.receiveEmbedMessage||(d.wp.receiveEmbedMessage=function(e){var t=e.data;if((t||t.secret||t.message||t.value)&&!\/[^a-zA-Z0-9]\/.test(t.secret)){for(var s,r,n,a=l.querySelectorAll('iframe[data-secret=\"'+t.secret+'\"]'),o=l.querySelectorAll('blockquote[data-secret=\"'+t.secret+'\"]'),c=new RegExp(\"^https?:$\",\"i\"),i=0;i<o.length;i++)o[i].style.display=\"none\";for(i=0;i<a.length;i++)s=a[i],e.source===s.contentWindow&&(s.removeAttribute(\"style\"),\"height\"===t.message?(1e3<(r=parseInt(t.value,10))?r=1e3:~~r<200&&(r=200),s.height=r):\"link\"===t.message&&(r=new URL(s.getAttribute(\"src\")),n=new URL(t.value),c.test(n.protocol))&&n.host===r.host&&l.activeElement===s&&(d.top.location.href=t.value))}},d.addEventListener(\"message\",d.wp.receiveEmbedMessage,!1),l.addEventListener(\"DOMContentLoaded\",function(){for(var e,t,s=l.querySelectorAll(\"iframe.wp-embedded-content\"),r=0;r<s.length;r++)(t=(e=s[r]).getAttribute(\"data-secret\"))||(t=Math.random().toString(36).substring(2,12),e.src+=\"#?secret=\"+t,e.setAttribute(\"data-secret\",t)),e.contentWindow.postMessage({message:\"ready\",secret:t},\"*\")},!1)))}(window,document);\n\/\/# sourceURL=https:\/\/avrupapress.com\/main\/wp-includes\/js\/wp-embed.min.js\n\/* ]]> *\/\n<\/script>\n","thumbnail_url":"https:\/\/avrupapress.com\/wp-content\/uploads\/2020\/03\/90070668_221902012386114_5402784763461238784_n.jpg","thumbnail_width":960,"thumbnail_height":960,"description":"Saat 10:00-20:00 aras\u0131nda vatanda\u015flar\u0131m\u0131za yard\u0131m i\u00e7in ula\u015f\u0131labilir olan UID \u00c7a\u011fr\u0131 Merkezi\u2019mizde(+49 221 986534354) COV\u0130D-19 salg\u0131n\u0131 ile ilgili \u201cKriz Masas\u0131\u201d kurduk. Bilgi kirlili\u011fine izin vermeyin! Resm\u00ee kanallardan temin etti\u011fimiz bilgilerle, vatanda\u015flar\u0131m\u0131z\u0131 do\u011fru ve s\u00fcratli bir \u015fekilde y\u00f6nlendirmeyi \u00f6nemsiyoruz. \u0130htiya\u00e7 halinde yan\u0131n\u0131zday\u0131z! Ya\u015fl\u0131, engelli ve ihtiya\u00e7 sahibi vatanda\u015flar\u0131m\u0131z\u0131n acil g\u0131da, t\u0131bbi malzeme ve ula\u015f\u0131m taleplerinde yan\u0131nday\u0131z. Bilgin [&hellip;]"}