{"version":"1.0","provider_name":"AvrupaPress","provider_url":"https:\/\/avrupapress.com\/main","author_name":"Edit\u00f6r","author_url":"https:\/\/avrupapress.com\/main\/author\/editor\/","title":"T\u00fcrkiye'de koronavir\u00fcsten ilk \u00f6l\u00fcm ger\u00e7ekle\u015fti - AvrupaPress","type":"rich","width":600,"height":338,"html":"<blockquote class=\"wp-embedded-content\" data-secret=\"7yOQXo4QUA\"><a href=\"https:\/\/avrupapress.com\/main\/2020\/03\/17\/turkiyede-koronavirusten-ilk-olum-gerceklesti\/\">T\u00fcrkiye&rsquo;de koronavir\u00fcsten ilk \u00f6l\u00fcm ger\u00e7ekle\u015fti<\/a><\/blockquote><iframe sandbox=\"allow-scripts\" security=\"restricted\" src=\"https:\/\/avrupapress.com\/main\/2020\/03\/17\/turkiyede-koronavirusten-ilk-olum-gerceklesti\/embed\/#?secret=7yOQXo4QUA\" width=\"600\" height=\"338\" title=\"\u00ab\u00a0T\u00fcrkiye&rsquo;de koronavir\u00fcsten ilk \u00f6l\u00fcm ger\u00e7ekle\u015fti\u00a0\u00bb &#8212; AvrupaPress\" data-secret=\"7yOQXo4QUA\" frameborder=\"0\" marginwidth=\"0\" marginheight=\"0\" scrolling=\"no\" class=\"wp-embedded-content\"><\/iframe><script type=\"text\/javascript\">\n\/* <![CDATA[ *\/\n\/*! This file is auto-generated *\/\n!function(d,l){\"use strict\";l.querySelector&&d.addEventListener&&\"undefined\"!=typeof URL&&(d.wp=d.wp||{},d.wp.receiveEmbedMessage||(d.wp.receiveEmbedMessage=function(e){var t=e.data;if((t||t.secret||t.message||t.value)&&!\/[^a-zA-Z0-9]\/.test(t.secret)){for(var s,r,n,a=l.querySelectorAll('iframe[data-secret=\"'+t.secret+'\"]'),o=l.querySelectorAll('blockquote[data-secret=\"'+t.secret+'\"]'),c=new RegExp(\"^https?:$\",\"i\"),i=0;i<o.length;i++)o[i].style.display=\"none\";for(i=0;i<a.length;i++)s=a[i],e.source===s.contentWindow&&(s.removeAttribute(\"style\"),\"height\"===t.message?(1e3<(r=parseInt(t.value,10))?r=1e3:~~r<200&&(r=200),s.height=r):\"link\"===t.message&&(r=new URL(s.getAttribute(\"src\")),n=new URL(t.value),c.test(n.protocol))&&n.host===r.host&&l.activeElement===s&&(d.top.location.href=t.value))}},d.addEventListener(\"message\",d.wp.receiveEmbedMessage,!1),l.addEventListener(\"DOMContentLoaded\",function(){for(var e,t,s=l.querySelectorAll(\"iframe.wp-embedded-content\"),r=0;r<s.length;r++)(t=(e=s[r]).getAttribute(\"data-secret\"))||(t=Math.random().toString(36).substring(2,12),e.src+=\"#?secret=\"+t,e.setAttribute(\"data-secret\",t)),e.contentWindow.postMessage({message:\"ready\",secret:t},\"*\")},!1)))}(window,document);\n\/\/# sourceURL=https:\/\/avrupapress.com\/main\/wp-includes\/js\/wp-embed.min.js\n\/* ]]> *\/\n<\/script>\n","thumbnail_url":"https:\/\/avrupapress.com\/wp-content\/uploads\/2020\/03\/saglik-bakani-fahrettin-koca-koronavirus-13024835_1491_o.jpg","thumbnail_width":640,"thumbnail_height":361,"description":"Sa\u011fl\u0131k Bakan\u0131 Fahrettin Koca, T\u00fcrkiye&rsquo;de yeni tip koronavir\u00fcs salg\u0131n\u0131 nedeniyle ilk \u00f6l\u00fcm\u00fcn ger\u00e7ekle\u015fti\u011fini s\u00f6yledi. Sesi titreyerek a\u00e7\u0131klama yapan Koca, \u00ab\u00a0Koronavir\u00fcsle m\u00fccadelede bug\u00fcn ilk kez bir hastam\u0131 kaybettim. 89 ya\u015f\u0131ndaki bir vatanda\u015f\u0131m\u0131z malesef hayat\u0131n\u0131 kaybetti. \u00c7inli bir \u00e7al\u0131\u015fan\u0131ndan vir\u00fcs bula\u015fm\u0131\u015f\u00a0\u00bb dedi. Sa\u011fl\u0131k Bakan\u0131 Fahrettin Koca, T\u00fcrkiye&rsquo;de yeni tip koronavir\u00fcs (Kovid-19) nedeniyle ilk \u00f6l\u00fcm\u00fcn ger\u00e7ekle\u015fti\u011fini a\u00e7\u0131klad\u0131. 89 [&hellip;]"}