{"version":"1.0","provider_name":"AvrupaPress","provider_url":"https:\/\/avrupapress.com\/main","author_name":"Edit\u00f6r","author_url":"https:\/\/avrupapress.com\/main\/author\/editor\/","title":"BEL\u00c7\u0130KA DEVLET\u0130 YARIN SOKA\u011eA \u00c7IKMA YASA\u011eI KARARI ALDI\" - AvrupaPress","type":"rich","width":600,"height":338,"html":"<blockquote class=\"wp-embedded-content\" data-secret=\"Xk2PRE902D\"><a href=\"https:\/\/avrupapress.com\/main\/2020\/03\/17\/belcika-devleti-yarin-sokaga-cikma-yasagi-karari-aldi\/\">BEL\u00c7\u0130KA DEVLET\u0130 YARIN SOKA\u011eA \u00c7IKMA YASA\u011eI KARARI ALDI\u00a0\u00bb<\/a><\/blockquote><iframe sandbox=\"allow-scripts\" security=\"restricted\" src=\"https:\/\/avrupapress.com\/main\/2020\/03\/17\/belcika-devleti-yarin-sokaga-cikma-yasagi-karari-aldi\/embed\/#?secret=Xk2PRE902D\" width=\"600\" height=\"338\" title=\"\u00ab\u00a0BEL\u00c7\u0130KA DEVLET\u0130 YARIN SOKA\u011eA \u00c7IKMA YASA\u011eI KARARI ALDI\u00a0\u00bb\u00a0\u00bb &#8212; AvrupaPress\" data-secret=\"Xk2PRE902D\" frameborder=\"0\" marginwidth=\"0\" marginheight=\"0\" scrolling=\"no\" class=\"wp-embedded-content\"><\/iframe><script type=\"text\/javascript\">\n\/* <![CDATA[ *\/\n\/*! This file is auto-generated *\/\n!function(d,l){\"use strict\";l.querySelector&&d.addEventListener&&\"undefined\"!=typeof URL&&(d.wp=d.wp||{},d.wp.receiveEmbedMessage||(d.wp.receiveEmbedMessage=function(e){var t=e.data;if((t||t.secret||t.message||t.value)&&!\/[^a-zA-Z0-9]\/.test(t.secret)){for(var s,r,n,a=l.querySelectorAll('iframe[data-secret=\"'+t.secret+'\"]'),o=l.querySelectorAll('blockquote[data-secret=\"'+t.secret+'\"]'),c=new RegExp(\"^https?:$\",\"i\"),i=0;i<o.length;i++)o[i].style.display=\"none\";for(i=0;i<a.length;i++)s=a[i],e.source===s.contentWindow&&(s.removeAttribute(\"style\"),\"height\"===t.message?(1e3<(r=parseInt(t.value,10))?r=1e3:~~r<200&&(r=200),s.height=r):\"link\"===t.message&&(r=new URL(s.getAttribute(\"src\")),n=new URL(t.value),c.test(n.protocol))&&n.host===r.host&&l.activeElement===s&&(d.top.location.href=t.value))}},d.addEventListener(\"message\",d.wp.receiveEmbedMessage,!1),l.addEventListener(\"DOMContentLoaded\",function(){for(var e,t,s=l.querySelectorAll(\"iframe.wp-embedded-content\"),r=0;r<s.length;r++)(t=(e=s[r]).getAttribute(\"data-secret\"))||(t=Math.random().toString(36).substring(2,12),e.src+=\"#?secret=\"+t,e.setAttribute(\"data-secret\",t)),e.contentWindow.postMessage({message:\"ready\",secret:t},\"*\")},!1)))}(window,document);\n\/\/# sourceURL=https:\/\/avrupapress.com\/main\/wp-includes\/js\/wp-embed.min.js\n\/* ]]> *\/\n<\/script>\n","thumbnail_url":"https:\/\/avrupapress.com\/wp-content\/uploads\/2020\/03\/7F41C64C-9D0F-42F6-ABCB-A7743DE90CE8.jpg","thumbnail_width":507,"thumbnail_height":327,"description":"\u00ab\u00a0Herkes evde olabildi\u011fince evde kalmal\u0131\u00a0\u00bb: Bel\u00e7ika koronavir\u00fcse kar\u015f\u0131 bu kapsaml\u0131 \u00f6nlemleri al\u0131yor korona vir\u00fcs\u00fc ile m\u00fccadele i\u00e7in daha s\u0131k\u0131 \u00f6nlemler al\u0131nmaktad\u0131r.\u00a0Federal h\u00fck\u00fcmet bunu Ulusal G\u00fcvenlik Konseyi toplant\u0131s\u0131ndan sonra a\u00e7\u0131klad\u0131. Bel\u00e7ika Devletii koronavir\u00fcs salg\u0131n\u0131 ile m\u00fccadele kapsam\u0131nda yar\u0131n \u00f6\u011flen saat 12\u2019den itibaren soka\u011fa \u00e7\u0131kma yasa\u011f\u0131 karar\u0131 ald\u0131. Bel\u00e7ika Devleti koronavir\u00fcs salg\u0131n\u0131 ile m\u00fccadele kapsam\u0131nda 5 Nisan [&hellip;]"}