{"version":"1.0","provider_name":"AvrupaPress","provider_url":"https:\/\/avrupapress.com\/main","author_name":"Edit\u00f6r","author_url":"https:\/\/avrupapress.com\/main\/author\/editor\/","title":"Oudenaarde Ensar Camii Mustafa Karata\u015f Hocay\u0131 Misafir Etti - AvrupaPress","type":"rich","width":600,"height":338,"html":"<blockquote class=\"wp-embedded-content\" data-secret=\"HCmPyqWopq\"><a href=\"https:\/\/avrupapress.com\/main\/2020\/02\/23\/oudenaarde-ensar-camii-mustafa-karatas-hocayi-misafir-etti\/\">Oudenaarde Ensar Camii Mustafa Karata\u015f Hocay\u0131 Misafir Etti<\/a><\/blockquote><iframe sandbox=\"allow-scripts\" security=\"restricted\" src=\"https:\/\/avrupapress.com\/main\/2020\/02\/23\/oudenaarde-ensar-camii-mustafa-karatas-hocayi-misafir-etti\/embed\/#?secret=HCmPyqWopq\" width=\"600\" height=\"338\" title=\"\u00ab\u00a0Oudenaarde Ensar Camii Mustafa Karata\u015f Hocay\u0131 Misafir Etti\u00a0\u00bb &#8212; AvrupaPress\" data-secret=\"HCmPyqWopq\" frameborder=\"0\" marginwidth=\"0\" marginheight=\"0\" scrolling=\"no\" class=\"wp-embedded-content\"><\/iframe><script type=\"text\/javascript\">\n\/* <![CDATA[ *\/\n\/*! This file is auto-generated *\/\n!function(d,l){\"use strict\";l.querySelector&&d.addEventListener&&\"undefined\"!=typeof URL&&(d.wp=d.wp||{},d.wp.receiveEmbedMessage||(d.wp.receiveEmbedMessage=function(e){var t=e.data;if((t||t.secret||t.message||t.value)&&!\/[^a-zA-Z0-9]\/.test(t.secret)){for(var s,r,n,a=l.querySelectorAll('iframe[data-secret=\"'+t.secret+'\"]'),o=l.querySelectorAll('blockquote[data-secret=\"'+t.secret+'\"]'),c=new RegExp(\"^https?:$\",\"i\"),i=0;i<o.length;i++)o[i].style.display=\"none\";for(i=0;i<a.length;i++)s=a[i],e.source===s.contentWindow&&(s.removeAttribute(\"style\"),\"height\"===t.message?(1e3<(r=parseInt(t.value,10))?r=1e3:~~r<200&&(r=200),s.height=r):\"link\"===t.message&&(r=new URL(s.getAttribute(\"src\")),n=new URL(t.value),c.test(n.protocol))&&n.host===r.host&&l.activeElement===s&&(d.top.location.href=t.value))}},d.addEventListener(\"message\",d.wp.receiveEmbedMessage,!1),l.addEventListener(\"DOMContentLoaded\",function(){for(var e,t,s=l.querySelectorAll(\"iframe.wp-embedded-content\"),r=0;r<s.length;r++)(t=(e=s[r]).getAttribute(\"data-secret\"))||(t=Math.random().toString(36).substring(2,12),e.src+=\"#?secret=\"+t,e.setAttribute(\"data-secret\",t)),e.contentWindow.postMessage({message:\"ready\",secret:t},\"*\")},!1)))}(window,document);\n\/\/# sourceURL=https:\/\/avrupapress.com\/main\/wp-includes\/js\/wp-embed.min.js\n\/* ]]> *\/\n<\/script>\n","thumbnail_url":"https:\/\/avrupapress.com\/wp-content\/uploads\/2020\/02\/87326809_195490461558346_8078055244291899392_n.jpg","thumbnail_width":405,"thumbnail_height":304,"description":"Cumartesi 22 \u015fubat 2020 tarihinde Oudenaarde Ensar cami sosyal etkinliklerine bir yenisini daha ekleyerek profes\u00f6r doktor Mustafa Karata\u015f hocay\u0131 a\u011f\u0131rlad\u0131. Program Ensar cami fahri imam\u0131 Arslan Taki\u2019nin okudu\u011fu kuran tilaveti ile ba\u015flad\u0131. A\u00e7\u0131l\u0131\u015f konu\u015fmas\u0131nda Ensar cami ba\u015fkan\u0131 \u00d6zcan Y\u0131ld\u0131r\u0131m bey b\u00f6yle manevi bir program d\u00fczenlemenin ve peygamber efendimizi Mustafa Karata\u015f hocam\u0131z\u0131n anlat\u0131m\u0131 ile dinlenmenin mutlu\u011funu [&hellip;]"}