{"version":"1.0","provider_name":"AvrupaPress","provider_url":"https:\/\/avrupapress.com\/main","author_name":"Edit\u00f6r","author_url":"https:\/\/avrupapress.com\/main\/author\/editor\/","title":"Sultan Poyraz, podyumlar\u0131n aranan mankeni oldu.. - AvrupaPress","type":"rich","width":600,"height":338,"html":"<blockquote class=\"wp-embedded-content\" data-secret=\"LyAdyOHi8V\"><a href=\"https:\/\/avrupapress.com\/main\/2020\/02\/21\/sultan-poyraz-podyumlarin-aranan-mankeni-oldu\/\">Sultan Poyraz, podyumlar\u0131n aranan mankeni oldu..<\/a><\/blockquote><iframe sandbox=\"allow-scripts\" security=\"restricted\" src=\"https:\/\/avrupapress.com\/main\/2020\/02\/21\/sultan-poyraz-podyumlarin-aranan-mankeni-oldu\/embed\/#?secret=LyAdyOHi8V\" width=\"600\" height=\"338\" title=\"\u00ab\u00a0Sultan Poyraz, podyumlar\u0131n aranan mankeni oldu..\u00a0\u00bb &#8212; AvrupaPress\" data-secret=\"LyAdyOHi8V\" frameborder=\"0\" marginwidth=\"0\" marginheight=\"0\" scrolling=\"no\" class=\"wp-embedded-content\"><\/iframe><script type=\"text\/javascript\">\n\/* <![CDATA[ *\/\n\/*! This file is auto-generated *\/\n!function(d,l){\"use strict\";l.querySelector&&d.addEventListener&&\"undefined\"!=typeof URL&&(d.wp=d.wp||{},d.wp.receiveEmbedMessage||(d.wp.receiveEmbedMessage=function(e){var t=e.data;if((t||t.secret||t.message||t.value)&&!\/[^a-zA-Z0-9]\/.test(t.secret)){for(var s,r,n,a=l.querySelectorAll('iframe[data-secret=\"'+t.secret+'\"]'),o=l.querySelectorAll('blockquote[data-secret=\"'+t.secret+'\"]'),c=new RegExp(\"^https?:$\",\"i\"),i=0;i<o.length;i++)o[i].style.display=\"none\";for(i=0;i<a.length;i++)s=a[i],e.source===s.contentWindow&&(s.removeAttribute(\"style\"),\"height\"===t.message?(1e3<(r=parseInt(t.value,10))?r=1e3:~~r<200&&(r=200),s.height=r):\"link\"===t.message&&(r=new URL(s.getAttribute(\"src\")),n=new URL(t.value),c.test(n.protocol))&&n.host===r.host&&l.activeElement===s&&(d.top.location.href=t.value))}},d.addEventListener(\"message\",d.wp.receiveEmbedMessage,!1),l.addEventListener(\"DOMContentLoaded\",function(){for(var e,t,s=l.querySelectorAll(\"iframe.wp-embedded-content\"),r=0;r<s.length;r++)(t=(e=s[r]).getAttribute(\"data-secret\"))||(t=Math.random().toString(36).substring(2,12),e.src+=\"#?secret=\"+t,e.setAttribute(\"data-secret\",t)),e.contentWindow.postMessage({message:\"ready\",secret:t},\"*\")},!1)))}(window,document);\n\/\/# sourceURL=https:\/\/avrupapress.com\/main\/wp-includes\/js\/wp-embed.min.js\n\/* ]]> *\/\n<\/script>\n","thumbnail_url":"https:\/\/avrupapress.com\/wp-content\/uploads\/2020\/02\/86806970_585712591982375_8797999193118474240_n.jpg","thumbnail_width":688,"thumbnail_height":960,"description":"Fasl\u0131lar\u0131n d\u00fczenledi\u011fi gecede, Fas kaftanlar\u0131n\u0131 ve elbiselerini sunun T\u00fcrk k\u0131z\u0131 manken Sultan Poyraz, en b\u00fcy\u00fck idealim, T\u00fcrk kaftanlar\u0131n\u0131 Br\u00fcksel\u2019de ta\u015f\u0131mak ve tan\u0131tmakt\u0131r\u201d dedi&#8230; Fasl\u0131lar\u0131n d\u00fczenledi\u011fi gecede, Fas kaftanlar\u0131n\u0131 ve elbiselerini sunun T\u00fcrk k\u0131z\u0131 manken Sultan Poyraz, en b\u00fcy\u00fck idealim, T\u00fcrk kaftanlar\u0131n\u0131 Br\u00fcksel\u2019de ta\u015f\u0131mak ve tan\u0131tmakt\u0131r\u201d dedi.. BEL\u00c7\u0130KA\u2019da yeti\u015fen gen\u00e7 nesil tasar\u0131m ve mankenlerimizden biri olan [&hellip;]"}