{"version":"1.0","provider_name":"AvrupaPress","provider_url":"https:\/\/avrupapress.com\/main","author_name":"Edit\u00f6r","author_url":"https:\/\/avrupapress.com\/main\/author\/editor\/","title":"Ciara f\u0131rt\u0131nas\u0131 Belcika'da hayat\u0131 durdurdu - AvrupaPress","type":"rich","width":600,"height":338,"html":"<blockquote class=\"wp-embedded-content\" data-secret=\"f6U9h2H8PQ\"><a href=\"https:\/\/avrupapress.com\/main\/2020\/02\/09\/ciara-firtinasi-belcikada-hayati-durdurdu\/\">Ciara f\u0131rt\u0131nas\u0131 Belcika&rsquo;da hayat\u0131 durdurdu<\/a><\/blockquote><iframe sandbox=\"allow-scripts\" security=\"restricted\" src=\"https:\/\/avrupapress.com\/main\/2020\/02\/09\/ciara-firtinasi-belcikada-hayati-durdurdu\/embed\/#?secret=f6U9h2H8PQ\" width=\"600\" height=\"338\" title=\"\u00ab\u00a0Ciara f\u0131rt\u0131nas\u0131 Belcika&rsquo;da hayat\u0131 durdurdu\u00a0\u00bb &#8212; AvrupaPress\" data-secret=\"f6U9h2H8PQ\" frameborder=\"0\" marginwidth=\"0\" marginheight=\"0\" scrolling=\"no\" class=\"wp-embedded-content\"><\/iframe><script type=\"text\/javascript\">\n\/* <![CDATA[ *\/\n\/*! This file is auto-generated *\/\n!function(d,l){\"use strict\";l.querySelector&&d.addEventListener&&\"undefined\"!=typeof URL&&(d.wp=d.wp||{},d.wp.receiveEmbedMessage||(d.wp.receiveEmbedMessage=function(e){var t=e.data;if((t||t.secret||t.message||t.value)&&!\/[^a-zA-Z0-9]\/.test(t.secret)){for(var s,r,n,a=l.querySelectorAll('iframe[data-secret=\"'+t.secret+'\"]'),o=l.querySelectorAll('blockquote[data-secret=\"'+t.secret+'\"]'),c=new RegExp(\"^https?:$\",\"i\"),i=0;i<o.length;i++)o[i].style.display=\"none\";for(i=0;i<a.length;i++)s=a[i],e.source===s.contentWindow&&(s.removeAttribute(\"style\"),\"height\"===t.message?(1e3<(r=parseInt(t.value,10))?r=1e3:~~r<200&&(r=200),s.height=r):\"link\"===t.message&&(r=new URL(s.getAttribute(\"src\")),n=new URL(t.value),c.test(n.protocol))&&n.host===r.host&&l.activeElement===s&&(d.top.location.href=t.value))}},d.addEventListener(\"message\",d.wp.receiveEmbedMessage,!1),l.addEventListener(\"DOMContentLoaded\",function(){for(var e,t,s=l.querySelectorAll(\"iframe.wp-embedded-content\"),r=0;r<s.length;r++)(t=(e=s[r]).getAttribute(\"data-secret\"))||(t=Math.random().toString(36).substring(2,12),e.src+=\"#?secret=\"+t,e.setAttribute(\"data-secret\",t)),e.contentWindow.postMessage({message:\"ready\",secret:t},\"*\")},!1)))}(window,document);\n\/\/# sourceURL=https:\/\/avrupapress.com\/main\/wp-includes\/js\/wp-embed.min.js\n\/* ]]> *\/\n<\/script>\n","thumbnail_url":"https:\/\/avrupapress.com\/wp-content\/uploads\/2020\/02\/th-1.jpg","thumbnail_width":300,"thumbnail_height":168,"description":"Bel\u00e7ika genelinde etkili olan Ciara f\u0131rt\u0131nas\u0131 nedeniyle Br\u00fcksel Havaliman\u0131&rsquo;nda \u00e7ok say\u0131da \u015firket u\u00e7u\u015flar\u0131n\u0131 iptal etti. G\u00fcneybat\u0131 f\u0131rt\u0131nas\u0131 Ciara, \u00e7ok g\u00fc\u00e7l\u00fc r\u00fczgarlarla \u00fclke \u00fczerinde dola\u015f\u0131yor. Beklenti, sahildeki r\u00fczgar\u0131n \u00f6n\u00fcm\u00fczdeki saatlerde azalaca\u011f\u0131, ancak i\u00e7 k\u0131s\u0131mlar\u0131n hala en a\u011f\u0131r r\u00fczgarlara sahip olaca\u011f\u0131d\u0131r. \u015eiddetli ya\u011fmurlar s\u0131ras\u0131nda r\u00fczgar, saatte 120 ila muhtemelen 130 km&rsquo;lik r\u00fczgarlarla yerel olarak \u00e7ok sert esebilir. [&hellip;]"}