{"version":"1.0","provider_name":"AvrupaPress","provider_url":"https:\/\/avrupapress.com\/main","author_name":"Edit\u00f6r","author_url":"https:\/\/avrupapress.com\/main\/author\/editor\/","title":"AB ile m\u00fczakerelere yeni kurallar geliyor - AvrupaPress","type":"rich","width":600,"height":338,"html":"<blockquote class=\"wp-embedded-content\" data-secret=\"BjR0OcQZ8j\"><a href=\"https:\/\/avrupapress.com\/main\/2020\/02\/06\/ab-ile-muzakerelere-yeni-kurallar-geliyor\/\">AB ile m\u00fczakerelere yeni kurallar geliyor<\/a><\/blockquote><iframe sandbox=\"allow-scripts\" security=\"restricted\" src=\"https:\/\/avrupapress.com\/main\/2020\/02\/06\/ab-ile-muzakerelere-yeni-kurallar-geliyor\/embed\/#?secret=BjR0OcQZ8j\" width=\"600\" height=\"338\" title=\"\u00ab\u00a0AB ile m\u00fczakerelere yeni kurallar geliyor\u00a0\u00bb &#8212; AvrupaPress\" data-secret=\"BjR0OcQZ8j\" frameborder=\"0\" marginwidth=\"0\" marginheight=\"0\" scrolling=\"no\" class=\"wp-embedded-content\"><\/iframe><script type=\"text\/javascript\">\n\/* <![CDATA[ *\/\n\/*! This file is auto-generated *\/\n!function(d,l){\"use strict\";l.querySelector&&d.addEventListener&&\"undefined\"!=typeof URL&&(d.wp=d.wp||{},d.wp.receiveEmbedMessage||(d.wp.receiveEmbedMessage=function(e){var t=e.data;if((t||t.secret||t.message||t.value)&&!\/[^a-zA-Z0-9]\/.test(t.secret)){for(var s,r,n,a=l.querySelectorAll('iframe[data-secret=\"'+t.secret+'\"]'),o=l.querySelectorAll('blockquote[data-secret=\"'+t.secret+'\"]'),c=new RegExp(\"^https?:$\",\"i\"),i=0;i<o.length;i++)o[i].style.display=\"none\";for(i=0;i<a.length;i++)s=a[i],e.source===s.contentWindow&&(s.removeAttribute(\"style\"),\"height\"===t.message?(1e3<(r=parseInt(t.value,10))?r=1e3:~~r<200&&(r=200),s.height=r):\"link\"===t.message&&(r=new URL(s.getAttribute(\"src\")),n=new URL(t.value),c.test(n.protocol))&&n.host===r.host&&l.activeElement===s&&(d.top.location.href=t.value))}},d.addEventListener(\"message\",d.wp.receiveEmbedMessage,!1),l.addEventListener(\"DOMContentLoaded\",function(){for(var e,t,s=l.querySelectorAll(\"iframe.wp-embedded-content\"),r=0;r<s.length;r++)(t=(e=s[r]).getAttribute(\"data-secret\"))||(t=Math.random().toString(36).substring(2,12),e.src+=\"#?secret=\"+t,e.setAttribute(\"data-secret\",t)),e.contentWindow.postMessage({message:\"ready\",secret:t},\"*\")},!1)))}(window,document);\n\/\/# sourceURL=https:\/\/avrupapress.com\/main\/wp-includes\/js\/wp-embed.min.js\n\/* ]]> *\/\n<\/script>\n","thumbnail_url":"https:\/\/avrupapress.com\/wp-content\/uploads\/2020\/02\/2w1tOPA6I02TCe1Ajlz2EQ.jpg","thumbnail_width":710,"thumbnail_height":403,"description":"AB Komisyonu, m\u00fczakerelerde ilerleme kaydetmeyen ya da gerileyen aday \u00fclkelere kar\u015f\u0131 yeni \u00f6nlemler getiriyor. Kapat\u0131lm\u0131\u015f fas\u0131llar\u0131n yeniden a\u00e7\u0131labilmesi ve m\u00fczakerelerin ask\u0131ya al\u0131nmas\u0131, planlanan \u00f6nlemler aras\u0131nda. AB Komisyonu, Arnavutluk ve Kuzey Makedonya ile \u00fcyelik m\u00fczakerelerine ba\u015flanmas\u0131n\u0131 bloke eden Fransa&rsquo;n\u0131n bask\u0131s\u0131 \u00fczerine m\u00fczakere s\u00fcrecinde reform \u00f6nerilerini kamuoyuyla payla\u015ft\u0131. Reform \u00f6nerileriyle m\u00fczakerelerin daha inan\u0131l\u0131r, daha dinamik ve kestirilebilir [&hellip;]"}